{"id":5481,"date":"2024-06-27T15:17:32","date_gmt":"2024-06-27T13:17:32","guid":{"rendered":"https:\/\/palamosdigital.com\/tvpalamos\/?page_id=5481"},"modified":"2024-06-27T15:33:35","modified_gmt":"2024-06-27T13:33:35","slug":"territori-17230-programa-071","status":"publish","type":"page","link":"https:\/\/palamosdigital.com\/tvpalamos\/territori-17230-programa-071\/","title":{"rendered":"TERRITORI 17230 programa 071"},"content":{"rendered":"<p>[et_pb_section fb_built=&#8221;1&#8243; custom_padding_last_edited=&#8221;on|phone&#8221; disabled_on=&#8221;off|off|off&#8221; admin_label=&#8221;TERRITORI  17230&#8243; module_id=&#8221;videoconferencies&#8221; _builder_version=&#8221;4.23.4&#8243; background_color=&#8221;#0C71C3&#8243; custom_margin_tablet=&#8221;0px|0px|0px|0px|false|false&#8221; custom_margin_phone=&#8221;0px|||&#8221; custom_margin_last_edited=&#8221;on|tablet&#8221; custom_padding=&#8221;80px|0px|70px|0px|false|false&#8221; custom_padding_tablet=&#8221;50px||80px||false|false&#8221; custom_padding_phone=&#8221;0px||10px||false|false&#8221; locked=&#8221;off&#8221; collapsed=&#8221;off&#8221; global_colors_info=&#8221;{}&#8221;][et_pb_row use_custom_gutter=&#8221;on&#8221; custom_padding_last_edited=&#8221;on|phone&#8221; disabled_on=&#8221;off|off|off&#8221; admin_label=&#8221;t\u00edtols de cap\u00e7alera&#8221; _builder_version=&#8221;4.16.1&#8243; background_size=&#8221;initial&#8221; background_position=&#8221;top_left&#8221; background_repeat=&#8221;repeat&#8221; max_width=&#8221;1500px&#8221; module_alignment=&#8221;center&#8221; custom_padding=&#8221;0|0px|0px|0px|false|false&#8221; custom_padding_tablet=&#8221;0px||0px||false|false&#8221; custom_padding_phone=&#8221;30px||0px||false|false&#8221; locked=&#8221;off&#8221; collapsed=&#8221;on&#8221; global_colors_info=&#8221;{}&#8221;][et_pb_column type=&#8221;4_4&#8243; _builder_version=&#8221;4.16&#8243; custom_padding=&#8221;|||&#8221; global_colors_info=&#8221;{}&#8221; custom_padding__hover=&#8221;|||&#8221;][et_pb_text _builder_version=&#8221;4.19.4&#8243; _module_preset=&#8221;default&#8221; header_font=&#8221;Aclonica|700|||||||&#8221; header_text_align=&#8221;center&#8221; header_text_color=&#8221;RGBA(255,255,255,0)&#8221; header_font_size=&#8221;90px&#8221; custom_margin=&#8221;||5px|||&#8221; custom_padding=&#8221;||0px|||&#8221; header_font_size_tablet=&#8221;90px&#8221; header_font_size_phone=&#8221;55px&#8221; header_font_size_last_edited=&#8221;on|desktop&#8221; header_text_shadow_style=&#8221;preset2&#8243; global_colors_info=&#8221;{}&#8221;]<\/p>\n<h1 style=\"text-align: center;\"><span style=\"color: #ffff00;\"><strong>TERRITORI 17230<\/strong><\/span><\/h1>\n<p>[\/et_pb_text][et_pb_text content_tablet=&#8221;<\/p>\n<h2>VIDEOCONFER\u00c8NCIES DE<br \/>TV PALAM\u00d3S<\/h2>\n<p>&#8221; content_phone=&#8221;<\/p>\n<h2>VIDEOCONFER\u00c8NCIES DE TV PALAM\u00d3S<\/h2>\n<p>&#8221; content_last_edited=&#8221;off|desktop&#8221; _builder_version=&#8221;4.24.2&#8243; text_font=&#8221;Arial|600|||||||&#8221; text_text_color=&#8221;#FFFFFF&#8221; text_font_size=&#8221;28px&#8221; text_line_height=&#8221;1.4em&#8221; header_font=&#8221;|700|||||||&#8221; header_text_align=&#8221;center&#8221; header_text_color=&#8221;#FFFFFF&#8221; header_font_size=&#8221;50px&#8221; header_2_font=&#8221;Montserrat|700|||||||&#8221; header_2_text_align=&#8221;center&#8221; header_2_text_color=&#8221;#e0e0e0&#8243; header_2_font_size=&#8221;40px&#8221; header_2_line_height=&#8221;1.8em&#8221; header_3_font=&#8221;|700|on||||||&#8221; header_3_text_color=&#8221;#FFFFFF&#8221; text_orientation=&#8221;center&#8221; width_tablet=&#8221;&#8221; width_phone=&#8221;84%&#8221; width_last_edited=&#8221;on|phone&#8221; min_height=&#8221;31px&#8221; min_height_tablet=&#8221;&#8221; min_height_phone=&#8221;&#8221; min_height_last_edited=&#8221;on|phone&#8221; custom_margin=&#8221;0px|0px|0px|0px|false|false&#8221; custom_margin_tablet=&#8221;0px|0px|40px|0px|false|false&#8221; custom_margin_phone=&#8221;0px|0px|20px|0px|false|false&#8221; custom_margin_last_edited=&#8221;on|phone&#8221; custom_padding=&#8221;0px|0px|20px|0px|false|false&#8221; custom_padding_tablet=&#8221;0px|0px|0px|0px|false|false&#8221; custom_padding_phone=&#8221;0px|0px|0px|0px|false|false&#8221; custom_padding_last_edited=&#8221;on|desktop&#8221; text_font_size_tablet=&#8221;&#8221; text_font_size_phone=&#8221;22px&#8221; text_font_size_last_edited=&#8221;on|desktop&#8221; text_letter_spacing_tablet=&#8221;&#8221; text_letter_spacing_phone=&#8221;&#8221; text_letter_spacing_last_edited=&#8221;on|desktop&#8221; text_line_height_tablet=&#8221;&#8221; text_line_height_phone=&#8221;1.4em&#8221; text_line_height_last_edited=&#8221;on|phone&#8221; header_font_size_tablet=&#8221;50px&#8221; header_font_size_phone=&#8221;50px&#8221; header_font_size_last_edited=&#8221;on|phone&#8221; header_2_font_size_tablet=&#8221;&#8221; header_2_font_size_phone=&#8221;20px&#8221; header_2_font_size_last_edited=&#8221;on|phone&#8221; header_2_line_height_tablet=&#8221;1.4em&#8221; header_2_line_height_phone=&#8221;1.2em&#8221; header_2_line_height_last_edited=&#8221;on|phone&#8221; header_3_text_align_tablet=&#8221;&#8221; header_3_text_align_phone=&#8221;center&#8221; header_3_text_align_last_edited=&#8221;on|phone&#8221; header_3_font_size_tablet=&#8221;&#8221; header_3_font_size_phone=&#8221;30px&#8221; header_3_font_size_last_edited=&#8221;on|phone&#8221; module_alignment_tablet=&#8221;&#8221; module_alignment_phone=&#8221;center&#8221; module_alignment_last_edited=&#8221;on|phone&#8221; global_colors_info=&#8221;{}&#8221;]<\/p>\n<h3 style=\"text-align: center;\"><span style=\"color: #ffffff;\"><em><strong>L&#8217;espai divulgatiu de la societat palamosina<\/strong><\/em><\/span><\/h3>\n<p>[\/et_pb_text][et_pb_text _builder_version=&#8221;4.24.2&#8243; _module_preset=&#8221;default&#8221; text_font=&#8221;Acme||||||||&#8221; text_text_color=&#8221;#FFFFFF&#8221; text_orientation=&#8221;center&#8221; global_colors_info=&#8221;{}&#8221;]<\/p>\n<p>NOU PROGRAMA CADA DIJOUS A LES 6 DE LA TARDA<\/p>\n<p>[\/et_pb_text][et_pb_toggle title=&#8221;Com podem posar el m\u00f2bil en posici\u00f3 horitzontal i a pantalla complerta per veure correctament aquest programa&#8221; open_toggle_text_color=&#8221;#000000&#8243; icon_color=&#8221;#e02b20&#8243; toggle_icon=&#8221;&#xe060;||divi||400&#8243; use_icon_font_size=&#8221;on&#8221; icon_font_size=&#8221;20px&#8221; open_icon_color=&#8221;#E02B20&#8243; open_toggle_icon=&#8221;&#xe051;||divi||400&#8243; open_use_icon_font_size=&#8221;on&#8221; open_icon_font_size=&#8221;20px&#8221; disabled_on=&#8221;off|on|on&#8221; _builder_version=&#8221;4.24.2&#8243; _module_preset=&#8221;default&#8221; title_text_color=&#8221;#000000&#8243; title_level=&#8221;h6&#8243; title_font=&#8221;|700|on||||||&#8221; title_font_size=&#8221;13px&#8221; body_font=&#8221;|700|on||||||&#8221; body_text_color=&#8221;#000000&#8243; body_font_size=&#8221;12px&#8221; background_color=&#8221;#edef75&#8243; custom_margin=&#8221;||20px||false|false&#8221; custom_padding=&#8221;||||false|false&#8221; border_radii=&#8221;on|36px|36px|36px|36px&#8221; global_colors_info=&#8221;{}&#8221;]<\/p>\n<p>-1- Primer de tot, assegura&#8217;t que tens desbloquejada l&#8217;opci\u00f3 del teu m\u00f2bil per a poder posar la pantalla en horitzontal.<\/p>\n<p>-2- Si no apareix la imatge del v\u00eddeo torna a recarregar\/refrescar\/actualitzar la p\u00e0gina.<\/p>\n<p>-3- Tot seguit gira el m\u00f2bil a posici\u00f3 horitzontal.<\/p>\n<p>ATENCI\u00d3!! Si no es posa en horitzontal \u00e9s que has arribat aqu\u00ed des d&#8217;un link d&#8217;INSTAGRAM. En aquest cas, Meta no et deixa girar a horitzontal&#8230; (veiem que a Facebook i a Whatsapp no hi ha aquest impediment).<\/p>\n<p>COM SOLUCIONAR AIX\u00d2?<\/p>\n<p>-4- A dalt de tot de la pantalla, a la dreta, trobar\u00e0s tres puntets en vertical. Clica a sobre i escull l&#8217;opci\u00f3 d&#8217;OBRIR EN EL NAVEGADOR CHROME (o el que tinguis com a predeterminat) i voil\u00e0! ja podr\u00e0s girar el m\u00f2bil en posici\u00f3 horitzontal (si ja et trobes a Chrome i fas la prova d&#8217;obrir el men\u00fa dels 3 puntets, ja no trobar\u00e0s aquesta opci\u00f3 perque detecta que ja est\u00e0s en el teu navegador predeterminat).<\/p>\n<p>CONSELL PR\u00c0CTIC<\/p>\n<p>-5- Per evitar fer tot el procediment anterior, el m\u00e9s recomenable \u00e9s incloure aquest web als FAVORITS del teu navegador o, millor encara, guardar aquest web (palamosdigital.com) com una icona a alguna de les pantalles del teu m\u00f2bil on tens a m\u00e0 totes les aplicacions).<\/p>\n<p>IMATGE A PANTALLA COMPLERTA<\/p>\n<p>-6- Clica damunt la icona de la doble fletxa (\u00e9s la icona que queda m\u00e9s a la dreta dels controls de v\u00eddeo) per posar la imatge a PANTALLA COMPLERTA.<\/p>\n<p>A VEGADES S&#8217;ATURA EL V\u00cdDEO. MOTIU?<\/p>\n<p>-7- Si tens poca cobertura wi-fi, i de seguida que apareix la pantalla amb el v\u00eddeo que vols veure, cliques de seguida el play, \u00e9s possible que despr\u00e9s d&#8217;uns minuts s&#8217;aturi el v\u00eddeo (aix\u00f2 \u00e9s degut a que no li has donat temps a carregar les dades). Per evitar aix\u00f2, en cas de poca cobertura t&#8217;aconsellem que quan obris la plana web corresponent a un v\u00eddeo en concret (per exemple aquest on et trobes ara, esperis un parell de minuts per donar-li temps a carregar les dades.<\/p>\n<p>PER QUALSEVOL ALTRE CONSULTA POTS ENVIAR-NOS UN CORREU A: direccio@tvpalamos.com<\/p>\n<p>[\/et_pb_toggle][\/et_pb_column][\/et_pb_row][et_pb_row column_structure=&#8221;3_5,2_5&#8243; use_custom_gutter=&#8221;on&#8221; gutter_width=&#8221;2&#8243; custom_padding_last_edited=&#8221;on|desktop&#8221; disabled_on=&#8221;off|off|off&#8221; admin_label=&#8221;FITXA DEL PROGRAMA&#8221; _builder_version=&#8221;4.16.1&#8243; background_color=&#8221;#0a5ab5&#8243; background_size=&#8221;initial&#8221; background_position=&#8221;top_left&#8221; background_repeat=&#8221;repeat&#8221; width=&#8221;100%&#8221; width_tablet=&#8221;90%&#8221; width_phone=&#8221;90%&#8221; width_last_edited=&#8221;on|tablet&#8221; max_width=&#8221;1500px&#8221; module_alignment=&#8221;center&#8221; custom_margin=&#8221;||40px||false|false&#8221; custom_margin_tablet=&#8221;&#8221; custom_margin_phone=&#8221;|0px|40px|0px|false|false&#8221; custom_margin_last_edited=&#8221;on|tablet&#8221; custom_padding=&#8221;30px|55px|30px|45px|false|false&#8221; custom_padding_tablet=&#8221;0px|20px|10px||false|false&#8221; custom_padding_phone=&#8221;30px|0px|40px|0px|false|false&#8221; module_alignment_tablet=&#8221;&#8221; module_alignment_phone=&#8221;center&#8221; module_alignment_last_edited=&#8221;on|phone&#8221; border_width_all=&#8221;2px&#8221; border_color_all=&#8221;#FFFFFF&#8221; border_width_all_tablet=&#8221;2px&#8221; border_width_all_phone=&#8221;&#8221; border_width_all_last_edited=&#8221;on|phone&#8221; locked=&#8221;off&#8221; global_colors_info=&#8221;{}&#8221;][et_pb_column type=&#8221;3_5&#8243; _builder_version=&#8221;4.16&#8243; custom_padding=&#8221;|||&#8221; global_colors_info=&#8221;{}&#8221; custom_padding__hover=&#8221;|||&#8221;][et_pb_code admin_label=&#8221;V\u00cdDEO&#8221; _builder_version=&#8221;4.24.2&#8243; width=&#8221;100%&#8221; width_tablet=&#8221;100%&#8221; width_phone=&#8221;&#8221; width_last_edited=&#8221;on|tablet&#8221; module_alignment=&#8221;center&#8221; custom_margin=&#8221;0px|0px|0px|0px|false|false&#8221; custom_margin_tablet=&#8221;40px||||false|false&#8221; custom_margin_phone=&#8221;0px||||false|false&#8221; custom_margin_last_edited=&#8221;on|phone&#8221; custom_padding=&#8221;0px|0px|0px|0px|false|false&#8221; custom_padding_tablet=&#8221;|0px||0px|false|false&#8221; custom_padding_phone=&#8221;|14px||14px|false|true&#8221; custom_padding_last_edited=&#8221;on|desktop&#8221; hover_enabled=&#8221;0&#8243; module_alignment_tablet=&#8221;center&#8221; module_alignment_phone=&#8221;center&#8221; module_alignment_last_edited=&#8221;on|phone&#8221; border_width_all=&#8221;2px&#8221; border_color_all=&#8221;#EDF000&#8243; border_width_all_tablet=&#8221;2px&#8221; border_width_all_phone=&#8221;0px&#8221; border_width_all_last_edited=&#8221;on|phone&#8221; border_color_all_tablet=&#8221;#EDF000&#8243; border_color_all_phone=&#8221;RGBA(255,255,255,0)&#8221; border_color_all_last_edited=&#8221;on|phone&#8221; box_shadow_style=&#8221;preset3&#8243; box_shadow_color=&#8221;#000000&#8243; box_shadow_color_tablet=&#8221;#000000&#8243; box_shadow_color_phone=&#8221;RGBA(255,255,255,0)&#8221; box_shadow_color_last_edited=&#8221;on|phone&#8221; locked=&#8221;off&#8221; global_colors_info=&#8221;{}&#8221; sticky_enabled=&#8221;0&#8243;]<\/p>\n<div style=\"position: relative; padding-top: 56.25%;\"><iframe src=\"https:\/\/iframe.mediadelivery.net\/embed\/35887\/afa7447e-2655-498d-9cd7-de40744b15e4?autoplay=false\" loading=\"lazy\" style=\"border: none; position: absolute; top: 0; height: 100%; width: 100%;\" allow=\"accelerometer; gyroscope; autoplay; encrypted-media; picture-in-picture;\" allowfullscreen=\"true\"><\/iframe><\/div>\n<p>[\/et_pb_code][\/et_pb_column][et_pb_column type=&#8221;2_5&#8243; _builder_version=&#8221;4.16&#8243; custom_padding=&#8221;|||&#8221; global_colors_info=&#8221;{}&#8221; custom_padding__hover=&#8221;|||&#8221;][et_pb_text admin_label=&#8221;t\u00edtol del programa&#8221; _builder_version=&#8221;4.24.2&#8243; text_font=&#8221;Arial|600|||||||&#8221; text_text_color=&#8221;#e0e0e0&#8243; text_font_size=&#8221;16px&#8221; text_line_height=&#8221;1.4em&#8221; header_font=&#8221;|700|||||||&#8221; header_text_align=&#8221;center&#8221; header_2_font=&#8221;|700|||||||&#8221; header_2_text_align=&#8221;left&#8221; header_2_text_color=&#8221;#e0e0e0&#8243; text_orientation=&#8221;justified&#8221; width_tablet=&#8221;&#8221; width_phone=&#8221;90%&#8221; width_last_edited=&#8221;on|phone&#8221; module_alignment=&#8221;center&#8221; custom_margin=&#8221;20px|78px|||false|false&#8221; custom_margin_tablet=&#8221;10px||0px||false|false&#8221; custom_margin_phone=&#8221;0px|0px|5px||false|false&#8221; custom_margin_last_edited=&#8221;on|desktop&#8221; header_2_font_size_tablet=&#8221;&#8221; header_2_font_size_phone=&#8221;14px&#8221; header_2_font_size_last_edited=&#8221;on|phone&#8221; locked=&#8221;off&#8221; global_colors_info=&#8221;{}&#8221;]<\/p>\n<h2><span style=\"color: #edf000;\">TERRITORI 17230 &#8211; PROGRAMA 071<br \/>Avui parlem amb el m\u00fasic Carles Casanovas<\/span><\/h2>\n<p>[\/et_pb_text][et_pb_text admin_label=&#8221;sinopsi del tema&#8221; _builder_version=&#8221;4.24.2&#8243; text_font=&#8221;Arial|600|||||||&#8221; text_text_color=&#8221;#e0e0e0&#8243; text_font_size=&#8221;16px&#8221; text_line_height=&#8221;1.4em&#8221; header_font=&#8221;|700|||||||&#8221; header_2_font=&#8221;|700|||||||&#8221; header_2_text_color=&#8221;#e0e0e0&#8243; text_orientation=&#8221;justified&#8221; width_tablet=&#8221;&#8221; width_phone=&#8221;90%&#8221; width_last_edited=&#8221;on|phone&#8221; module_alignment=&#8221;center&#8221; custom_margin=&#8221;30px|50px|||false|false&#8221; custom_margin_tablet=&#8221;20px|0px|30px||false|false&#8221; custom_margin_phone=&#8221;10px|0px|0px||false|false&#8221; custom_margin_last_edited=&#8221;on|desktop&#8221; text_font_size_tablet=&#8221;&#8221; text_font_size_phone=&#8221;14px&#8221; text_font_size_last_edited=&#8221;on|phone&#8221; header_2_font_size_tablet=&#8221;&#8221; header_2_font_size_phone=&#8221;15px&#8221; header_2_font_size_last_edited=&#8221;on|phone&#8221; locked=&#8221;off&#8221; global_colors_info=&#8221;{}&#8221;]<\/p>\n<p>Us presentem el darrer programa de la tercera temporada d&#8217;aquesta aventura audiovisual anomenada &#8220;Territori 17230&#8221;. Un espai d&#8217;entrevistes a representants de diferents entitats palamosines. Avui ens acompanya el m\u00fasic palamos\u00ed Carles Casanovas. En Carles, a banda de las seva faceta m\u00e9s coneguda, com a cantant del grup d&#8217;havaneres Port-Bo, ha escrit el llibre i l&#8217;adaptaci\u00f3 teatral de la tragicomedia musical &#8220;La Taverna del Calic\u00f3&#8221;; i per altra banda \u00e9s el director musical de la formaci\u00f3 palamosina Esc\u00e0lem Coral&#8230;<\/p>\n<p>Presenta Dolors Martos. Aquesta setmana amb la col\u00b7laboraci\u00f3 de Jordi Pall\u00ed i Santi Ferrerf\u00e0brega. La direcci\u00f3 i realitzaci\u00f3 d\u2019aquest espai divulgatiu va a c\u00e0rrec de Miquel Figueras.<\/p>\n<p>[\/et_pb_text][\/et_pb_column][\/et_pb_row][\/et_pb_section]<\/p>\n","protected":false},"excerpt":{"rendered":"<p>TERRITORI 17230L&#8217;espai divulgatiu de la societat palamosinaNOU PROGRAMA CADA DIJOUS A LES 6 DE LA TARDA-1- Primer de tot, assegura&#8217;t que tens desbloquejada l&#8217;opci\u00f3 del teu m\u00f2bil per a poder posar la pantalla en horitzontal. -2- Si no apareix la imatge del v\u00eddeo torna a recarregar\/refrescar\/actualitzar la p\u00e0gina. -3- Tot seguit gira el m\u00f2bil a [&hellip;]<\/p>\n","protected":false},"author":1,"featured_media":0,"parent":0,"menu_order":0,"comment_status":"closed","ping_status":"closed","template":"page-template-fullwidth.php","meta":{"_et_pb_use_builder":"on","_et_pb_old_content":"","_et_gb_content_width":"","footnotes":""},"class_list":["post-5481","page","type-page","status-publish","hentry"],"_links":{"self":[{"href":"https:\/\/palamosdigital.com\/tvpalamos\/wp-json\/wp\/v2\/pages\/5481","targetHints":{"allow":["GET"]}}],"collection":[{"href":"https:\/\/palamosdigital.com\/tvpalamos\/wp-json\/wp\/v2\/pages"}],"about":[{"href":"https:\/\/palamosdigital.com\/tvpalamos\/wp-json\/wp\/v2\/types\/page"}],"author":[{"embeddable":true,"href":"https:\/\/palamosdigital.com\/tvpalamos\/wp-json\/wp\/v2\/users\/1"}],"replies":[{"embeddable":true,"href":"https:\/\/palamosdigital.com\/tvpalamos\/wp-json\/wp\/v2\/comments?post=5481"}],"version-history":[{"count":4,"href":"https:\/\/palamosdigital.com\/tvpalamos\/wp-json\/wp\/v2\/pages\/5481\/revisions"}],"predecessor-version":[{"id":5487,"href":"https:\/\/palamosdigital.com\/tvpalamos\/wp-json\/wp\/v2\/pages\/5481\/revisions\/5487"}],"wp:attachment":[{"href":"https:\/\/palamosdigital.com\/tvpalamos\/wp-json\/wp\/v2\/media?parent=5481"}],"curies":[{"name":"wp","href":"https:\/\/api.w.org\/{rel}","templated":true}]}}