{"id":574,"date":"2019-05-21T16:01:56","date_gmt":"2019-05-21T14:01:56","guid":{"rendered":"https:\/\/palamosdigital.com\/tvpalamos\/?page_id=574"},"modified":"2020-05-24T19:42:09","modified_gmt":"2020-05-24T17:42:09","slug":"preguntes-tematiques-2019","status":"publish","type":"page","link":"https:\/\/palamosdigital.com\/tvpalamos\/preguntes-tematiques-2019\/","title":{"rendered":"X-EM2019 Preguntes tem\u00e0tiques 2019"},"content":{"rendered":"<p>[et_pb_section fb_built=&#8221;1&#8243; custom_padding_last_edited=&#8221;on|desktop&#8221; disabled_on=&#8221;off|on|on&#8221; admin_label=&#8221;PREGUNTES TEM\u00c0TIQUES (phone)&#8221; _builder_version=&#8221;3.22.7&#8243; background_color=&#8221;#1a1844&#8243; use_background_color_gradient=&#8221;on&#8221; background_color_gradient_start=&#8221;#2b3ea0&#8243; background_color_gradient_end=&#8221;#1a1844&#8243; background_color_gradient_type=&#8221;radial&#8221; background_color_gradient_direction_radial=&#8221;top right&#8221; background_color_gradient_end_position=&#8221;45%&#8221; background_image=&#8221;https:\/\/palamosdigital.com\/tvpalamos\/wp-content\/uploads\/2019\/05\/podcast-01.png&#8221; parallax=&#8221;on&#8221; custom_margin=&#8221;||0px&#8221; custom_margin_last_edited=&#8221;on|desktop&#8221; custom_padding=&#8221;5vw||0||false|false&#8221; background_size__hover=&#8221;cover&#8221; background_size__hover_enabled=&#8221;cover&#8221;][et_pb_row custom_padding=&#8221;||55px|||&#8221; custom_margin=&#8221;-4px|auto|10px|auto||&#8221; custom_padding_last_edited=&#8221;off|desktop&#8221; disabled_on=&#8221;off|on|on&#8221; _builder_version=&#8221;3.22.7&#8243; use_background_color_gradient=&#8221;on&#8221; background_color_gradient_start=&#8221;rgba(26,24,68,0)&#8221; background_color_gradient_end=&#8221;#1a1844&#8243; background_color_gradient_overlays_image=&#8221;on&#8221; background_image=&#8221;https:\/\/palamosdigital.com\/tvpalamos\/wp-content\/uploads\/2019\/05\/podcast-02-1.png&#8221; background_position=&#8221;top_center&#8221; width=&#8221;100%&#8221; max_width=&#8221;100%&#8221; custom_margin_last_edited=&#8221;on|desktop&#8221; animation_style=&#8221;slide&#8221; animation_direction=&#8221;bottom&#8221; animation_intensity_slide=&#8221;1%&#8221; use_custom_width=&#8221;on&#8221; width_unit=&#8221;off&#8221; custom_width_percent=&#8221;100%&#8221;][et_pb_column type=&#8221;4_4&#8243; _builder_version=&#8221;3.14&#8243;][et_pb_text disabled_on=&#8221;off|on|on&#8221; _builder_version=&#8221;3.22.7&#8243; text_font=&#8221;||||||||&#8221; text_font_size=&#8221;20px&#8221; text_font_size_phone=&#8221;14px&#8221; text_font_size_last_edited=&#8221;on|desktop&#8221; text_line_height=&#8221;1.8em&#8221; header_font=&#8221;Lato|900|||||||&#8221; header_font_size=&#8221;75px&#8221; header_font_size_tablet=&#8221;62px&#8221; header_font_size_phone=&#8221;38px&#8221; header_font_size_last_edited=&#8221;on|phone&#8221; header_letter_spacing=&#8221;1px&#8221; header_line_height=&#8221;1.2em&#8221; header_4_font=&#8221;Raleway|||on|||||&#8221; header_4_font_size=&#8221;22px&#8221; header_4_letter_spacing=&#8221;4px&#8221; header_4_line_height=&#8221;1.6em&#8221; text_orientation=&#8221;center&#8221; background_layout=&#8221;dark&#8221; max_width=&#8221;800px&#8221; module_alignment=&#8221;center&#8221;]<\/p>\n<h4>CANAL ELECCIONS<\/h4>\n<h1>PREGUNTES TEM\u00c0TIQUES<\/h1>\n<p>&nbsp;<\/p>\n<p>El dimecres 15 de maig v\u00e0rem preguntar als candidats sobre dotze temes d&#8217;inter\u00e8s, de caire local. Les &#8220;regles del joc&#8221; eren dues: <span style=\"text-decoration: underline;\">un m\u00e0xim de 150 paraules <\/span>per cada tema (per tal que tots els textes publicats gaudeixin de les mateixes condicions d&#8217;igualtat). I que la tramesa per mail es fes, a m\u00e9s tardar, el dissabte 18 de maig. Finalment per donar m\u00e9s facilitats, el termini es va ampliar fins el dilluns 20 de maig. Tot i aix\u00f2 algunes candidatures no ens ho han fet arribar i per tant no hem pogut incorporar els seus textes en aquest especial &#8220;Canal Eleccions 26M&#8221;.<\/p>\n<p>Publiquem les respostes respectant ortogr\u00e0ficament el text original que ens varen enviar i per ordre alfab\u00e8tic del nom de cada candidatura.<\/p>\n<p>[\/et_pb_text][\/et_pb_column][\/et_pb_row][\/et_pb_section][et_pb_section fb_built=&#8221;1&#8243; custom_padding_last_edited=&#8221;on|desktop&#8221; disabled_on=&#8221;on|off|off&#8221; admin_label=&#8221;PREGUNTES TEM\u00c0TIQUES (desktop &#8211; tablet)&#8221; _builder_version=&#8221;3.22.7&#8243; background_color=&#8221;#1a1844&#8243; use_background_color_gradient=&#8221;on&#8221; background_color_gradient_start=&#8221;#2b3ea0&#8243; background_color_gradient_end=&#8221;#1a1844&#8243; background_color_gradient_type=&#8221;radial&#8221; background_color_gradient_direction_radial=&#8221;top right&#8221; background_color_gradient_end_position=&#8221;45%&#8221; background_image=&#8221;https:\/\/palamosdigital.com\/tvpalamos\/wp-content\/uploads\/2019\/05\/podcast-01.png&#8221; parallax=&#8221;on&#8221; custom_margin=&#8221;||0px&#8221; custom_margin_last_edited=&#8221;on|desktop&#8221; custom_padding=&#8221;5vw||0||false|false&#8221; background_size__hover=&#8221;cover&#8221; background_size__hover_enabled=&#8221;cover&#8221;][et_pb_row custom_padding=&#8221;||55px|||&#8221; custom_margin=&#8221;-4px|auto|10px|auto||&#8221; custom_padding_last_edited=&#8221;off|desktop&#8221; disabled_on=&#8221;on|off|off&#8221; _builder_version=&#8221;3.22.7&#8243; use_background_color_gradient=&#8221;on&#8221; background_color_gradient_start=&#8221;rgba(26,24,68,0)&#8221; background_color_gradient_end=&#8221;#1a1844&#8243; background_color_gradient_overlays_image=&#8221;on&#8221; background_image=&#8221;https:\/\/palamosdigital.com\/tvpalamos\/wp-content\/uploads\/2019\/05\/podcast-02-1.png&#8221; background_position=&#8221;top_center&#8221; width=&#8221;100%&#8221; max_width=&#8221;100%&#8221; custom_margin_last_edited=&#8221;on|desktop&#8221; animation_style=&#8221;slide&#8221; animation_direction=&#8221;bottom&#8221; animation_intensity_slide=&#8221;1%&#8221; use_custom_width=&#8221;on&#8221; width_unit=&#8221;off&#8221; custom_width_percent=&#8221;100%&#8221;][et_pb_column type=&#8221;4_4&#8243; _builder_version=&#8221;3.14&#8243;][et_pb_text disabled_on=&#8221;on|off|off&#8221; _builder_version=&#8221;3.22.7&#8243; text_font=&#8221;||||||||&#8221; text_font_size=&#8221;20px&#8221; text_font_size_phone=&#8221;14px&#8221; text_font_size_last_edited=&#8221;on|desktop&#8221; text_line_height=&#8221;1.8em&#8221; header_font=&#8221;Lato|900|||||||&#8221; header_font_size=&#8221;75px&#8221; header_font_size_tablet=&#8221;62px&#8221; header_font_size_phone=&#8221;38px&#8221; header_font_size_last_edited=&#8221;on|phone&#8221; header_letter_spacing=&#8221;1px&#8221; header_line_height=&#8221;1.2em&#8221; header_4_font=&#8221;Raleway|||on|||||&#8221; header_4_font_size=&#8221;22px&#8221; header_4_letter_spacing=&#8221;4px&#8221; header_4_line_height=&#8221;1.6em&#8221; text_orientation=&#8221;center&#8221; background_layout=&#8221;dark&#8221; max_width=&#8221;800px&#8221; module_alignment=&#8221;center&#8221;]<\/p>\n<h4>TELEVISI\u00d3 PALAM\u00d3S &#8211; CANAL ELECCIONS<\/h4>\n<h1>PREGUNTES TEM\u00c0TIQUES<\/h1>\n<p>&nbsp;<\/p>\n<p>El dimecres 15 de maig v\u00e0rem preguntar als candidats sobre dotze temes d&#8217;inter\u00e8s, de caire local. Les &#8220;regles del joc&#8221; eren dues: <span style=\"text-decoration: underline;\">un m\u00e0xim de 150 paraules <\/span>per cada tema (per tal que tots els textes publicats gaudeixin de les mateixes condicions d&#8217;igualtat). I que la tramesa per mail es fes, a m\u00e9s tardar, el dissabte 18 de maig. Finalment per donar m\u00e9s facilitats, el termini es va ampliar fins el dilluns 20 de maig. Tot i aix\u00f2 algunes candidatures no ens ho han fet arribar\u00a0i per tant no hem pogut incorporar els seus textes en aquest especial &#8220;Canal Eleccions 26M&#8221;.<\/p>\n<p>Publiquem les respostes respectant ortogr\u00e0ficament el text original que ens varen enviar i per ordre alfab\u00e8tic del nom de cada candidatura.<\/p>\n<p>[\/et_pb_text][\/et_pb_column][\/et_pb_row][\/et_pb_section][et_pb_section fb_built=&#8221;1&#8243; disabled_on=&#8221;off|off|off&#8221; admin_label=&#8221;ENLLA\u00c7OS A LES PREGUNTES&#8221; _builder_version=&#8221;3.22.7&#8243; background_color=&#8221;#1b1942&#8243; custom_padding=&#8221;0px||0px||true&#8221;][et_pb_row _builder_version=&#8221;3.22.7&#8243;][et_pb_column type=&#8221;4_4&#8243; _builder_version=&#8221;3.22.7&#8243;][et_pb_text _builder_version=&#8221;3.22.7&#8243; text_font=&#8221;|600|||||||&#8221; text_text_color=&#8221;#FFFFFF&#8221; text_font_size=&#8221;16px&#8221; text_font_size_phone=&#8221;16px&#8221; text_font_size_last_edited=&#8221;on|phone&#8221; custom_padding=&#8221;|||12px&#8221; custom_padding_last_edited=&#8221;on|desktop&#8221;]<\/p>\n<p style=\"text-align: left;\"><span style=\"color: #ffff00;\"><a style=\"color: #ffff00;\" href=\"#tema01\">TEMA 01<\/a><\/span>\u00a0 &#8211;\u00a0 <span style=\"color: #ffff00;\"><a style=\"color: #ffff00;\" href=\"#tema02\">TEMA 02<\/a><\/span>\u00a0 &#8211;\u00a0 <span style=\"color: #ffff00;\"><a style=\"color: #ffff00;\" href=\"#tema03\">TEMA 03<\/a><\/span>\u00a0 &#8211;\u00a0<span style=\"color: #ffff00;\"> <a style=\"color: #ffff00;\" href=\"#tema04\">TEMA 04<\/a><\/span>\u00a0 &#8211;\u00a0 <span style=\"color: #ffff00;\"><a style=\"color: #ffff00;\" href=\"#tema05\">TEMA 05<\/a><\/span>\u00a0 &#8211;\u00a0 <span style=\"color: #ffff00;\"><a style=\"color: #ffff00;\" href=\"#tema06\">TEMA 06<\/a><\/span>\u00a0 &#8211;\u00a0 <span style=\"color: #ffff00;\"><a style=\"color: #ffff00;\" href=\"#tema07\">TEMA 07<\/a><\/span>\u00a0 &#8211;\u00a0 <span style=\"color: #ffff00;\"><a style=\"color: #ffff00;\" href=\"#tema08\">TEMA 08<\/a><\/span>\u00a0 &#8211;\u00a0 <span style=\"color: #ffff00;\"><a style=\"color: #ffff00;\" href=\"#tema09\">TEMA 09<\/a><\/span>\u00a0 &#8211;\u00a0 <span style=\"color: #ffff00;\"><a style=\"color: #ffff00;\" href=\"#tema10\">TEMA 10<\/a><\/span>\u00a0 &#8211;\u00a0 <span style=\"color: #ffff00;\"><a style=\"color: #ffff00;\" href=\"#tema11\">TEMA 11<\/a><\/span>\u00a0 &#8211;\u00a0 <span style=\"color: #ffff00;\"><a style=\"color: #ffff00;\" href=\"#tema12\">TEMA 12<\/a><\/span><\/p>\n<p>[\/et_pb_text][\/et_pb_column][\/et_pb_row][\/et_pb_section][et_pb_section fb_built=&#8221;1&#8243; custom_padding_last_edited=&#8221;off|desktop&#8221; admin_label=&#8221;TEMA 01&#8243; module_id=&#8221;tema01&#8243; _builder_version=&#8221;3.22.7&#8243; background_color=&#8221;#1a1844&#8243; background_image=&#8221;https:\/\/palamosdigital.com\/tvpalamos\/wp-content\/uploads\/2019\/05\/podcast-03.png&#8221; background_size=&#8221;initial&#8221; background_position=&#8221;top_left&#8221; collapsed=&#8221;off&#8221;][et_pb_row custom_padding=&#8221;80px||0px|||&#8221; custom_padding_phone=&#8221;10px|||&#8221; make_equal=&#8221;on&#8221; custom_padding_last_edited=&#8221;on|phone&#8221; padding_top_bottom_link_2=&#8221;true&#8221; _builder_version=&#8221;3.22.7&#8243; min_height=&#8221;215px&#8221; custom_margin_tablet=&#8221;||-30px&#8221; custom_margin_phone=&#8221;||-80px&#8221; custom_margin_last_edited=&#8221;on|phone&#8221;][et_pb_column type=&#8221;4_4&#8243; _builder_version=&#8221;3.14&#8243;][et_pb_text _builder_version=&#8221;3.22.7&#8243; text_font=&#8221;|600||||on|||&#8221; text_text_color=&#8221;#FFFFFF&#8221; text_font_size=&#8221;25px&#8221; header_font=&#8221;||||||||&#8221; header_text_color=&#8221;#7CDA24&#8243; header_2_font=&#8221;Lato|700|||||||&#8221; header_2_font_size=&#8221;52px&#8221; header_2_font_size_phone=&#8221;36px&#8221; header_2_font_size_last_edited=&#8221;on|phone&#8221; header_2_line_height=&#8221;1.2em&#8221; background_layout=&#8221;dark&#8221;]<\/p>\n<h2>TEMA 01 &#8211; LA CANDIDATURA<\/h2>\n<h4>Per qu\u00e8 heu decidit presentar-vos en aquestes eleccions i per qu\u00e8 encap\u00e7alant aquesta candidatura?<\/h4>\n<p>[\/et_pb_text][et_pb_divider color=&#8221;#E02B20&#8243; divider_style=&#8221;ridge&#8221; divider_weight=&#8221;5px&#8221; _builder_version=&#8221;3.22.7&#8243; max_width=&#8221;120px&#8221; custom_margin=&#8221;||20px&#8221;][\/et_pb_divider][\/et_pb_column][\/et_pb_row][et_pb_row make_equal=&#8221;on&#8221; padding_top_bottom_link_2=&#8221;true&#8221; admin_label=&#8221;Row&#8221; _builder_version=&#8221;3.22.7&#8243;][et_pb_column type=&#8221;4_4&#8243; _builder_version=&#8221;3.14&#8243;][et_pb_blurb title=&#8221;CANDIDATURA D\u2019UNITAT POPULAR \u2013 ALTERNATIVA MUNICIPALISTA (CUP-AMUNT)&#8221; use_icon=&#8221;on&#8221; font_icon=&#8221;%%206%%&#8221; icon_color=&#8221;#EDF000&#8243; icon_placement=&#8221;left&#8221; content_max_width=&#8221;1100px&#8221; _builder_version=&#8221;3.22.7&#8243; header_font=&#8221;|700||on|||||&#8221; header_text_color=&#8221;#ecef3e&#8221; body_font=&#8221;||||||||&#8221; body_text_color=&#8221;#d8d8d8&#8243; body_font_size=&#8221;16px&#8221;]La CUP ha decidit presentar-se a les eleccions en una assemblea oberta i, posteriorment, tamb\u00e9 es va votar la persona que seria la portaveu de l&#8217;assemblea local. Els motius per a presentar-nos a les eleccions s\u00f3n proposar una alternativa d&#8217;esquerres al poble marcadament ecologista, feminista i determinades a treballar per la just\u00edcia social i amb un ferm comprom\u00eds amb la Rep\u00fablica catalana.<\/p>\n<p>Amb un extens programa electoral que recull 636 propostes concretes i viables (algunes a curt termini, d&#8217;altres a mitj\u00e0\/llarg termini) i amb un posicionament clar sobre possibles pactes postelectorals, presentem el nostre projecte amb transpar\u00e8ncia, claredat i propostes detallades.<br \/>\n[\/et_pb_blurb][et_pb_blurb title=&#8221;CIUTADANS \u2013 PARTIDO DE LA CIUDADAN\u00cdA (CS)&#8221; use_icon=&#8221;on&#8221; font_icon=&#8221;%%206%%&#8221; icon_color=&#8221;#EDF000&#8243; icon_placement=&#8221;left&#8221; content_max_width=&#8221;1100px&#8221; _builder_version=&#8221;3.22.7&#8243; header_font=&#8221;|700||on|||||&#8221; header_text_color=&#8221;#ecef3e&#8221; body_font=&#8221;||||||||&#8221; body_text_color=&#8221;#d8d8d8&#8243; body_font_size=&#8221;16px&#8221;]He decidit presentar-me en aquestes eleccions, encap\u00e7alant la candidatura per 1.018 raons. Una ra\u00f3 per cada una de les persones que ha votat Cs a les darreres eleccions 28A. Perqu\u00e8 fins ara no hi havia cap opci\u00f3 constitucionalista , lliberal i de centre per la poblaci\u00f3. Hi havien molts votants de Ciutadans que no estaven representats ni tenien veu de forma municipal.<\/p>\n<p>Perqu\u00e8 vull un Palam\u00f3s innovador i referent en la emprenedoria. On no es tanquin les persianes dels negocis si no que s\u2019obrin d\u2019una manera r\u00e0pida f\u00e0cil i econ\u00f2mica. Perqu\u00e8 vull posar a Palam\u00f3s al lloc que es mereix, amb un turisme de qualitat i amb una amplia oferta. Perqu\u00e8 no vull que els recursos municipals es malgastin en propaganda partidista i Palam\u00f3s sigui un poble net i neutral. Que els recursos municipals s\u2019utilitzin per les necessitats reals de la poblaci\u00f3. Per tornar a conviure lliurament amb les nostres difer\u00e8ncies.<br \/>\n[\/et_pb_blurb][et_pb_blurb title=&#8221;ESQUERRA REPUBLICANA DE CATALUNYA \u2013 ACORD MUNICIPAL (ERC-AM)&#8221; use_icon=&#8221;on&#8221; font_icon=&#8221;%%206%%&#8221; icon_color=&#8221;#EDF000&#8243; icon_placement=&#8221;left&#8221; content_max_width=&#8221;1100px&#8221; _builder_version=&#8221;3.22.7&#8243; header_font=&#8221;|700||on|||||&#8221; header_text_color=&#8221;#ecef3e&#8221; body_font=&#8221;||||||||&#8221; body_text_color=&#8221;#d8d8d8&#8243; body_font_size=&#8221;16px&#8221;]S\u00f3c un enamorat de Palam\u00f3s i sempre he volgut millorar el meu municipi. Durant molts anys ho he fet des d&#8217;entitats i associacions, i des de l&#8217;acci\u00f3 pol\u00edtica es poden fer unes transformacions importants de Palam\u00f3s i Sant Joan. i ho faig amb l&#8217;equip d\u2019ERC Palam\u00f3s i Sant Joan. Un equip potent, preparat, equilibrat, amb persones amb empenta per tirar els projectes que hem preparat per aquests propers 4 anys. Pertanyo a ERC des de l&#8217;any 2005 i vaig entrar-hi a militar perqu\u00e8 era el partit que millor recollia els meus ideals. Uns ideals de just\u00edcia social i de llibertat que est\u00e1n a l&#8217;ADN del partit.<br \/>\n[\/et_pb_blurb][et_pb_blurb title=&#8221;JUNTS PER CATALUNYA \u2013 PALAM\u00d3S I SANT JOAN (JXCAT-JUNTS)&#8221; use_icon=&#8221;on&#8221; font_icon=&#8221;%%206%%&#8221; icon_color=&#8221;#EDF000&#8243; icon_placement=&#8221;left&#8221; content_max_width=&#8221;1100px&#8221; _builder_version=&#8221;3.22.7&#8243; header_font=&#8221;|700||on|||||&#8221; header_text_color=&#8221;#ecef3e&#8221; body_font=&#8221;||||||||&#8221; body_text_color=&#8221;#d8d8d8&#8243; body_font_size=&#8221;16px&#8221;]Des de petit he estat vinculat al m\u00f3n de la pol\u00edtica i amb especial inter\u00e8s en l\u2019\u00e0mbit local. Treballar pel poble, gestionar-lo i ser Alcalde \u00e9s quelcom que sempre havia tingut present. Fa uns mesos, quan en Pall\u00ed renunci\u00e0 a presentar-se a les actuals eleccions, don\u00e0 la casualitat que jo era el President del PdCAT local. Llavors em vaig preguntar si seria una bona opci\u00f3 pel poble, si estava preparat, si seria massa jove? Per\u00f2 perqu\u00e8 no? Conec el poble, la gent i tot el potencial, he vist com Palam\u00f3s anava perdent pistonada, com el Palam\u00f3s de la gamba, el Palam\u00f3s de primera, anava baixant pot\u00e8ncia. Per falta de valentia i per falta d\u2019empenta. Crec en un Palam\u00f3s millor, el defenso. I aix\u00f2 \u00e9s el que m\u2019uneix amb tota la formaci\u00f3. Encap\u00e7alar aquesta candidatura, amb un equip tant preparat, i a m\u00e9s representant el MH Carles Puigdemont, \u00e9s un honor.<br \/>\n[\/et_pb_blurb][et_pb_blurb title=&#8221;JUNTS X PALAM\u00d3S I SANT JOAN \u2013 TOTS EMPORD\u00c0 (JXPSJ-TE)&#8221; use_icon=&#8221;on&#8221; font_icon=&#8221;%%206%%&#8221; icon_color=&#8221;#EDF000&#8243; icon_placement=&#8221;left&#8221; content_max_width=&#8221;1100px&#8221; _builder_version=&#8221;3.22.7&#8243; header_font=&#8221;|700||on|||||&#8221; header_text_color=&#8221;#ecef3e&#8221; body_font=&#8221;||||||||&#8221; body_text_color=&#8221;#d8d8d8&#8243; body_font_size=&#8221;16px&#8221;]Junts x Palam\u00f3s i Sant Joan neix d\u2019 una agrupaci\u00f3 d&#8217;electors plural, sense sigles ni lligams pol\u00edtics. El moviment agrupa diferents sensibilitats que tenen Palam\u00f3s i St. Joan com a nexe com\u00fa i que creuen en un futur millor a trav\u00e9s de la participaci\u00f3 i de nous models de gesti\u00f3 p\u00fablica. Al servei dels interessos col\u00b7lectius dels nostres conciutadans, Junts creu en Palam\u00f3s i St. Joan com a projecte de futur aglutinador i participatiu.<\/p>\n<p>Durem a terme propostes i projectes coherents i alternatius per donar solucions completes, cre\u00efbles i a llarg termini als reptes socials, democr\u00e0tics, culturals i mediambientals que t\u00e9 avui la societat, amb la finalitat de fer possible un model socioecon\u00f2mic que tingui com a eix central el benestar de les persones i la defensa de la llibertat en un estat que sigui aut\u00e8nticament de dret. Volem m\u00e9s democr\u00e0cia, prosperitat, cultura, igualtat, educaci\u00f3, participaci\u00f3, transpar\u00e8ncia i ecologia.<br \/>\n[\/et_pb_blurb][et_pb_blurb title=&#8221;PARTIT DELS SOCIALISTES DE CATALUNYA \u2013 CANDIDATURA DE PROGR\u00c9S (PSC-CP)&#8221; use_icon=&#8221;on&#8221; font_icon=&#8221;%%206%%&#8221; icon_color=&#8221;#EDF000&#8243; icon_placement=&#8221;left&#8221; content_max_width=&#8221;1100px&#8221; _builder_version=&#8221;3.22.7&#8243; header_font=&#8221;|700||on|||||&#8221; header_text_color=&#8221;#ecef3e&#8221; body_font=&#8221;||||||||&#8221; body_text_color=&#8221;#d8d8d8&#8243; body_font_size=&#8221;16px&#8221;]Aquesta candidatura ha declinat respondre a aquesta pregunta.<br \/>\n[\/et_pb_blurb][et_pb_blurb title=&#8221;PARTIDO POPULAR \/ PARTIT POPULAR (PP)&#8221; use_icon=&#8221;on&#8221; font_icon=&#8221;%%206%%&#8221; icon_color=&#8221;#EDF000&#8243; icon_placement=&#8221;left&#8221; content_max_width=&#8221;1100px&#8221; _builder_version=&#8221;3.22.7&#8243; header_font=&#8221;|700||on|||||&#8221; header_text_color=&#8221;#ecef3e&#8221; body_font=&#8221;||||||||&#8221; body_text_color=&#8221;#d8d8d8&#8243; body_font_size=&#8221;16px&#8221;]Aquesta candidatura ha declinat respondre a aquesta pregunta.<br \/>\n[\/et_pb_blurb][et_pb_blurb title=&#8221;SOMARA PALAM\u00d3S I SANT JOAN (SAP)&#8221; use_icon=&#8221;on&#8221; font_icon=&#8221;%%206%%&#8221; icon_color=&#8221;#EDF000&#8243; icon_placement=&#8221;left&#8221; content_max_width=&#8221;1100px&#8221; _builder_version=&#8221;3.22.7&#8243; header_font=&#8221;|700||on|||||&#8221; header_text_color=&#8221;#ecef3e&#8221; body_font=&#8221;||||||||&#8221; body_text_color=&#8221;#d8d8d8&#8243; body_font_size=&#8221;16px&#8221;]Som una candidatura independent, municipal, central i centrista transversa, exemple de pluralitats diverses i complementaries i experta. Entenem que aquesta candidatura es un instrument efica\u00e7 per servir el que m\u00e9s ens estimem \u201cel nostre poble\u201d.<br \/>\n[\/et_pb_blurb][\/et_pb_column][\/et_pb_row][\/et_pb_section][et_pb_section fb_built=&#8221;1&#8243; admin_label=&#8221;TEMA 02&#8243; module_id=&#8221;tema02&#8243; _builder_version=&#8221;3.22.7&#8243; background_color=&#8221;#1a1844&#8243; background_image=&#8221;https:\/\/palamosdigital.com\/tvpalamos\/wp-content\/uploads\/2019\/05\/podcast-03.png&#8221; background_size=&#8221;initial&#8221; background_position=&#8221;top_left&#8221; custom_padding=&#8221;|||&#8221; collapsed=&#8221;off&#8221;][et_pb_row custom_padding=&#8221;80px||0px|||&#8221; custom_padding_phone=&#8221;10px|||&#8221; make_equal=&#8221;on&#8221; custom_padding_last_edited=&#8221;on|phone&#8221; padding_top_bottom_link_2=&#8221;true&#8221; _builder_version=&#8221;3.22.7&#8243; min_height=&#8221;215px&#8221; custom_margin_tablet=&#8221;||-30px&#8221; custom_margin_phone=&#8221;||-80px&#8221; custom_margin_last_edited=&#8221;on|phone&#8221;][et_pb_column type=&#8221;4_4&#8243; _builder_version=&#8221;3.14&#8243;][et_pb_text _builder_version=&#8221;3.22.7&#8243; text_font=&#8221;|600||||on|||&#8221; text_text_color=&#8221;#FFFFFF&#8221; text_font_size=&#8221;25px&#8221; header_font=&#8221;||||||||&#8221; header_text_color=&#8221;#7CDA24&#8243; header_2_font=&#8221;Lato|700|||||||&#8221; header_2_font_size=&#8221;52px&#8221; header_2_font_size_phone=&#8221;36px&#8221; header_2_font_size_last_edited=&#8221;on|phone&#8221; header_2_line_height=&#8221;1.2em&#8221; background_layout=&#8221;dark&#8221;]<\/p>\n<h2>TEMA 02 &#8211; PROPOSTES URGENTS<\/h2>\n<div>Tant si formeu part de l&#8217;equip de govern com si esteu a la oposici\u00f3, quines s\u00f3n les 3 propostes que considereu m\u00e9s urgents a tractar a l&#8217;inici del nou mandat?<\/div>\n<p>[\/et_pb_text][et_pb_divider color=&#8221;#E02B20&#8243; divider_style=&#8221;ridge&#8221; divider_weight=&#8221;5px&#8221; _builder_version=&#8221;3.22.7&#8243; max_width=&#8221;120px&#8221; custom_margin=&#8221;||20px&#8221;][\/et_pb_divider][\/et_pb_column][\/et_pb_row][et_pb_row make_equal=&#8221;on&#8221; padding_top_bottom_link_2=&#8221;true&#8221; admin_label=&#8221;Row&#8221; _builder_version=&#8221;3.22.7&#8243;][et_pb_column type=&#8221;4_4&#8243; _builder_version=&#8221;3.14&#8243;][et_pb_blurb title=&#8221;CANDIDATURA D\u2019UNITAT POPULAR \u2013 ALTERNATIVA MUNICIPALISTA (CUP-AMUNT)&#8221; use_icon=&#8221;on&#8221; font_icon=&#8221;%%206%%&#8221; icon_color=&#8221;#EDF000&#8243; icon_placement=&#8221;left&#8221; content_max_width=&#8221;1100px&#8221; _builder_version=&#8221;3.22.7&#8243; header_font=&#8221;|700||on|||||&#8221; header_text_color=&#8221;#ecef3e&#8221; body_font=&#8221;||||||||&#8221; body_text_color=&#8221;#d8d8d8&#8243; body_font_size=&#8221;16px&#8221;]Habitatge: acabar amb l&#8217;especulaci\u00f3 de l&#8217;habitatge i recuperar el dret a l&#8217;habitatge com a tal: habitatge de lloguer social, impulsar mesures per revertir l&#8217;augment del preu dels lloguers posan fre al tema dels habitatges buits o destinats nom\u00e9s per al turisme.<\/p>\n<p>Medi Ambient: capgirar el model de recollida de residus (cal augmentar el percentatge tal i com marca la Uni\u00f3 Europea) i defensa del territori (modificaci\u00f3 POUM per a fer la Pietat no urbanitzable).<\/p>\n<p>Feminisme: regidoria de feminisme per abordar la viol\u00e8ncia masclista, fer-ne prevenci\u00f3, atenci\u00f3 i intervencions d&#8217;urg\u00e8ncia i introduir la perspectiva de g\u00e8nere -i respecte al col.lectiu LFTBI- a totes les \u00e0rees de l&#8217;ajuntament.<br \/>\n[\/et_pb_blurb][et_pb_blurb title=&#8221;CIUTADANS \u2013 PARTIDO DE LA CIUDADAN\u00cdA (CS)&#8221; use_icon=&#8221;on&#8221; font_icon=&#8221;%%206%%&#8221; icon_color=&#8221;#EDF000&#8243; icon_placement=&#8221;left&#8221; content_max_width=&#8221;1100px&#8221; _builder_version=&#8221;3.22.7&#8243; header_font=&#8221;|700||on|||||&#8221; header_text_color=&#8221;#ecef3e&#8221; body_font=&#8221;||||||||&#8221; body_text_color=&#8221;#d8d8d8&#8243; body_font_size=&#8221;16px&#8221;]1. Deixarem els diners en la butxaca dels ve\u00efns. Des de Cs reduirem els impostos de manera responsable, garantint serveis municipals de qualitat i deixant sempre els m\u00e0xims diners possibles en mans dels nostres ve\u00efns.<\/p>\n<p>2. Impulsarem programes municipals que se centrin en les necessitats de la nostra joventut sobre educaci\u00f3, oci, diversitat, ocupaci\u00f3 i habitatge. Els joves del nostre municipi han de tenir oportunitats per al seu desenvolupament aut\u00f2nom, personal i professional. Garantir les seves oportunitats \u00e9s assegurar el futur de tota la nostra societat.<\/p>\n<p>3. Garantirem els serveis d&#8217;atenci\u00f3 a la depend\u00e8ncia del nostre municipi. Apostarem per un model de servei integral amb un sistema de prestacions municipals que respongui a les necessitats de les persones dependents, adequat a la realitat i necessitats individuals i familiars i on prevalgui l&#8217;autonomia de la persona, la seva integritat i valors, i que fomenti els programes de vida aut\u00f2noma.<br \/>\n[\/et_pb_blurb][et_pb_blurb title=&#8221;ESQUERRA REPUBLICANA DE CATALUNYA \u2013 ACORD MUNICIPAL (ERC-AM)&#8221; use_icon=&#8221;on&#8221; font_icon=&#8221;%%206%%&#8221; icon_color=&#8221;#EDF000&#8243; icon_placement=&#8221;left&#8221; content_max_width=&#8221;1100px&#8221; _builder_version=&#8221;3.22.7&#8243; header_font=&#8221;|700||on|||||&#8221; header_text_color=&#8221;#ecef3e&#8221; body_font=&#8221;||||||||&#8221; body_text_color=&#8221;#d8d8d8&#8243; body_font_size=&#8221;16px&#8221;]Promoci\u00f3 d&#8217;habitatge cooperatiu. Un projecte per obrir un nou cam\u00ed junt amb propostes com adquirir pis d\u2019emerg\u00e8ncia o borses d\u2019habitatge social i mesures per habitatge de tot l\u2019any. Espai Jove a les Galeries Carme junt amb un espai polivalent, amb m\u00e9s espais per a altres usos. joves actius i involucrats en primera persona; volem seguir treballant cap a un casal on els mateixos joves siguin gestors. M\u00e9s espai per la secund\u00e0ria amb Institut Escola al Vila-rom\u00e0. Permetria fer de i3 fins a 4t ESO al mateix centre i alliberar espais a l&#8217;Institut per acollir nous cicles de Formaci\u00f3 Professional.<br \/>\n[\/et_pb_blurb][et_pb_blurb title=&#8221;JUNTS PER CATALUNYA \u2013 PALAM\u00d3S I SANT JOAN (JXCAT-JUNTS)&#8221; use_icon=&#8221;on&#8221; font_icon=&#8221;%%206%%&#8221; icon_color=&#8221;#EDF000&#8243; icon_placement=&#8221;left&#8221; content_max_width=&#8221;1100px&#8221; _builder_version=&#8221;3.22.7&#8243; header_font=&#8221;|700||on|||||&#8221; header_text_color=&#8221;#ecef3e&#8221; body_font=&#8221;||||||||&#8221; body_text_color=&#8221;#d8d8d8&#8243; body_font_size=&#8221;16px&#8221;]Les tres propostes que considerem m\u00e9s urgents s\u00f3n:<\/p>\n<p>Neteja diaria: Un poble net i una bona aparen\u00e7a impacta positivament en la conviv\u00e8ncia, en l\u2019economia local i en la nostre condici\u00f3 de poble tur\u00edstic. A les seg\u00fcents preguntes descobrireu qu\u00e8 proposem.<\/p>\n<p>Ocupaci\u00f3 i emprenedoria: Cal fomentar la desetacionalitzaci\u00f3 dels llocs de treball, propostant nous models tur\u00edstics (esportiu, familiar i gastron\u00f2mic d\u2019alta qualitat). A m\u00e9s d\u2019incentivar l\u2019emprenadoria mitjan\u00e7ant l&#8217;espai coworking (viver d\u2019empreses) i acompanyar als negocis locals en la transformaci\u00f3 tecnol\u00f2gica i nous conceptes comercials emergents. De fet tenim la proposta del MARKET&amp;U, una nova eina per facilitar i promoure la venda a dist\u00e0ncia dels productes i serveis dels negocis locals.<\/p>\n<p>Seguretat: El poble est\u00e0 patint un repunt de la sensaci\u00f3 d\u2019inseguretat, amb robatoris i delictes al municipi, calen mesures dr\u00e0stiques per a reduir actes inc\u00edvics i delictes.<br \/>\n[\/et_pb_blurb][et_pb_blurb title=&#8221;JUNTS X PALAM\u00d3S I SANT JOAN \u2013 TOTS EMPORD\u00c0 (JXPSJ-TE)&#8221; use_icon=&#8221;on&#8221; font_icon=&#8221;%%206%%&#8221; icon_color=&#8221;#EDF000&#8243; icon_placement=&#8221;left&#8221; content_max_width=&#8221;1100px&#8221; _builder_version=&#8221;3.22.7&#8243; header_font=&#8221;|700||on|||||&#8221; header_text_color=&#8221;#ecef3e&#8221; body_font=&#8221;||||||||&#8221; body_text_color=&#8221;#d8d8d8&#8243; body_font_size=&#8221;16px&#8221;]Lluitarem per assolir una igualtat social, econ\u00f2mica, de desenvolupament i inversi\u00f3 igualit\u00e0ria entre els diferents barris de la vila. Crearem un pla de prevenci\u00f3 i assessorament per a joves i adolescents que siguin v\u00edctimes de viol\u00e8ncia de g\u00e8nere o bullying tenint en compte tamb\u00e9 la viol\u00e8ncia a les xarxes socials. Treballarem perqu\u00e8 tothom pugui optar a un habitatge digne a la nostra poblaci\u00f3. Cal generar un parc de lloguer potent i refor\u00e7ar el parc p\u00fablic d\u2019habitatge, regulant el lloguer per evitar rendes excessives o els increments injustificats.<br \/>\n[\/et_pb_blurb][et_pb_blurb title=&#8221;PARTIT DELS SOCIALISTES DE CATALUNYA \u2013 CANDIDATURA DE PROGR\u00c9S (PSC-CP)&#8221; use_icon=&#8221;on&#8221; font_icon=&#8221;%%206%%&#8221; icon_color=&#8221;#EDF000&#8243; icon_placement=&#8221;left&#8221; content_max_width=&#8221;1100px&#8221; _builder_version=&#8221;3.22.7&#8243; header_font=&#8221;|700||on|||||&#8221; header_text_color=&#8221;#ecef3e&#8221; body_font=&#8221;||||||||&#8221; body_text_color=&#8221;#d8d8d8&#8243; body_font_size=&#8221;16px&#8221;]Aquesta candidatura ha declinat respondre a aquesta pregunta.<br \/>\n[\/et_pb_blurb][et_pb_blurb title=&#8221;PARTIDO POPULAR \/ PARTIT POPULAR (PP)&#8221; use_icon=&#8221;on&#8221; font_icon=&#8221;%%206%%&#8221; icon_color=&#8221;#EDF000&#8243; icon_placement=&#8221;left&#8221; content_max_width=&#8221;1100px&#8221; _builder_version=&#8221;3.22.7&#8243; header_font=&#8221;|700||on|||||&#8221; header_text_color=&#8221;#ecef3e&#8221; body_font=&#8221;||||||||&#8221; body_text_color=&#8221;#d8d8d8&#8243; body_font_size=&#8221;16px&#8221;]Aquesta candidatura ha declinat respondre a aquesta pregunta.<br \/>\n[\/et_pb_blurb][et_pb_blurb title=&#8221;SOMARA PALAM\u00d3S I SANT JOAN (SAP)&#8221; use_icon=&#8221;on&#8221; font_icon=&#8221;%%206%%&#8221; icon_color=&#8221;#EDF000&#8243; icon_placement=&#8221;left&#8221; content_max_width=&#8221;1100px&#8221; _builder_version=&#8221;3.22.7&#8243; header_font=&#8221;|700||on|||||&#8221; header_text_color=&#8221;#ecef3e&#8221; body_font=&#8221;||||||||&#8221; body_text_color=&#8221;#d8d8d8&#8243; body_font_size=&#8221;16px&#8221;]Seguretat, neteja i civisme.<\/p>\n<p>Dinamitzaci\u00f3 del poble.<\/p>\n<p>Creure en el benestar de les persones en un ajuntament \u00e0gil i transparent.<br \/>\n[\/et_pb_blurb][\/et_pb_column][\/et_pb_row][\/et_pb_section][et_pb_section fb_built=&#8221;1&#8243; admin_label=&#8221;TEMA 03&#8243; module_id=&#8221;tema03&#8243; _builder_version=&#8221;3.22.7&#8243; background_color=&#8221;#1a1844&#8243; background_image=&#8221;https:\/\/palamosdigital.com\/tvpalamos\/wp-content\/uploads\/2019\/05\/podcast-03.png&#8221; background_size=&#8221;initial&#8221; background_position=&#8221;top_left&#8221; custom_padding=&#8221;|||&#8221; collapsed=&#8221;on&#8221;][et_pb_row custom_padding=&#8221;80px||0px|||&#8221; custom_padding_phone=&#8221;10px|||&#8221; make_equal=&#8221;on&#8221; custom_padding_last_edited=&#8221;on|phone&#8221; padding_top_bottom_link_2=&#8221;true&#8221; _builder_version=&#8221;3.22.7&#8243; min_height=&#8221;215px&#8221; custom_margin_tablet=&#8221;||-30px&#8221; custom_margin_phone=&#8221;||-80px&#8221; custom_margin_last_edited=&#8221;on|phone&#8221;][et_pb_column type=&#8221;4_4&#8243; _builder_version=&#8221;3.14&#8243;][et_pb_text _builder_version=&#8221;3.22.7&#8243; text_font=&#8221;|600||||on|||&#8221; text_text_color=&#8221;#FFFFFF&#8221; text_font_size=&#8221;25px&#8221; header_font=&#8221;||||||||&#8221; header_text_color=&#8221;#7CDA24&#8243; header_2_font=&#8221;Lato|700|||||||&#8221; header_2_font_size=&#8221;52px&#8221; header_2_font_size_phone=&#8221;36px&#8221; header_2_font_size_last_edited=&#8221;on|phone&#8221; header_2_line_height=&#8221;1.2em&#8221; background_layout=&#8221;dark&#8221;]<\/p>\n<h2>TEMA 03 &#8211; PROPOSTES DESTACADES<\/h2>\n<div>Encara que no siguin urgents, quines s\u00f3n, les 5 propostes que destacarieu de la vostra candidatura.<\/div>\n<p>[\/et_pb_text][et_pb_divider color=&#8221;#E02B20&#8243; divider_style=&#8221;ridge&#8221; divider_weight=&#8221;5px&#8221; _builder_version=&#8221;3.22.7&#8243; max_width=&#8221;120px&#8221; custom_margin=&#8221;||20px&#8221;][\/et_pb_divider][\/et_pb_column][\/et_pb_row][et_pb_row make_equal=&#8221;on&#8221; padding_top_bottom_link_2=&#8221;true&#8221; admin_label=&#8221;Row&#8221; _builder_version=&#8221;3.22.7&#8243;][et_pb_column type=&#8221;4_4&#8243; _builder_version=&#8221;3.14&#8243;][et_pb_blurb title=&#8221;CANDIDATURA D\u2019UNITAT POPULAR \u2013 ALTERNATIVA MUNICIPALISTA (CUP-AMUNT)&#8221; use_icon=&#8221;on&#8221; font_icon=&#8221;%%206%%&#8221; icon_color=&#8221;#EDF000&#8243; icon_placement=&#8221;left&#8221; content_max_width=&#8221;1100px&#8221; _builder_version=&#8221;3.22.7&#8243; header_font=&#8221;|700||on|||||&#8221; header_text_color=&#8221;#ecef3e&#8221; body_font=&#8221;||||||||&#8221; body_text_color=&#8221;#d8d8d8&#8243; body_font_size=&#8221;16px&#8221;]Acabar amb la professionalitzaci\u00f3 de la pol\u00edtica: fer activisme i no carrera pol\u00edtica, limitar sous i c\u00e0rrecs (si la CUP govern\u00e9s, l&#8217;alcaldessa rebutjaria qualsevol tipus de remuneraci\u00f3, els regidors de govern cobrarien un m\u00e0xim de dues vegades el SMI (1800 euros bruts) nom\u00e9s en el suposat cas que haguessin d&#8217;abandonar els seus llocs de treball per a les tasques de govern i reduir\u00edem a la meitat el que cobren els regidors de l&#8217;oposici\u00f3), i supressi\u00f3 de privilegis.<\/p>\n<p>Habitatge: m\u00e9s de 100 habitatges de lloguer social, ja que a la tardor ja tindrem el s\u00f2l per poder-los construir.<\/p>\n<p>Model urb\u00e0: Palam\u00f3s i Sant Joan, vila verda reduint el tr\u00e0nsit rodat al poble, apostant per energies renovables i promoure el residu zero.<\/p>\n<p>Treball: crear una regidoria de treball, impulsar una assemblea d&#8217;aturats, i fomentar el cooperativisme.<\/p>\n<p>Equipaments: crear una escola municipal d&#8217;esports n\u00e0utics i una escola municipal d&#8217;arts i un casal popular.<br \/>\n[\/et_pb_blurb][et_pb_blurb title=&#8221;CIUTADANS \u2013 PARTIDO DE LA CIUDADAN\u00cdA (CS)&#8221; use_icon=&#8221;on&#8221; font_icon=&#8221;%%206%%&#8221; icon_color=&#8221;#EDF000&#8243; icon_placement=&#8221;left&#8221; content_max_width=&#8221;1100px&#8221; _builder_version=&#8221;3.22.7&#8243; header_font=&#8221;|700||on|||||&#8221; header_text_color=&#8221;#ecef3e&#8221; body_font=&#8221;||||||||&#8221; body_text_color=&#8221;#d8d8d8&#8243; body_font_size=&#8221;16px&#8221;]1. Lluitarem per crear a Palam\u00f3s un segon Institut Escola de Capacitaci\u00f3 Nauticopesquera de Catalunya. Instarem al departament d\u2019agricultura, Ramaderia, Pesca i Alimentaci\u00f3 a descentralitzar l&#8217;actual escola de L&#8217;Ametlla de Mar, evitant aix\u00ed els llargs despla\u00e7aments dels nostres professionals i estudiants de cicles. Convertirem Palam\u00f3s i el seu port en el lloc de refer\u00e8ncia per als professionals de la n\u00e0utica.<\/p>\n<p>2. Farem del nostre municipi el millor lloc per a totes les fam\u00edlies: m\u00e9s suports, guarderies i menjadors escolars gratu\u00efts i ajuda a domicili per a cuidar les nostres persones majors, dependents i amb discapacitat.<\/p>\n<p>3. Evitarem que els pressupostos municipals s&#8217;utilitzin per a finan\u00e7ar associacions separatistes com la Associaci\u00f3 de Municipis per la Independ\u00e8ncia. Revisarem tots els contractes, per menors que siguin, i les subvencions. Impedirem la utilitzaci\u00f3 amb finalitats partidistes dels recursos materials i humans de l&#8217;Ajuntament.<\/p>\n<p>4. Elaborarem un pla d&#8217;accessibilitat universal a les platges del nostre&#8230;<span style=\"color: #ff0000;\"><strong>(excedeix les 150 paraules)<\/strong><\/span><br \/>\n[\/et_pb_blurb][et_pb_blurb title=&#8221;ESQUERRA REPUBLICANA DE CATALUNYA \u2013 ACORD MUNICIPAL (ERC-AM)&#8221; use_icon=&#8221;on&#8221; font_icon=&#8221;%%206%%&#8221; icon_color=&#8221;#EDF000&#8243; icon_placement=&#8221;left&#8221; content_max_width=&#8221;1100px&#8221; _builder_version=&#8221;3.22.7&#8243; header_font=&#8221;|700||on|||||&#8221; header_text_color=&#8221;#ecef3e&#8221; body_font=&#8221;||||||||&#8221; body_text_color=&#8221;#d8d8d8&#8243; body_font_size=&#8221;16px&#8221;]Plans de reforma integral als barris, especialment on fa molts anys que no s&#8217;hi interv\u00e9 (Rutlla Alta, Fosca). Tamb\u00e9 seguir amb plans de millora cont\u00ednua a la via p\u00fablica a les voreres, asfaltatges i millora de places. Cami de ronda, passeig continu vorejant el mar; del Passeig de les Pites a Castell. Gaudi pels palamosins i com a opci\u00f3 pels visitants.<\/p>\n<p>Pavell\u00f3 esportiu annex a l\u2019actual, aprofitant l\u2019espai de les antigues instal\u00b7lacions. Entrada \u00fanica fent el conjunt m\u00e9s accessible i incorporant opcions d\u2019aparcament. Impulsar de projectes d\u2019educaci\u00f3 esportiva amb els petits i els adolescents, especialment.<\/p>\n<p>Reserva d\u2019espai per activitats econ\u00f2miques i hospital. Espai alternatiu a la Pietat per a les petits i mitjanes empreses i perqu\u00e8, en el futur, l\u2019hospital pugui cr\u00e9ixer i tenir millors connexions.<\/p>\n<p>Espais per la cultura i les activitats. Proposem millorar els espais culturals (interiors i exteriors) per diferents formats i formes de cultura i treballar&#8230;<span style=\"color: #ff0000;\"><strong>(excedeix a 150 paraules)<\/strong><\/span><br \/>\n[\/et_pb_blurb][et_pb_blurb title=&#8221;JUNTS PER CATALUNYA \u2013 PALAM\u00d3S I SANT JOAN (JXCAT-JUNTS)&#8221; use_icon=&#8221;on&#8221; font_icon=&#8221;%%206%%&#8221; icon_color=&#8221;#EDF000&#8243; icon_placement=&#8221;left&#8221; content_max_width=&#8221;1100px&#8221; _builder_version=&#8221;3.22.7&#8243; header_font=&#8221;|700||on|||||&#8221; header_text_color=&#8221;#ecef3e&#8221; body_font=&#8221;||||||||&#8221; body_text_color=&#8221;#d8d8d8&#8243; body_font_size=&#8221;16px&#8221;]En general en diem una posada al dia. Necessitem una reestructuraci\u00f3 urban\u00edstica per tal de tenir un municipi m\u00e9s eficient i amb una millor qualitat de vida. Amb l\u2019objectiu de dinamitzar l\u2019activitat en el municipi proposem:<\/p>\n<p>Augment de places d\u2019aparcament.<\/p>\n<p>Rehabilitaci\u00f3 del Passeig, ent\u00e8s com a eix vertebrador de l\u2019activitat econ\u00f2mica i social. Per a donar m\u00e9s espai als vianants i noves opcions d\u2019aparcament, siguin subterr\u00e0nies o no.<\/p>\n<p>Recuperar el Club de Tennis Municipal, per tal de dinamitzar el barri del Tennis-Pla d\u2019es Pla, a partir d\u2019unes noves instal\u00b7lacions esportives, amb pistes de tennis, p\u00e0del i piscina coberta.<\/p>\n<p>Potenciar l\u2019\u00c0rea de Serveis Socials de Palam\u00f3s, on el menjador social i els pisos d\u2019emerg\u00e8ncia social seran les nostres prioritats.<\/p>\n<p>Pla Smart Palam\u00f3s, mesures dedicades a modernitzar i sostenibilitzar el municipi, sobretot dirigit en relaci\u00f3 a les energies i la neteja municipal.<br \/>\n[\/et_pb_blurb][et_pb_blurb title=&#8221;JUNTS X PALAM\u00d3S I SANT JOAN \u2013 TOTS EMPORD\u00c0 (JXPSJ-TE)&#8221; use_icon=&#8221;on&#8221; font_icon=&#8221;%%206%%&#8221; icon_color=&#8221;#EDF000&#8243; icon_placement=&#8221;left&#8221; content_max_width=&#8221;1100px&#8221; _builder_version=&#8221;3.22.7&#8243; header_font=&#8221;|700||on|||||&#8221; header_text_color=&#8221;#ecef3e&#8221; body_font=&#8221;||||||||&#8221; body_text_color=&#8221;#d8d8d8&#8243; body_font_size=&#8221;16px&#8221;]Millorarem i potenciarem la creaci\u00f3 d&#8217;espais l\u00fadics controlats per animals de companyia. Les demandes dels vilatans seran la m\u00e0xima prioritat de govern. Oferint un servei d&#8217;atenci\u00f3 directa amb l\u2019alcalde i regidors, creant la figura del Regidor de Zona.<br \/>\n[\/et_pb_blurb][et_pb_blurb title=&#8221;PARTIT DELS SOCIALISTES DE CATALUNYA \u2013 CANDIDATURA DE PROGR\u00c9S (PSC-CP)&#8221; use_icon=&#8221;on&#8221; font_icon=&#8221;%%206%%&#8221; icon_color=&#8221;#EDF000&#8243; icon_placement=&#8221;left&#8221; content_max_width=&#8221;1100px&#8221; _builder_version=&#8221;3.22.7&#8243; header_font=&#8221;|700||on|||||&#8221; header_text_color=&#8221;#ecef3e&#8221; body_font=&#8221;||||||||&#8221; body_text_color=&#8221;#d8d8d8&#8243; body_font_size=&#8221;16px&#8221;]Aquesta candidatura ha declinat respondre a aquesta pregunta.<br \/>\n[\/et_pb_blurb][et_pb_blurb title=&#8221;PARTIDO POPULAR \/ PARTIT POPULAR (PP)&#8221; use_icon=&#8221;on&#8221; font_icon=&#8221;%%206%%&#8221; icon_color=&#8221;#EDF000&#8243; icon_placement=&#8221;left&#8221; content_max_width=&#8221;1100px&#8221; _builder_version=&#8221;3.22.7&#8243; header_font=&#8221;|700||on|||||&#8221; header_text_color=&#8221;#ecef3e&#8221; body_font=&#8221;||||||||&#8221; body_text_color=&#8221;#d8d8d8&#8243; body_font_size=&#8221;16px&#8221;]Aquesta candidatura ha declinat respondre a aquesta pregunta.<br \/>\n[\/et_pb_blurb][et_pb_blurb title=&#8221;SOMARA PALAM\u00d3S I SANT JOAN (SAP)&#8221; use_icon=&#8221;on&#8221; font_icon=&#8221;%%206%%&#8221; icon_color=&#8221;#EDF000&#8243; icon_placement=&#8221;left&#8221; content_max_width=&#8221;1100px&#8221; _builder_version=&#8221;3.22.7&#8243; header_font=&#8221;|700||on|||||&#8221; header_text_color=&#8221;#ecef3e&#8221; body_font=&#8221;||||||||&#8221; body_text_color=&#8221;#d8d8d8&#8243; body_font_size=&#8221;16px&#8221;]Un municipi obert, d&#8217;oportunitats al m\u00f3n i transformador.<br \/>\nUn municipi segur, civic i net.<br \/>\nUn municipi referent de modernitat.<br \/>\nUn municipi din\u00e0mic econ\u00f2micament i socialment.<br \/>\nUn municipi centrat en el benestar dels seus ciutadans.<br \/>\n[\/et_pb_blurb][\/et_pb_column][\/et_pb_row][\/et_pb_section][et_pb_section fb_built=&#8221;1&#8243; admin_label=&#8221;TEMA 04&#8243; module_id=&#8221;tema04&#8243; _builder_version=&#8221;3.22.7&#8243; background_color=&#8221;#1a1844&#8243; background_image=&#8221;https:\/\/palamosdigital.com\/tvpalamos\/wp-content\/uploads\/2019\/05\/podcast-03.png&#8221; background_size=&#8221;initial&#8221; background_position=&#8221;top_left&#8221; custom_padding=&#8221;|||&#8221; collapsed=&#8221;on&#8221;][et_pb_row custom_padding=&#8221;80px||0px|||&#8221; custom_padding_phone=&#8221;10px|||&#8221; make_equal=&#8221;on&#8221; custom_padding_last_edited=&#8221;on|phone&#8221; padding_top_bottom_link_2=&#8221;true&#8221; _builder_version=&#8221;3.22.7&#8243; min_height=&#8221;215px&#8221; custom_margin_tablet=&#8221;||-30px&#8221; custom_margin_phone=&#8221;||-80px&#8221; custom_margin_last_edited=&#8221;on|phone&#8221;][et_pb_column type=&#8221;4_4&#8243; _builder_version=&#8221;3.14&#8243;][et_pb_text _builder_version=&#8221;3.22.7&#8243; text_font=&#8221;|600||||on|||&#8221; text_text_color=&#8221;#FFFFFF&#8221; text_font_size=&#8221;25px&#8221; header_font=&#8221;||||||||&#8221; header_text_color=&#8221;#7CDA24&#8243; header_2_font=&#8221;Lato|700|||||||&#8221; header_2_font_size=&#8221;52px&#8221; header_2_font_size_phone=&#8221;36px&#8221; header_2_font_size_last_edited=&#8221;on|phone&#8221; header_2_line_height=&#8221;1.2em&#8221; background_layout=&#8221;dark&#8221;]<\/p>\n<h2>TEMA 04 &#8211; TRACTAMENT DE RESIDUS URBANS \/ MEDI AMBIENT<\/h2>\n<h4>\u00c9s un cl\u00e0ssic que en cada proc\u00e8s electoral es digui la coneguda frase de &#8220;Palam\u00f3s est\u00e0 brut&#8221;. Considereu qu\u00e8 \u00e9s aix\u00ed? Quines mesures proposeu per millorar el servei? Com es pot millorar el Medi Ambient en el nostre territori Quines mesures proposeu per preservar el territori envers possibles especulacions?<\/h4>\n<p>[\/et_pb_text][et_pb_divider color=&#8221;#E02B20&#8243; divider_style=&#8221;ridge&#8221; divider_weight=&#8221;5px&#8221; _builder_version=&#8221;3.22.7&#8243; max_width=&#8221;120px&#8221; custom_margin=&#8221;||20px&#8221;][\/et_pb_divider][\/et_pb_column][\/et_pb_row][et_pb_row make_equal=&#8221;on&#8221; padding_top_bottom_link_2=&#8221;true&#8221; admin_label=&#8221;Row&#8221; _builder_version=&#8221;3.22.7&#8243;][et_pb_column type=&#8221;4_4&#8243; _builder_version=&#8221;3.14&#8243;][et_pb_blurb title=&#8221;CANDIDATURA D\u2019UNITAT POPULAR \u2013 ALTERNATIVA MUNICIPALISTA (CUP-AMUNT)&#8221; use_icon=&#8221;on&#8221; font_icon=&#8221;%%206%%&#8221; icon_color=&#8221;#EDF000&#8243; icon_placement=&#8221;left&#8221; content_max_width=&#8221;1100px&#8221; _builder_version=&#8221;3.22.7&#8243; header_font=&#8221;|700||on|||||&#8221; header_text_color=&#8221;#ecef3e&#8221; body_font=&#8221;||||||||&#8221; body_text_color=&#8221;#d8d8d8&#8243; body_font_size=&#8221;16px&#8221;]Palam\u00f3s i Sant Joan no \u00e9s brut. Hi ha alguns ciutadans que no respecten les normes de conviv\u00e8ncia i, a la vegada, una policia que no entoma les tasques de l&#8217;ordenan\u00e7a municipal. Per a millorar el servei, creiem que caldria municipalitzar el servei de neteja (actualment externalitzat) i impulsar el decreixement i el residu zero, juntament amb el sistema porta-a-porta. Apostem per rescatar s\u00f2l urb\u00e0 i declarar-lo no urbanitzable ja que en molts casos no t\u00e9 cost per l&#8217;admnistraci\u00f3.<br \/>\n[\/et_pb_blurb][et_pb_blurb title=&#8221;CIUTADANS \u2013 PARTIDO DE LA CIUDADAN\u00cdA (CS)&#8221; use_icon=&#8221;on&#8221; font_icon=&#8221;%%206%%&#8221; icon_color=&#8221;#EDF000&#8243; icon_placement=&#8221;left&#8221; content_max_width=&#8221;1100px&#8221; _builder_version=&#8221;3.22.7&#8243; header_font=&#8221;|700||on|||||&#8221; header_text_color=&#8221;#ecef3e&#8221; body_font=&#8221;||||||||&#8221; body_text_color=&#8221;#d8d8d8&#8243; body_font_size=&#8221;16px&#8221;]Des de Ciutadans considerem que Palam\u00f3s te una mancan\u00e7a de neteja. Aplicarem les millors pr\u00e0ctiques internacionals en la recollida i el tractament dels residus s\u00f2lids urbans. Volem reduir els temps de perman\u00e8ncia en l&#8217;espai p\u00fablic dels residus mitjan\u00e7ant la utilitzaci\u00f3 de noves tecnologies i reorganitzaci\u00f3 de rutes de camions. Ampliarem la recollida selectiva de residus, potenciarem els punts nets i donarem m\u00e0xima prioritat al reciclatge de pl\u00e0stics per a no veure&#8217;ls en abocadors, s\u00f2ls o mars.<\/p>\n<p>Aprovarem un Pla de Qualitat de l&#8217;Aire que comporti mesures i suports des de totes les Administracions P\u00fabliques. Apostarem per una coordinaci\u00f3 interadministrativa i per la planificaci\u00f3 a curt, mitj\u00e0 i llarg termini de les pol\u00edtiques per a lluitar contra la contaminaci\u00f3 en els nostres municipis. Els nostres Plans de Qualitat de l&#8217;Aire partiran, per convicci\u00f3, des de la prevenci\u00f3 i no des de la prohibici\u00f3 i punici\u00f3.<br \/>\n[\/et_pb_blurb][et_pb_blurb title=&#8221;ESQUERRA REPUBLICANA DE CATALUNYA \u2013 ACORD MUNICIPAL (ERC-AM)&#8221; use_icon=&#8221;on&#8221; font_icon=&#8221;%%206%%&#8221; icon_color=&#8221;#EDF000&#8243; icon_placement=&#8221;left&#8221; content_max_width=&#8221;1100px&#8221; _builder_version=&#8221;3.22.7&#8243; header_font=&#8221;|700||on|||||&#8221; header_text_color=&#8221;#ecef3e&#8221; body_font=&#8221;||||||||&#8221; body_text_color=&#8221;#d8d8d8&#8243; body_font_size=&#8221;16px&#8221;]Les auditories que fem del servei donen dades objectives que reforcen aquesta opini\u00f3 de forma objectiva; ha millorat en el seu global tot i que hi ha diversos punts i llocs on cal seguir treballant. Quan calgui impulsar un nou contracte podem millorar aspectes organitzatius i serveis mecanitzant algunes neteges, pex.<\/p>\n<p>Tamb\u00e9 cal seguir apostant pel civisme consolidant els agents c\u00edvics. En el tractament de residus proposem treballar amb consens pol\u00edtic un nou model on el comprom\u00eds dels ciutadans a les llars ser\u00e0 important\u00edssim per seguir augmentant el reciclatge i posar-nos als \u00edndexs a nivell europeu.<\/p>\n<p>En la gesti\u00f3 de la costa cal unir esfor\u00e7os. La Generalitat t\u00e9 m\u00e9s recursos i m\u00e9s eines de gesti\u00f3 urban\u00edstic; demanem aprofundir en altres zones encara que hi hagi risc d\u2019haver d\u2019assumir-ne costos. A la Pietat, en vistes de la mateixa contradicci\u00f3 a la qual ha entrat la Generalitat demanem obrir alternatives i avan\u00e7ar&#8230;<span style=\"color: #ff0000;\"><strong>(excedeix les 150 paraules)<\/strong><\/span><br \/>\n[\/et_pb_blurb][et_pb_blurb title=&#8221;JUNTS PER CATALUNYA \u2013 PALAM\u00d3S I SANT JOAN (JXCAT-JUNTS)&#8221; use_icon=&#8221;on&#8221; font_icon=&#8221;%%206%%&#8221; icon_color=&#8221;#EDF000&#8243; icon_placement=&#8221;left&#8221; content_max_width=&#8221;1100px&#8221; _builder_version=&#8221;3.22.7&#8243; header_font=&#8221;|700||on|||||&#8221; header_text_color=&#8221;#ecef3e&#8221; body_font=&#8221;||||||||&#8221; body_text_color=&#8221;#d8d8d8&#8243; body_font_size=&#8221;16px&#8221;]No es tracta d\u2019un cl\u00e0ssic per qu\u00e8 s\u00ed, \u00e9s una trista realitat.<\/p>\n<p>Apostem per una vil\u00b7la intel\u00b7ligent, el Pla Smart Palam\u00f3s desemboca en dues vessants principals, una pel que fa a la sostenibilitat energ\u00e8tica i medioambiental i una altra sobre la higiene del poble.<\/p>\n<p>Pel que fa a la primera: Palam\u00f3s emissions 0, on incorporarem les energies renovables als equipaments municipals; foment de les anteriors mitjan\u00e7ant bonificacions i reconeixements, com ja es fa a d\u2019altres municipis; substituci\u00f3 de l\u2019enllumenat energ\u00e8ticament deficient; Nous punts de rec\u00e0rrega per vehicles el\u00e8ctrics&#8230;<\/p>\n<p>I per la neteja proposem la negociaci\u00f3 del contracte, sabem que el nostre poble pateix moviments demogr\u00e0fics que repercuteixen en la higiene del poble, cal tenir-ho present. Tamb\u00e9 proposem la incorporaci\u00f3 de minideixalleries en panells publicitaris; avan\u00e7ar en l\u2019estudi i negociacions per mancomunar la gesti\u00f3 de residus; i recobrir les zones de rebuig amb un tancat, millorant l\u2019est\u00e8tica i amortir comportaments inc\u00edvics.<br \/>\n[\/et_pb_blurb][et_pb_blurb title=&#8221;JUNTS X PALAM\u00d3S I SANT JOAN \u2013 TOTS EMPORD\u00c0 (JXPSJ-TE)&#8221; use_icon=&#8221;on&#8221; font_icon=&#8221;%%206%%&#8221; icon_color=&#8221;#EDF000&#8243; icon_placement=&#8221;left&#8221; content_max_width=&#8221;1100px&#8221; _builder_version=&#8221;3.22.7&#8243; header_font=&#8221;|700||on|||||&#8221; header_text_color=&#8221;#ecef3e&#8221; body_font=&#8221;||||||||&#8221; body_text_color=&#8221;#d8d8d8&#8243; body_font_size=&#8221;16px&#8221;]Continuarem preservant l\u2019entorn de La Pietat com a corredor mediambiental i no permetrem el desenvolupament del pol\u00edgon industrial plantejat. Donarem les sinergies positives per a que prosperi i es desenvolupi la implantaci\u00f3 del PEIN Castell-Cap Roig, i especialment la seva zona mar\u00edtima. Treballarem per evitar qualsevol intenci\u00f3 de desenvolupament urban\u00edstic en zones sensibles de la nostra fa\u00e7ana mar\u00edtima i Costa, aix\u00ed com a en zones rurals d\u2019especial sensibilitat mediambiental.<\/p>\n<p>Impulsarem de manera decidida l\u2019abandonament progressiu de les energies no renovables, que resulten contaminants i ineficients. Dissenyarem un model de xarxa el\u00e8ctrica intel\u00b7ligent i una estructura tarif\u00e0ria per afavorir l&#8217;entrada d&#8217;energies renovables i la cogeneraci\u00f3. Prendrem mesures per reduir els residus que produ\u00efm: potenciar el comer\u00e7 a granel, promoure un sistema de retorn d\u2019envasos, bonificaci\u00f3 fiscal del reciclatge.<br \/>\n[\/et_pb_blurb][et_pb_blurb title=&#8221;PARTIT DELS SOCIALISTES DE CATALUNYA \u2013 CANDIDATURA DE PROGR\u00c9S (PSC-CP)&#8221; use_icon=&#8221;on&#8221; font_icon=&#8221;%%206%%&#8221; icon_color=&#8221;#EDF000&#8243; icon_placement=&#8221;left&#8221; content_max_width=&#8221;1100px&#8221; _builder_version=&#8221;3.22.7&#8243; header_font=&#8221;|700||on|||||&#8221; header_text_color=&#8221;#ecef3e&#8221; body_font=&#8221;||||||||&#8221; body_text_color=&#8221;#d8d8d8&#8243; body_font_size=&#8221;16px&#8221;]Aquesta candidatura ha declinat respondre a aquesta pregunta.<br \/>\n[\/et_pb_blurb][et_pb_blurb title=&#8221;PARTIDO POPULAR \/ PARTIT POPULAR (PP)&#8221; use_icon=&#8221;on&#8221; font_icon=&#8221;%%206%%&#8221; icon_color=&#8221;#EDF000&#8243; icon_placement=&#8221;left&#8221; content_max_width=&#8221;1100px&#8221; _builder_version=&#8221;3.22.7&#8243; header_font=&#8221;|700||on|||||&#8221; header_text_color=&#8221;#ecef3e&#8221; body_font=&#8221;||||||||&#8221; body_text_color=&#8221;#d8d8d8&#8243; body_font_size=&#8221;16px&#8221;]Aquesta candidatura ha declinat respondre a aquesta pregunta.<br \/>\n[\/et_pb_blurb][et_pb_blurb title=&#8221;SOMARA PALAM\u00d3S I SANT JOAN (SAP)&#8221; use_icon=&#8221;on&#8221; font_icon=&#8221;%%206%%&#8221; icon_color=&#8221;#EDF000&#8243; icon_placement=&#8221;left&#8221; content_max_width=&#8221;1100px&#8221; _builder_version=&#8221;3.22.7&#8243; header_font=&#8221;|700||on|||||&#8221; header_text_color=&#8221;#ecef3e&#8221; body_font=&#8221;||||||||&#8221; body_text_color=&#8221;#d8d8d8&#8243; body_font_size=&#8221;16px&#8221;]La neteja \u00e9s molt millorable. La concessi\u00f3 expira el 2022. Cal ser molt m\u00e9s exigent amb l\u2019empresa concession\u00e0ria. Un tema pendent i no resolt \u00e9s la licitaci\u00f3 de la deixalleria. Cal ser molt m\u00e9s ambiciosos.<br \/>\n[\/et_pb_blurb][\/et_pb_column][\/et_pb_row][\/et_pb_section][et_pb_section fb_built=&#8221;1&#8243; disabled_on=&#8221;off|off|off&#8221; admin_label=&#8221;TEMA 05&#8243; module_id=&#8221;tema05&#8243; _builder_version=&#8221;3.22.7&#8243; background_color=&#8221;#1a1844&#8243; background_image=&#8221;https:\/\/palamosdigital.com\/tvpalamos\/wp-content\/uploads\/2019\/05\/podcast-03.png&#8221; background_size=&#8221;initial&#8221; background_position=&#8221;top_left&#8221; custom_padding=&#8221;|||&#8221; collapsed=&#8221;on&#8221;][et_pb_row custom_padding=&#8221;80px||0px|||&#8221; custom_padding_phone=&#8221;10px|||&#8221; make_equal=&#8221;on&#8221; custom_padding_last_edited=&#8221;on|phone&#8221; padding_top_bottom_link_2=&#8221;true&#8221; _builder_version=&#8221;3.22.7&#8243; min_height=&#8221;215px&#8221; custom_margin_tablet=&#8221;||-30px&#8221; custom_margin_phone=&#8221;||-80px&#8221; custom_margin_last_edited=&#8221;on|phone&#8221;][et_pb_column type=&#8221;4_4&#8243; _builder_version=&#8221;3.14&#8243;][et_pb_text _builder_version=&#8221;3.22.7&#8243; text_font=&#8221;|600||||on|||&#8221; text_text_color=&#8221;#FFFFFF&#8221; text_font_size=&#8221;25px&#8221; header_font=&#8221;||||||||&#8221; header_text_color=&#8221;#7CDA24&#8243; header_2_font=&#8221;Lato|700|||||||&#8221; header_2_font_size=&#8221;52px&#8221; header_2_font_size_phone=&#8221;36px&#8221; header_2_font_size_last_edited=&#8221;on|phone&#8221; header_2_line_height=&#8221;1.2em&#8221; background_layout=&#8221;dark&#8221;]<\/p>\n<h2>TEMA 05 &#8211; ELS APARCAMENTS<\/h2>\n<div>Pet totes i tots \u00e9s coneguda la manca de suficients aparcaments pels ciutadans i per les persones que ens visiten. Quines propostes presenteu per millorar aquest tema? Quins nous aparcaments proposeu? Considereu correcte l&#8217;actual plantejament de les zones blaves, verdes i vermelles? Quines noves propostes en teniu al respecte?<\/div>\n<p>[\/et_pb_text][et_pb_divider color=&#8221;#E02B20&#8243; divider_style=&#8221;ridge&#8221; divider_weight=&#8221;5px&#8221; _builder_version=&#8221;3.22.7&#8243; max_width=&#8221;120px&#8221; custom_margin=&#8221;||20px&#8221;][\/et_pb_divider][\/et_pb_column][\/et_pb_row][et_pb_row make_equal=&#8221;on&#8221; padding_top_bottom_link_2=&#8221;true&#8221; admin_label=&#8221;Row&#8221; _builder_version=&#8221;3.22.7&#8243;][et_pb_column type=&#8221;4_4&#8243; _builder_version=&#8221;3.14&#8243;][et_pb_blurb title=&#8221;CANDIDATURA D\u2019UNITAT POPULAR \u2013 ALTERNATIVA MUNICIPALISTA (CUP-AMUNT)&#8221; use_icon=&#8221;on&#8221; font_icon=&#8221;%%206%%&#8221; icon_color=&#8221;#EDF000&#8243; icon_placement=&#8221;left&#8221; content_max_width=&#8221;1100px&#8221; _builder_version=&#8221;3.22.7&#8243; header_font=&#8221;|700||on|||||&#8221; header_text_color=&#8221;#ecef3e&#8221; body_font=&#8221;||||||||&#8221; body_text_color=&#8221;#d8d8d8&#8243; body_font_size=&#8221;16px&#8221;]Creiem que amb la proposta de reduir el tr\u00e0nsit rodat i eliminant els aparcaments al centre del poble, convertir\u00edem la vila en una vila pac\u00edfica i tranquil.la on el vianant i la vida social en seria la protagonista.<\/p>\n<p>Cal replantejar el sistema de zones verdes, vermelles i blaves i, en tot cas, municipalitzar-ne la gesti\u00f3.<\/p>\n<p>Proposem aparcaments als afores amb transport col.lectiu freq\u00fcent que facilitin la mobilitat de les persones.<br \/>\n[\/et_pb_blurb][et_pb_blurb title=&#8221;CIUTADANS \u2013 PARTIDO DE LA CIUDADAN\u00cdA (CS)&#8221; use_icon=&#8221;on&#8221; font_icon=&#8221;%%206%%&#8221; icon_color=&#8221;#EDF000&#8243; icon_placement=&#8221;left&#8221; content_max_width=&#8221;1100px&#8221; _builder_version=&#8221;3.22.7&#8243; header_font=&#8221;|700||on|||||&#8221; header_text_color=&#8221;#ecef3e&#8221; body_font=&#8221;||||||||&#8221; body_text_color=&#8221;#d8d8d8&#8243; body_font_size=&#8221;16px&#8221;]Millorarem l&#8217;oferta de p\u00e0rquing p\u00fablic, prioritzarem la seva localitzaci\u00f3 als afores del nucli urb\u00e0 i interconnectats amb el transport p\u00fablic, vies per a vianants i vies per bicicletes. Palam\u00f3s ha de se un municipi amb millor circulaci\u00f3 i m\u00e9s vies verdes.<\/p>\n<p>Incorporarem punts de rec\u00e0rrega per vehicles el\u00e8ctrics, amb places d\u2019aparcament reservades. Les zones d&#8217;aparcament en superf\u00edcie (zones blaves \/ verds) s&#8217;establiran all\u00ed on sigui necessari per a garantir un \u00fas racional d&#8217;aquests espais, especialment en el centre de la ciutat, per\u00f2 no de manera indiscriminada ni amb criteris recaptatoris. Aix\u00ed mateix la grua municipal ha de tenir com a finalitat la retirada de vehicles que afectin la circulaci\u00f3, mai una finalitat recaptat\u00f2ria. Es bonificaran les zones blaves amb les compres en el comer\u00e7 local.<br \/>\n[\/et_pb_blurb][et_pb_blurb title=&#8221;ESQUERRA REPUBLICANA DE CATALUNYA \u2013 ACORD MUNICIPAL (ERC-AM)&#8221; use_icon=&#8221;on&#8221; font_icon=&#8221;%%206%%&#8221; icon_color=&#8221;#EDF000&#8243; icon_placement=&#8221;left&#8221; content_max_width=&#8221;1100px&#8221; _builder_version=&#8221;3.22.7&#8243; header_font=&#8221;|700||on|||||&#8221; header_text_color=&#8221;#ecef3e&#8221; body_font=&#8221;||||||||&#8221; body_text_color=&#8221;#d8d8d8&#8243; body_font_size=&#8221;16px&#8221;]El vianant i el ciclista han de guanyar protagonisme a la via p\u00fablica i per aix\u00f2, fem propostes paral\u00b7lelament de zones d\u2019aparcament. Hem treballat diversos aparcaments complementaris com la pla\u00e7a de l\u2019energia i proposem seguir treballant a altres zones (pex, Santiago Ba\u00f1eras, Cementiri de Palam\u00f3s). El nou Pla especial del Port tamb\u00e9 podria crear nous<br \/>\nespais d&#8217;estacionament a la zona del Port.<\/p>\n<p>A les zones ADER hi haur\u00e0 millores ostensibles que s\u2019han incorporat a la nova ordenan\u00e7a a partir de debats ciutadans; estan pendents d\u2019aplicaci\u00f3 quan comenci el nou concessionari. Les millores que s\u2019aplicaran seran tant en la rotaci\u00f3 de vehicles com en avantatges per la gent de Palam\u00f3s i sant Joan (com per exemple, 30 min gratu\u00efts passeig, seguir amb gratuitat zona verda i 1h gratuita zona vermella cervantes, 1 euro treballadors no<br \/>\nempadronats,&#8230;).<br \/>\n[\/et_pb_blurb][et_pb_blurb title=&#8221;JUNTS PER CATALUNYA \u2013 PALAM\u00d3S I SANT JOAN (JXCAT-JUNTS)&#8221; use_icon=&#8221;on&#8221; font_icon=&#8221;%%206%%&#8221; icon_color=&#8221;#EDF000&#8243; icon_placement=&#8221;left&#8221; content_max_width=&#8221;1100px&#8221; _builder_version=&#8221;3.22.7&#8243; header_font=&#8221;|700||on|||||&#8221; header_text_color=&#8221;#ecef3e&#8221; body_font=&#8221;||||||||&#8221; body_text_color=&#8221;#d8d8d8&#8243; body_font_size=&#8221;16px&#8221;]<\/p>\n<p dir=\"ltr\">Sabem, i de fet, patim la manca d\u2019aparcament del municipi, \u00e9s per aix\u00f2 que ens hem plantejat diferents solucions, proposant-ho mitjan\u00e7ant renders per a facilitar i visualitzar les nostres idees.<\/p>\n<p dir=\"ltr\">Proposem dos models de reforma de passeig del mar, el quals en ambd\u00f3s casos l\u2019aparcament \u00e9s un punt important\u00edssim, en un proposem un aparcament subterrani i en l\u2019altre en forma d\u2019espina de peix. Dos opcions de reforma, per\u00f2 sempre amb l\u2019aparcament al punt de mira. Aix\u00ed mateix, tamb\u00e9 proposem la reordenaci\u00f3 de la Pla\u00e7a Cervantes amb un possible aparcament subterrani.\u00a0 No obstant no ens tanquem a noves propostes, sabem que la participaci\u00f3 i opini\u00f3 ciutadana \u00e9s cabdal, i m\u00e9s en aspectes de mobilitat.<\/p>\n<p dir=\"ltr\">Amb tot aix\u00f2, volem fer especial \u00e8mfasi en la necessitat d\u2019augmentar les places per a rec\u00e0rrega el\u00e8ctrica. Apostem pels certificats i distintius pels ciutadans que fan vida i treballen a Palam\u00f3s. Per a millorar la mobilitat.<\/p>\n<p>[\/et_pb_blurb][et_pb_blurb title=&#8221;JUNTS X PALAM\u00d3S I SANT JOAN \u2013 TOTS EMPORD\u00c0 (JXPSJ-TE)&#8221; use_icon=&#8221;on&#8221; font_icon=&#8221;%%206%%&#8221; icon_color=&#8221;#EDF000&#8243; icon_placement=&#8221;left&#8221; content_max_width=&#8221;1100px&#8221; _builder_version=&#8221;3.22.7&#8243; header_font=&#8221;|700||on|||||&#8221; header_text_color=&#8221;#ecef3e&#8221; body_font=&#8221;||||||||&#8221; body_text_color=&#8221;#d8d8d8&#8243; body_font_size=&#8221;16px&#8221;]Municipalitzarem els serveis externalitzats com ara: deixalleria, piscina mancomunada i gesti\u00f3 dels p\u00e0rquings.<br \/>\nAfavorirem l\u2019\u00fas dels aparcaments dissuasius existents i en potenciarem de nous, combinats amb transport p\u00fablic i les xarxes ciclistes.<br \/>\n[\/et_pb_blurb][et_pb_blurb title=&#8221;PARTIT DELS SOCIALISTES DE CATALUNYA \u2013 CANDIDATURA DE PROGR\u00c9S (PSC-CP)&#8221; use_icon=&#8221;on&#8221; font_icon=&#8221;%%206%%&#8221; icon_color=&#8221;#EDF000&#8243; icon_placement=&#8221;left&#8221; content_max_width=&#8221;1100px&#8221; _builder_version=&#8221;3.22.7&#8243; header_font=&#8221;|700||on|||||&#8221; header_text_color=&#8221;#ecef3e&#8221; body_font=&#8221;||||||||&#8221; body_text_color=&#8221;#d8d8d8&#8243; body_font_size=&#8221;16px&#8221;]Aquesta candidatura ha declinat respondre a aquesta pregunta.<br \/>\n[\/et_pb_blurb][et_pb_blurb title=&#8221;PARTIDO POPULAR \/ PARTIT POPULAR (PP)&#8221; use_icon=&#8221;on&#8221; font_icon=&#8221;%%206%%&#8221; icon_color=&#8221;#EDF000&#8243; icon_placement=&#8221;left&#8221; content_max_width=&#8221;1100px&#8221; _builder_version=&#8221;3.22.7&#8243; header_font=&#8221;|700||on|||||&#8221; header_text_color=&#8221;#ecef3e&#8221; body_font=&#8221;||||||||&#8221; body_text_color=&#8221;#d8d8d8&#8243; body_font_size=&#8221;16px&#8221;]Aquesta candidatura ha declinat respondre a aquesta pregunta.<br \/>\n[\/et_pb_blurb][et_pb_blurb title=&#8221;SOMARA PALAM\u00d3S I SANT JOAN (SAP)&#8221; use_icon=&#8221;on&#8221; font_icon=&#8221;%%206%%&#8221; icon_color=&#8221;#EDF000&#8243; icon_placement=&#8221;left&#8221; content_max_width=&#8221;1100px&#8221; _builder_version=&#8221;3.22.7&#8243; header_font=&#8221;|700||on|||||&#8221; header_text_color=&#8221;#ecef3e&#8221; body_font=&#8221;||||||||&#8221; body_text_color=&#8221;#d8d8d8&#8243; body_font_size=&#8221;16px&#8221;]Manquen places d\u2019aparcament a Palam\u00f3s. Aquest problema de deficient rotaci\u00f3 implica que molta gent desisteixi de venir a la nostra vila per evitar problemes d\u2019aparcament i d\u2019altres incomoditats. \u00c9s un dels m\u00e9s greus problemes que t\u00e9 la nostra vila.<br \/>\n[\/et_pb_blurb][\/et_pb_column][\/et_pb_row][\/et_pb_section][et_pb_section fb_built=&#8221;1&#8243; disabled_on=&#8221;off|off|off&#8221; admin_label=&#8221;TEMA 06&#8243; module_id=&#8221;tema06&#8243; _builder_version=&#8221;3.22.7&#8243; background_color=&#8221;#1a1844&#8243; background_image=&#8221;https:\/\/palamosdigital.com\/tvpalamos\/wp-content\/uploads\/2019\/05\/podcast-03.png&#8221; background_size=&#8221;initial&#8221; background_position=&#8221;top_left&#8221; custom_padding=&#8221;|||&#8221; collapsed=&#8221;on&#8221;][et_pb_row custom_padding=&#8221;80px||0px|||&#8221; custom_padding_phone=&#8221;10px|||&#8221; make_equal=&#8221;on&#8221; custom_padding_last_edited=&#8221;on|phone&#8221; padding_top_bottom_link_2=&#8221;true&#8221; _builder_version=&#8221;3.22.7&#8243; min_height=&#8221;215px&#8221; custom_margin_tablet=&#8221;||-30px&#8221; custom_margin_phone=&#8221;||-80px&#8221; custom_margin_last_edited=&#8221;on|phone&#8221;][et_pb_column type=&#8221;4_4&#8243; _builder_version=&#8221;3.14&#8243;][et_pb_text _builder_version=&#8221;3.22.7&#8243; text_font=&#8221;|600||||on|||&#8221; text_text_color=&#8221;#FFFFFF&#8221; text_font_size=&#8221;25px&#8221; header_font=&#8221;||||||||&#8221; header_text_color=&#8221;#7CDA24&#8243; header_2_font=&#8221;Lato|700|||||||&#8221; header_2_font_size=&#8221;52px&#8221; header_2_font_size_phone=&#8221;36px&#8221; header_2_font_size_last_edited=&#8221;on|phone&#8221; header_2_line_height=&#8221;1.2em&#8221; background_layout=&#8221;dark&#8221;]<\/p>\n<h2>TEMA 06 &#8211; SEGON INSTITUT O SEGON PAVELL\u00d3?<\/h2>\n<div>De ben segur que la majoria de vilatans els hi agradarien les dues opcions. Sense desmer\u00e8ixer l&#8217;altre, quina considereu m\u00e9s priorit\u00e0ria i per qu\u00e8?<\/div>\n<p>[\/et_pb_text][et_pb_divider color=&#8221;#E02B20&#8243; divider_style=&#8221;ridge&#8221; divider_weight=&#8221;5px&#8221; _builder_version=&#8221;3.22.7&#8243; max_width=&#8221;120px&#8221; custom_margin=&#8221;||20px&#8221;][\/et_pb_divider][\/et_pb_column][\/et_pb_row][et_pb_row make_equal=&#8221;on&#8221; padding_top_bottom_link_2=&#8221;true&#8221; admin_label=&#8221;Row&#8221; _builder_version=&#8221;3.22.7&#8243;][et_pb_column type=&#8221;4_4&#8243; _builder_version=&#8221;3.14&#8243;][et_pb_blurb title=&#8221;CANDIDATURA D\u2019UNITAT POPULAR \u2013 ALTERNATIVA MUNICIPALISTA (CUP-AMUNT)&#8221; use_icon=&#8221;on&#8221; font_icon=&#8221;%%206%%&#8221; icon_color=&#8221;#EDF000&#8243; icon_placement=&#8221;left&#8221; content_max_width=&#8221;1100px&#8221; _builder_version=&#8221;3.22.7&#8243; header_font=&#8221;|700||on|||||&#8221; header_text_color=&#8221;#ecef3e&#8221; body_font=&#8221;||||||||&#8221; body_text_color=&#8221;#d8d8d8&#8243; body_font_size=&#8221;16px&#8221;]El segon institut creiem que \u00e9s necessari i prioritari perqu\u00e8 cal augmentar l&#8217;oferta de cicles formatius (i tamb\u00e9 oferir noves fam\u00edlies professionals que actualment no s&#8217;ofereixen a la comarca) i poder disminuir el nombre d&#8217;alumnat per centre evitant aix\u00ed la massificaci\u00f3. La demanda d&#8217;un nou institut tamb\u00e9 l&#8217;hem secundada i recolzada.<br \/>\n[\/et_pb_blurb][et_pb_blurb title=&#8221;CIUTADANS \u2013 PARTIDO DE LA CIUDADAN\u00cdA (CS)&#8221; use_icon=&#8221;on&#8221; font_icon=&#8221;%%206%%&#8221; icon_color=&#8221;#EDF000&#8243; icon_placement=&#8221;left&#8221; content_max_width=&#8221;1100px&#8221; _builder_version=&#8221;3.22.7&#8243; header_font=&#8221;|700||on|||||&#8221; header_text_color=&#8221;#ecef3e&#8221; body_font=&#8221;||||||||&#8221; body_text_color=&#8221;#d8d8d8&#8243; body_font_size=&#8221;16px&#8221;]Si b\u00e9 totes dues opcions s\u00f3n importants, nosaltres prioritzem el segon institut per poder donar resposta a la saturaci\u00f3 a les aules, diversificar ubicacions, guanyar en qualitat i oferta formativa i incrementar la igualtat d\u2019oportunitats entre el nostre jovent. Aquestes decisions, a coordinar tamb\u00e9 amb la Generalitat, s\u00f3n mesures de pes, per\u00f2 que tamb\u00e9 han d\u2019anar acompanyades amb la pressi\u00f3 necess\u00e0ria per aconseguir la gratu\u00eftat dels libres de text, com ja hem demanat a la Generalitat, que t\u00e9 altres prioritats, que no s\u00f3n ni les educatives, ni les socials.<br \/>\n[\/et_pb_blurb][et_pb_blurb title=&#8221;ESQUERRA REPUBLICANA DE CATALUNYA \u2013 ACORD MUNICIPAL (ERC-AM)&#8221; use_icon=&#8221;on&#8221; font_icon=&#8221;%%206%%&#8221; icon_color=&#8221;#EDF000&#8243; icon_placement=&#8221;left&#8221; content_max_width=&#8221;1100px&#8221; _builder_version=&#8221;3.22.7&#8243; header_font=&#8221;|700||on|||||&#8221; header_text_color=&#8221;#ecef3e&#8221; body_font=&#8221;||||||||&#8221; body_text_color=&#8221;#d8d8d8&#8243; body_font_size=&#8221;16px&#8221;]Al proper mandat podem tenir m\u00e9s espai per a la secund\u00e0ria i m\u00e9s espai pels esports. Hem treballat perqu\u00e8 aquest dos projectes siguin possibles, no cal escollir-ne un o altre tal i com ho hem plantejat. M\u00e9s espai per a la secund\u00e0ria amb el projecte d\u2019institut escola a la zona del Vila-rom\u00e0 i el segon pavell\u00f3 amb la proposta de pavell\u00f3 annex a l\u2019actual.<br \/>\n[\/et_pb_blurb][et_pb_blurb title=&#8221;JUNTS PER CATALUNYA \u2013 PALAM\u00d3S I SANT JOAN (JXCAT-JUNTS)&#8221; use_icon=&#8221;on&#8221; font_icon=&#8221;%%206%%&#8221; icon_color=&#8221;#EDF000&#8243; icon_placement=&#8221;left&#8221; content_max_width=&#8221;1100px&#8221; _builder_version=&#8221;3.22.7&#8243; header_font=&#8221;|700||on|||||&#8221; header_text_color=&#8221;#ecef3e&#8221; body_font=&#8221;||||||||&#8221; body_text_color=&#8221;#d8d8d8&#8243; body_font_size=&#8221;16px&#8221;]Des de Junts per Catalunya considerem prioritari el segon pavell\u00f3. I concretament el pavell\u00f3 i club esportiu del Tennis-Pla d\u2019es Pla. \u00c9s una zona que cal reordenar i dinamitzar, amb molt de potencial que fins ara sembla oblidat. Aix\u00ed mateix, la creaci\u00f3 d\u2019un espai esportiu d\u2019aquest caire obrir\u00e0 noves oportunitats, tant pel barri, com per l\u2019esport i l\u2019economia local. Apostem per la salut i la promoci\u00f3 de l\u2019esport. Apostem per una economia desestacionalitzada. Un nou espai que obrir\u00e0 m\u00e9s a Palam\u00f3s.<br \/>\n[\/et_pb_blurb][et_pb_blurb title=&#8221;JUNTS X PALAM\u00d3S I SANT JOAN \u2013 TOTS EMPORD\u00c0 (JXPSJ-TE)&#8221; use_icon=&#8221;on&#8221; font_icon=&#8221;%%206%%&#8221; icon_color=&#8221;#EDF000&#8243; icon_placement=&#8221;left&#8221; content_max_width=&#8221;1100px&#8221; _builder_version=&#8221;3.22.7&#8243; header_font=&#8221;|700||on|||||&#8221; header_text_color=&#8221;#ecef3e&#8221; body_font=&#8221;||||||||&#8221; body_text_color=&#8221;#d8d8d8&#8243; body_font_size=&#8221;16px&#8221;]Nosaltres treballarem per impulsar ambd\u00f3s de forma igual. S\u00f3n igual de necess\u00e0ris i \u00e9s un valor de futur per a la nostra poblaci\u00f3.<br \/>\n[\/et_pb_blurb][et_pb_blurb title=&#8221;PARTIT DELS SOCIALISTES DE CATALUNYA \u2013 CANDIDATURA DE PROGR\u00c9S (PSC-CP)&#8221; use_icon=&#8221;on&#8221; font_icon=&#8221;%%206%%&#8221; icon_color=&#8221;#EDF000&#8243; icon_placement=&#8221;left&#8221; content_max_width=&#8221;1100px&#8221; _builder_version=&#8221;3.22.7&#8243; header_font=&#8221;|700||on|||||&#8221; header_text_color=&#8221;#ecef3e&#8221; body_font=&#8221;||||||||&#8221; body_text_color=&#8221;#d8d8d8&#8243; body_font_size=&#8221;16px&#8221;]Aquesta candidatura ha declinat respondre a aquesta pregunta.<br \/>\n[\/et_pb_blurb][et_pb_blurb title=&#8221;PARTIDO POPULAR \/ PARTIT POPULAR (PP)&#8221; use_icon=&#8221;on&#8221; font_icon=&#8221;%%206%%&#8221; icon_color=&#8221;#EDF000&#8243; icon_placement=&#8221;left&#8221; content_max_width=&#8221;1100px&#8221; _builder_version=&#8221;3.22.7&#8243; header_font=&#8221;|700||on|||||&#8221; header_text_color=&#8221;#ecef3e&#8221; body_font=&#8221;||||||||&#8221; body_text_color=&#8221;#d8d8d8&#8243; body_font_size=&#8221;16px&#8221;]Aquesta candidatura ha declinat respondre a aquesta pregunta.<br \/>\n[\/et_pb_blurb][et_pb_blurb title=&#8221;SOMARA PALAM\u00d3S I SANT JOAN (SAP)&#8221; use_icon=&#8221;on&#8221; font_icon=&#8221;%%206%%&#8221; icon_color=&#8221;#EDF000&#8243; icon_placement=&#8221;left&#8221; content_max_width=&#8221;1100px&#8221; _builder_version=&#8221;3.22.7&#8243; header_font=&#8221;|700||on|||||&#8221; header_text_color=&#8221;#ecef3e&#8221; body_font=&#8221;||||||||&#8221; body_text_color=&#8221;#d8d8d8&#8243; body_font_size=&#8221;16px&#8221;]Ambdues s\u00f3n importants. Una pista poliesportiva annexa \u00e9s molt necess\u00e0ria i un nou Institut caldr\u00e0 tamb\u00e9 veure evoluci\u00f3 natalitat en el nostre poble. Cal fer apostes a mig termini amb estudis emp\u00edrics i objectius.<br \/>\n[\/et_pb_blurb][\/et_pb_column][\/et_pb_row][\/et_pb_section][et_pb_section fb_built=&#8221;1&#8243; disabled_on=&#8221;off|off|off&#8221; admin_label=&#8221;TEMA 07&#8243; module_id=&#8221;tema07&#8243; _builder_version=&#8221;3.22.7&#8243; background_color=&#8221;#1a1844&#8243; background_image=&#8221;https:\/\/palamosdigital.com\/tvpalamos\/wp-content\/uploads\/2019\/05\/podcast-03.png&#8221; background_size=&#8221;initial&#8221; background_position=&#8221;top_left&#8221; custom_padding=&#8221;|||&#8221; collapsed=&#8221;on&#8221;][et_pb_row custom_padding=&#8221;80px||0px|||&#8221; custom_padding_phone=&#8221;10px|||&#8221; make_equal=&#8221;on&#8221; custom_padding_last_edited=&#8221;on|phone&#8221; padding_top_bottom_link_2=&#8221;true&#8221; _builder_version=&#8221;3.22.7&#8243; min_height=&#8221;215px&#8221; custom_margin_tablet=&#8221;||-30px&#8221; custom_margin_phone=&#8221;||-80px&#8221; custom_margin_last_edited=&#8221;on|phone&#8221;][et_pb_column type=&#8221;4_4&#8243; _builder_version=&#8221;3.14&#8243;][et_pb_text _builder_version=&#8221;3.22.7&#8243; text_font=&#8221;|600||||on|||&#8221; text_text_color=&#8221;#FFFFFF&#8221; text_font_size=&#8221;25px&#8221; header_font=&#8221;||||||||&#8221; header_text_color=&#8221;#7CDA24&#8243; header_2_font=&#8221;Lato|700|||||||&#8221; header_2_font_size=&#8221;52px&#8221; header_2_font_size_phone=&#8221;36px&#8221; header_2_font_size_last_edited=&#8221;on|phone&#8221; header_2_line_height=&#8221;1.2em&#8221; background_layout=&#8221;dark&#8221;]<\/p>\n<h2>TEMA 07 &#8211; TELEVISI\u00d3 PALAM\u00d3S<\/h2>\n<h4>Durant molts anys TV Palam\u00f3s ha portat a totes les cases les activitats organitzades per les entitats del poble i per l&#8217;ajuntament, aix\u00ed com entrevistes i not\u00edcies locals. TV Palam\u00f3s planteja diferents tallers audiovisuals per el jovent i la Gent Gran. Creieu que l&#8217;ajuntament hi t\u00e9 que donar suport? Creieu que cal recuperar les emisions de TV Palam\u00f3s i ajudar a potenciar la seva p\u00e0gina web com un servei d&#8217;informaci\u00f3 al ciutad\u00e0? Qu\u00e8 proposeu al respecte?<\/h4>\n<p>[\/et_pb_text][et_pb_divider color=&#8221;#E02B20&#8243; divider_style=&#8221;ridge&#8221; divider_weight=&#8221;5px&#8221; _builder_version=&#8221;3.22.7&#8243; max_width=&#8221;120px&#8221; custom_margin=&#8221;||20px&#8221;][\/et_pb_divider][\/et_pb_column][\/et_pb_row][et_pb_row make_equal=&#8221;on&#8221; padding_top_bottom_link_2=&#8221;true&#8221; admin_label=&#8221;Row&#8221; _builder_version=&#8221;3.22.7&#8243;][et_pb_column type=&#8221;4_4&#8243; _builder_version=&#8221;3.14&#8243;][et_pb_blurb title=&#8221;CANDIDATURA D\u2019UNITAT POPULAR \u2013 ALTERNATIVA MUNICIPALISTA (CUP-AMUNT)&#8221; use_icon=&#8221;on&#8221; font_icon=&#8221;%%206%%&#8221; icon_color=&#8221;#EDF000&#8243; icon_placement=&#8221;left&#8221; content_max_width=&#8221;1100px&#8221; _builder_version=&#8221;3.22.7&#8243; header_font=&#8221;|700||on|||||&#8221; header_text_color=&#8221;#ecef3e&#8221; body_font=&#8221;||||||||&#8221; body_text_color=&#8221;#d8d8d8&#8243; body_font_size=&#8221;16px&#8221;]Creiem que no es poden fer difer\u00e8ncies entre les diferents entitats i associacions del poble. Per tant, respecte a la Televisi\u00f3 de Palam\u00f3s, creiem que t\u00e9 dret a rebre subvencions, mentre s&#8217;ofereixin, com qualsevol altra associaci\u00f3 o entitat del poble.<br \/>\n[\/et_pb_blurb][et_pb_blurb title=&#8221;CIUTADANS \u2013 PARTIDO DE LA CIUDADAN\u00cdA (CS)&#8221; use_icon=&#8221;on&#8221; font_icon=&#8221;%%206%%&#8221; icon_color=&#8221;#EDF000&#8243; icon_placement=&#8221;left&#8221; content_max_width=&#8221;1100px&#8221; _builder_version=&#8221;3.22.7&#8243; header_font=&#8221;|700||on|||||&#8221; header_text_color=&#8221;#ecef3e&#8221; body_font=&#8221;||||||||&#8221; body_text_color=&#8221;#d8d8d8&#8243; body_font_size=&#8221;16px&#8221;]La informaci\u00f3 neutral, objectiva i propera \u00e9s un benefici per Palam\u00f3s. La funci\u00f3 de formaci\u00f3 que es fa amb joves i gent gran t\u00e9 un gran valor, i s\u2019ha de mantenir i fomentar. Respecte a la recuperaci\u00f3 de les emissions de TV Palam\u00f3s, i donada la situaci\u00f3 pressupost\u00e0ria de l\u2019ajuntament, s\u2019ha de fer un estudi de viabilitat previ abans de prendre decisions al respecte, doncs elements com capacitat de tenir programaci\u00f3 continua, horaris, instal\u00b7lacions, requeriments t\u00e8cnics i canvis en l\u2019h\u00e0bit de consum de continguts audiovisuals marquen definitivament la viabilitat del projecte.<br \/>\n[\/et_pb_blurb][et_pb_blurb title=&#8221;ESQUERRA REPUBLICANA DE CATALUNYA \u2013 ACORD MUNICIPAL (ERC-AM)&#8221; use_icon=&#8221;on&#8221; font_icon=&#8221;%%206%%&#8221; icon_color=&#8221;#EDF000&#8243; icon_placement=&#8221;left&#8221; content_max_width=&#8221;1100px&#8221; _builder_version=&#8221;3.22.7&#8243; header_font=&#8221;|700||on|||||&#8221; header_text_color=&#8221;#ecef3e&#8221; body_font=&#8221;||||||||&#8221; body_text_color=&#8221;#d8d8d8&#8243; body_font_size=&#8221;16px&#8221;]El suport a les associacions de Palam\u00f3s l\u2019hem manifestat en aquest mandat i el mantindrem en qualsevol mandat amb ERC. Totes les entitats locals fan una gran tasca al municipi, de diferents tipus i naturaleses, amb objectius interessants i molt potencial, i volem estar al seu costat perqu\u00e8 desenvolupin els seus projectes. Apostem per la concurr\u00e8ncia p\u00fablica en les subvencions i el suport m\u00e9s enll\u00e0 de l\u2019econ\u00f2mic perqu\u00e8 puguin desenvolupar les seves iniciatives.<\/p>\n<p>Seguir impulsant millores en la informaci\u00f3, comunicaci\u00f3 i espais per a la interlocuci\u00f3 entre ciutadans i els representants pol\u00edtics forma part del projecte municipal d\u2019ERC, per tant, corresponem en els objectius. Per tant, segur que trobarem la forma, com a moltes entitats d\u2019acompanyar i\/o donar suport a aquest projecte.<br \/>\n[\/et_pb_blurb][et_pb_blurb title=&#8221;JUNTS PER CATALUNYA \u2013 PALAM\u00d3S I SANT JOAN (JXCAT-JUNTS)&#8221; use_icon=&#8221;on&#8221; font_icon=&#8221;%%206%%&#8221; icon_color=&#8221;#EDF000&#8243; icon_placement=&#8221;left&#8221; content_max_width=&#8221;1100px&#8221; _builder_version=&#8221;3.22.7&#8243; header_font=&#8221;|700||on|||||&#8221; header_text_color=&#8221;#ecef3e&#8221; body_font=&#8221;||||||||&#8221; body_text_color=&#8221;#d8d8d8&#8243; body_font_size=&#8221;16px&#8221;]La informaci\u00f3 \u00e9s poder i llibertat, i per tant estem a favor d\u2019un servei com aquest. Un mitj\u00e0 informatiu que a m\u00e9s representa una gran eina de cohesi\u00f3 social, i que per tant des del Consistori s\u2019ha de recolzar.<\/p>\n<p>Des de l\u2019Ajuntament cal promocionar l\u2019espai audiovisual i els cursos educatius i activitats que es duen a terme.<\/p>\n<p>A m\u00e9s, en el nostre programa proposem crear l\u2019Escola de Periodistes a trav\u00e9s de R\u00e0dio Palam\u00f3s i el canal de televisi\u00f3, en el qual els nostres joves del poble podran practicar i presentar-hi programes. Aprofitant les pr\u00f2pies eines de comunicaci\u00f3 municipal per a convertir-se en un viver de futurs periodistes i comunicadors.<\/p>\n<p>I tot aix\u00f2, sense oblidar la import\u00e0ncia de les xarxes socials d\u2019avui en dia, la modernitzaci\u00f3 del sector, tamb\u00e9 en el local, \u00e9s essencial.<br \/>\n[\/et_pb_blurb][et_pb_blurb title=&#8221;JUNTS X PALAM\u00d3S I SANT JOAN \u2013 TOTS EMPORD\u00c0 (JXPSJ-TE)&#8221; use_icon=&#8221;on&#8221; font_icon=&#8221;%%206%%&#8221; icon_color=&#8221;#EDF000&#8243; icon_placement=&#8221;left&#8221; content_max_width=&#8221;1100px&#8221; _builder_version=&#8221;3.22.7&#8243; header_font=&#8221;|700||on|||||&#8221; header_text_color=&#8221;#ecef3e&#8221; body_font=&#8221;||||||||&#8221; body_text_color=&#8221;#d8d8d8&#8243; body_font_size=&#8221;16px&#8221;]Farem dels mitjans de comunicaci\u00f3 un element de suport a la creaci\u00f3 i a la ind\u00fastria audiovisual local, en el seu doble vessant de suport a la creaci\u00f3 cultural i a un sector econ\u00f2mic, amb especial atenci\u00f3 als productes innovadors i als que lliguen amb el nostre patrimoni cultural, art\u00edstic, hist\u00f2ric i literari. Impulsarem la cultura audiovisual (fotografies, documents sonors, imatges, etc.). Fomentarem el sector quaternari de les noves tecnologies de la informaci\u00f3 i comunicaci\u00f3, modernitzant els sistemes de connexi\u00f3 existents. Fent de la nostra vila, pro- activa en les noves tecnologies i instal\u00b7larem sistemes de Wi-Fi p\u00fablics. Promourem des dels mitjans de comunicaci\u00f3 p\u00fablics una visi\u00f3 actual i no folkloritzant de la cultura popular tradicional.<br \/>\n[\/et_pb_blurb][et_pb_blurb title=&#8221;PARTIT DELS SOCIALISTES DE CATALUNYA \u2013 CANDIDATURA DE PROGR\u00c9S (PSC-CP)&#8221; use_icon=&#8221;on&#8221; font_icon=&#8221;%%206%%&#8221; icon_color=&#8221;#EDF000&#8243; icon_placement=&#8221;left&#8221; content_max_width=&#8221;1100px&#8221; _builder_version=&#8221;3.22.7&#8243; header_font=&#8221;|700||on|||||&#8221; header_text_color=&#8221;#ecef3e&#8221; body_font=&#8221;||||||||&#8221; body_text_color=&#8221;#d8d8d8&#8243; body_font_size=&#8221;16px&#8221;]Aquesta candidatura ha declinat respondre a aquesta pregunta.<br \/>\n[\/et_pb_blurb][et_pb_blurb title=&#8221;PARTIDO POPULAR \/ PARTIT POPULAR (PP)&#8221; use_icon=&#8221;on&#8221; font_icon=&#8221;%%206%%&#8221; icon_color=&#8221;#EDF000&#8243; icon_placement=&#8221;left&#8221; content_max_width=&#8221;1100px&#8221; _builder_version=&#8221;3.22.7&#8243; header_font=&#8221;|700||on|||||&#8221; header_text_color=&#8221;#ecef3e&#8221; body_font=&#8221;||||||||&#8221; body_text_color=&#8221;#d8d8d8&#8243; body_font_size=&#8221;16px&#8221;]Aquesta candidatura ha declinat respondre a aquesta pregunta.<br \/>\n[\/et_pb_blurb][et_pb_blurb title=&#8221;SOMARA PALAM\u00d3S I SANT JOAN (SAP)&#8221; use_icon=&#8221;on&#8221; font_icon=&#8221;%%206%%&#8221; icon_color=&#8221;#EDF000&#8243; icon_placement=&#8221;left&#8221; content_max_width=&#8221;1100px&#8221; _builder_version=&#8221;3.22.7&#8243; header_font=&#8221;|700||on|||||&#8221; header_text_color=&#8221;#ecef3e&#8221; body_font=&#8221;||||||||&#8221; body_text_color=&#8221;#d8d8d8&#8243; body_font_size=&#8221;16px&#8221;]Ens interessa i molt com a poble potenciar tots els aspectes relatius a l\u2019audiovisual. Cal donar-li a la televisi\u00f3 tamb\u00e9 un sentit m\u00e9s comercial i de promoci\u00f3 dels grans atributs i actius que t\u00e9 el nostre poble (Mar i Gavarres entre d\u2019altres). La promoci\u00f3 del poble \u00e9s clau per SomAra Palam\u00f3s i Sant Joan.<br \/>\n[\/et_pb_blurb][\/et_pb_column][\/et_pb_row][\/et_pb_section][et_pb_section fb_built=&#8221;1&#8243; disabled_on=&#8221;off|off|off&#8221; admin_label=&#8221;TEMA 08&#8243; module_id=&#8221;tema08&#8243; _builder_version=&#8221;3.22.7&#8243; background_color=&#8221;#1a1844&#8243; background_image=&#8221;https:\/\/palamosdigital.com\/tvpalamos\/wp-content\/uploads\/2019\/05\/podcast-03.png&#8221; background_size=&#8221;initial&#8221; background_position=&#8221;top_left&#8221; custom_padding=&#8221;|||&#8221; collapsed=&#8221;on&#8221;][et_pb_row custom_padding=&#8221;80px||0px|||&#8221; custom_padding_phone=&#8221;10px|||&#8221; make_equal=&#8221;on&#8221; custom_padding_last_edited=&#8221;on|phone&#8221; padding_top_bottom_link_2=&#8221;true&#8221; _builder_version=&#8221;3.22.7&#8243; min_height=&#8221;215px&#8221; custom_margin_tablet=&#8221;||-30px&#8221; custom_margin_phone=&#8221;||-80px&#8221; custom_margin_last_edited=&#8221;on|phone&#8221;][et_pb_column type=&#8221;4_4&#8243; _builder_version=&#8221;3.14&#8243;][et_pb_text _builder_version=&#8221;3.22.7&#8243; text_font=&#8221;|600||||on|||&#8221; text_text_color=&#8221;#FFFFFF&#8221; text_font_size=&#8221;25px&#8221; header_font=&#8221;||||||||&#8221; header_text_color=&#8221;#7CDA24&#8243; header_2_font=&#8221;Lato|700|||||||&#8221; header_2_font_size=&#8221;52px&#8221; header_2_font_size_phone=&#8221;36px&#8221; header_2_font_size_last_edited=&#8221;on|phone&#8221; header_2_line_height=&#8221;1.2em&#8221; background_layout=&#8221;dark&#8221;]<\/p>\n<h2>TEMA 08 &#8211; ELS EQUIPAMENTS HOSPITALARIS<\/h2>\n<div>\u00daltimament s&#8217;ha parlat molt de la possibilitat de canviar la ubicaci\u00f3 de l&#8217;actual Hospital Comarcal de Palam\u00f3s. Qu\u00e8 en penseu sobre aquest tema? Quines alternatives proposeu? Quines altres mesures priorit\u00e0ries plantegeu en el tema sanitari?<\/div>\n<p>[\/et_pb_text][et_pb_divider color=&#8221;#E02B20&#8243; divider_style=&#8221;ridge&#8221; divider_weight=&#8221;5px&#8221; _builder_version=&#8221;3.22.7&#8243; max_width=&#8221;120px&#8221; custom_margin=&#8221;||20px&#8221;][\/et_pb_divider][\/et_pb_column][\/et_pb_row][et_pb_row make_equal=&#8221;on&#8221; padding_top_bottom_link_2=&#8221;true&#8221; admin_label=&#8221;Row&#8221; _builder_version=&#8221;3.22.7&#8243;][et_pb_column type=&#8221;4_4&#8243; _builder_version=&#8221;3.14&#8243;][et_pb_blurb title=&#8221;CANDIDATURA D\u2019UNITAT POPULAR \u2013 ALTERNATIVA MUNICIPALISTA (CUP-AMUNT)&#8221; use_icon=&#8221;on&#8221; font_icon=&#8221;%%206%%&#8221; icon_color=&#8221;#EDF000&#8243; icon_placement=&#8221;left&#8221; content_max_width=&#8221;1100px&#8221; _builder_version=&#8221;3.22.7&#8243; header_font=&#8221;|700||on|||||&#8221; header_text_color=&#8221;#ecef3e&#8221; body_font=&#8221;||||||||&#8221; body_text_color=&#8221;#d8d8d8&#8243; body_font_size=&#8221;16px&#8221;]La CUP defensa que la sanitat p\u00fablica sigui 100% p\u00fablica. L&#8217;Hospital de Palam\u00f3s (com els altres serveis de l&#8217;\u00c0rea B\u00e0sica de Salut) \u00e9s un hospital concertat i caldria apostar per tal que pass\u00e9s a ser p\u00fablic (com l&#8217;Hospital de Berga). Dit aix\u00f2, creiem que actualment el que cal \u00e9s: vetllar perqu\u00e8 els recursos humans siguin els necessaris i amb condicions laborals dignes, disminu\u00efnt les llistes d&#8217;espera i donant resposta a l&#8217;augment de demanda en l&#8217;\u00e8poca d&#8217;estiu perqu\u00e8 el servei no es vegi afectat. Tamb\u00e9 considerem que cal una major transpar\u00e8ncia sobretot pel qu\u00e8 fa a la part privada.<br \/>\n[\/et_pb_blurb][et_pb_blurb title=&#8221;CIUTADANS \u2013 PARTIDO DE LA CIUDADAN\u00cdA (CS)&#8221; use_icon=&#8221;on&#8221; font_icon=&#8221;%%206%%&#8221; icon_color=&#8221;#EDF000&#8243; icon_placement=&#8221;left&#8221; content_max_width=&#8221;1100px&#8221; _builder_version=&#8221;3.22.7&#8243; header_font=&#8221;|700||on|||||&#8221; header_text_color=&#8221;#ecef3e&#8221; body_font=&#8221;||||||||&#8221; body_text_color=&#8221;#d8d8d8&#8243; body_font_size=&#8221;16px&#8221;]La compet\u00e8ncia respecte la pol\u00edtica hospital\u00e0ria, no \u00e9s responsabilitat municipal, per\u00f2 \u00e9s obligaci\u00f3 de l\u2019ajuntament aconseguir la millor coordinaci\u00f3 entre ajuntament i Generalitat per garantir la cobertura sanit\u00e0ria de qualitat que mereixen els palamosins.<\/p>\n<p>Respecte les ubicacions i les opcions, a Ciutadans entenem que la ubicaci\u00f3 dels equipaments no han de regir-se per interessos pol\u00edtics, sin\u00f3 per proximitat als pacients, facilitat d\u2019acc\u00e9s, de f\u00e0cil connexi\u00f3, on els professionals considerin que \u00e9s el millor espai per portar a terme la seva activitat i on hi hagi capacitat futura de creixement. Aquesta an\u00e0lisi i detecci\u00f3 de necessitats i zones ha de ser realitzada per t\u00e8cnics professionals espec\u00edfics, i no per pol\u00edtics directament.<br \/>\n[\/et_pb_blurb][et_pb_blurb title=&#8221;ESQUERRA REPUBLICANA DE CATALUNYA \u2013 ACORD MUNICIPAL (ERC-AM)&#8221; use_icon=&#8221;on&#8221; font_icon=&#8221;%%206%%&#8221; icon_color=&#8221;#EDF000&#8243; icon_placement=&#8221;left&#8221; content_max_width=&#8221;1100px&#8221; _builder_version=&#8221;3.22.7&#8243; header_font=&#8221;|700||on|||||&#8221; header_text_color=&#8221;#ecef3e&#8221; body_font=&#8221;||||||||&#8221; body_text_color=&#8221;#d8d8d8&#8243; body_font_size=&#8221;16px&#8221;]Pensem que \u00e9s important que tinguem una mirada llarga. Per aix\u00f2, hem posat sobre la taula aquesta aposta pol\u00edtica. Donada la possibilitat de seure amb la Generalitat a revisar la planificaci\u00f3 d\u2019espai per a empreses i activitats econ\u00f2miques, que tamb\u00e9 forma part del programa d\u2019ERC, creiem que \u00e9s el moment per impulsar una reserva de s\u00f2l que inclogui espai per a un futur nou hospital. En altres \u00e8poques s\u2019han treballat opcions d\u2019ampliaci\u00f3 en la mateixa ubicaci\u00f3 que ja no s\u00f3n viables i per tant, impulsem la necessitat de reservar un espai que a m\u00e9s de permetre cr\u00e9ixer permeti oferir millors connexions a un hospital que \u00e9s comarcal i que volem que segueixi a Palam\u00f3s.<br \/>\n[\/et_pb_blurb][et_pb_blurb title=&#8221;JUNTS PER CATALUNYA \u2013 PALAM\u00d3S I SANT JOAN (JXCAT-JUNTS)&#8221; use_icon=&#8221;on&#8221; font_icon=&#8221;%%206%%&#8221; icon_color=&#8221;#EDF000&#8243; icon_placement=&#8221;left&#8221; content_max_width=&#8221;1100px&#8221; _builder_version=&#8221;3.22.7&#8243; header_font=&#8221;|700||on|||||&#8221; header_text_color=&#8221;#ecef3e&#8221; body_font=&#8221;||||||||&#8221; body_text_color=&#8221;#d8d8d8&#8243; body_font_size=&#8221;16px&#8221;]Cal buscar solucions per permetre l\u2019ampliaci\u00f3 de capacitat de l\u2019hospital o b\u00e9 un nou empla\u00e7ament per aquest, ja que actualment est\u00e0 en el m\u00e0xim de la seva capacitat. Aquesta mesura s\u2019ha de dur a terme amb respecte i discreci\u00f3, doncs en cap cas ens podem permetre perdre aquest servei. Cal estudiar-ho de fons, ja que realment \u00e9s una q\u00fcesti\u00f3 que va m\u00e9s enll\u00e0 del nostre municipi.<\/p>\n<p>D\u2019altra banda, tamb\u00e9 creiem prioritari crear un nou hospital de dia, per tal de poder assumir el correcte i eficient tracte de les persones que necessitin assist\u00e8ncia i atenci\u00f3 terap\u00e8utica determinada i continuada. Sobretot tenint present les tend\u00e8ncies socialdemogr\u00e0fiques actuals del nostre poble.<br \/>\n[\/et_pb_blurb][et_pb_blurb title=&#8221;JUNTS X PALAM\u00d3S I SANT JOAN \u2013 TOTS EMPORD\u00c0 (JXPSJ-TE)&#8221; use_icon=&#8221;on&#8221; font_icon=&#8221;%%206%%&#8221; icon_color=&#8221;#EDF000&#8243; icon_placement=&#8221;left&#8221; content_max_width=&#8221;1100px&#8221; _builder_version=&#8221;3.22.7&#8243; header_font=&#8221;|700||on|||||&#8221; header_text_color=&#8221;#ecef3e&#8221; body_font=&#8221;||||||||&#8221; body_text_color=&#8221;#d8d8d8&#8243; body_font_size=&#8221;16px&#8221;]Potenciarem la capitalitat de Palam\u00f3s com a capital sanitaria, crearem sinergies postives amb la direcci\u00f3n de l\u2019hospital de Palam\u00f3s per cercar la possibilitat d\u2019ampliaci\u00f3 de l\u2019hospital, mantenint-lo sempre a la nostra poblaci\u00f3.<br \/>\n[\/et_pb_blurb][et_pb_blurb title=&#8221;PARTIT DELS SOCIALISTES DE CATALUNYA \u2013 CANDIDATURA DE PROGR\u00c9S (PSC-CP)&#8221; use_icon=&#8221;on&#8221; font_icon=&#8221;%%206%%&#8221; icon_color=&#8221;#EDF000&#8243; icon_placement=&#8221;left&#8221; content_max_width=&#8221;1100px&#8221; _builder_version=&#8221;3.22.7&#8243; header_font=&#8221;|700||on|||||&#8221; header_text_color=&#8221;#ecef3e&#8221; body_font=&#8221;||||||||&#8221; body_text_color=&#8221;#d8d8d8&#8243; body_font_size=&#8221;16px&#8221;]Aquesta candidatura ha declinat respondre a aquesta pregunta.<br \/>\n[\/et_pb_blurb][et_pb_blurb title=&#8221;PARTIDO POPULAR \/ PARTIT POPULAR (PP)&#8221; use_icon=&#8221;on&#8221; font_icon=&#8221;%%206%%&#8221; icon_color=&#8221;#EDF000&#8243; icon_placement=&#8221;left&#8221; content_max_width=&#8221;1100px&#8221; _builder_version=&#8221;3.22.7&#8243; header_font=&#8221;|700||on|||||&#8221; header_text_color=&#8221;#ecef3e&#8221; body_font=&#8221;||||||||&#8221; body_text_color=&#8221;#d8d8d8&#8243; body_font_size=&#8221;16px&#8221;]Aquesta candidatura ha declinat respondre a aquesta pregunta.<br \/>\n[\/et_pb_blurb][et_pb_blurb title=&#8221;SOMARA PALAM\u00d3S I SANT JOAN (SAP)&#8221; use_icon=&#8221;on&#8221; font_icon=&#8221;%%206%%&#8221; icon_color=&#8221;#EDF000&#8243; icon_placement=&#8221;left&#8221; content_max_width=&#8221;1100px&#8221; _builder_version=&#8221;3.22.7&#8243; header_font=&#8221;|700||on|||||&#8221; header_text_color=&#8221;#ecef3e&#8221; body_font=&#8221;||||||||&#8221; body_text_color=&#8221;#d8d8d8&#8243; body_font_size=&#8221;16px&#8221;]No encetarem un debat p\u00fablic de la q\u00fcesti\u00f3 de l&#8217;hospital per no perjudicar la seva ubicaci\u00f3 a la nostra vila. L\u2019hospital ha de romandre a Palam\u00f3s i totes les passes les hem de fer des del consens i la discreci\u00f3. Hi ha massa en joc com per perdre\u2019s en frivolitats.<br \/>\n[\/et_pb_blurb][\/et_pb_column][\/et_pb_row][\/et_pb_section][et_pb_section fb_built=&#8221;1&#8243; disabled_on=&#8221;off|off|off&#8221; admin_label=&#8221;TEMA 09&#8243; module_id=&#8221;tema09&#8243; _builder_version=&#8221;3.22.7&#8243; background_color=&#8221;#1a1844&#8243; background_image=&#8221;https:\/\/palamosdigital.com\/tvpalamos\/wp-content\/uploads\/2019\/05\/podcast-03.png&#8221; background_size=&#8221;initial&#8221; background_position=&#8221;top_left&#8221; custom_padding=&#8221;|||&#8221; collapsed=&#8221;on&#8221;][et_pb_row custom_padding=&#8221;80px||0px|||&#8221; custom_padding_phone=&#8221;10px|||&#8221; make_equal=&#8221;on&#8221; custom_padding_last_edited=&#8221;on|phone&#8221; padding_top_bottom_link_2=&#8221;true&#8221; _builder_version=&#8221;3.22.7&#8243; min_height=&#8221;215px&#8221; custom_margin_tablet=&#8221;||-30px&#8221; custom_margin_phone=&#8221;||-80px&#8221; custom_margin_last_edited=&#8221;on|phone&#8221;][et_pb_column type=&#8221;4_4&#8243; _builder_version=&#8221;3.14&#8243;][et_pb_text _builder_version=&#8221;3.22.7&#8243; text_font=&#8221;|600||||on|||&#8221; text_text_color=&#8221;#FFFFFF&#8221; text_font_size=&#8221;25px&#8221; header_font=&#8221;||||||||&#8221; header_text_color=&#8221;#7CDA24&#8243; header_2_font=&#8221;Lato|700|||||||&#8221; header_2_font_size=&#8221;52px&#8221; header_2_font_size_phone=&#8221;36px&#8221; header_2_font_size_last_edited=&#8221;on|phone&#8221; header_2_line_height=&#8221;1.2em&#8221; background_layout=&#8221;dark&#8221;]<\/p>\n<h2>TEMA 09 &#8211; ELS GRANS PROJECTES<\/h2>\n<div>Com veieu el Pla Especial del Port? Cal preservar l&#8217;aparcament de La Planassa o sou m\u00e9s partidaris d&#8217;obrir al mar aquest sector? Cal un Passeig nou? Com el plantejar\u00edeu? \u00c9s prioritari per vosaltres un nou ajuntament? La Nau dels 50m molta gent diu que queda lluny. Cal buscar una ubicaci\u00f3 m\u00e9s propera? I l&#8217;estaci\u00f3 d&#8217;autobusos?<\/div>\n<p>[\/et_pb_text][et_pb_divider color=&#8221;#E02B20&#8243; divider_style=&#8221;ridge&#8221; divider_weight=&#8221;5px&#8221; _builder_version=&#8221;3.22.7&#8243; max_width=&#8221;120px&#8221; custom_margin=&#8221;||20px&#8221;][\/et_pb_divider][\/et_pb_column][\/et_pb_row][et_pb_row make_equal=&#8221;on&#8221; padding_top_bottom_link_2=&#8221;true&#8221; admin_label=&#8221;Row&#8221; _builder_version=&#8221;3.22.7&#8243;][et_pb_column type=&#8221;4_4&#8243; _builder_version=&#8221;3.14&#8243;][et_pb_blurb title=&#8221;CANDIDATURA D\u2019UNITAT POPULAR \u2013 ALTERNATIVA MUNICIPALISTA (CUP-AMUNT)&#8221; use_icon=&#8221;on&#8221; font_icon=&#8221;%%206%%&#8221; icon_color=&#8221;#EDF000&#8243; icon_placement=&#8221;left&#8221; content_max_width=&#8221;1100px&#8221; _builder_version=&#8221;3.22.7&#8243; header_font=&#8221;|700||on|||||&#8221; header_text_color=&#8221;#ecef3e&#8221; body_font=&#8221;||||||||&#8221; body_text_color=&#8221;#d8d8d8&#8243; body_font_size=&#8221;16px&#8221;]El Pla Especial del Port va n\u00e9ixer coix. Malgrat aix\u00f2, es va fer el proc\u00e9s participatiu i creiem que caldria defensar-ne els resultats. Respecte la Planassa valorem positivament el proc\u00e9s de retirada dels cotxes de la primera l\u00ednia de mar per\u00f2 no prioritzem cap projecte fara\u00f2nic que a curt termini no el veiem viable.<\/p>\n<p>Per la CUP el Passeig no cal fer-lo nou sin\u00f3 millorar-lo i dinamitzar-lo (nosaltres proposem fer-hi el mercats i altres activitats populars).<br \/>\nLa Nau dels 50m no queda lluny d&#8217;enlloc. Vivim en un poble on, si es milloren les voreres i els espais comunitaris, passejant s&#8217;arriba a tot arreu. El que s\u00ed que creiem que cal fer \u00e9s una estaci\u00f3 de busos i, sobretot, millorar tot el transport p\u00fablic.<br \/>\n[\/et_pb_blurb][et_pb_blurb title=&#8221;CIUTADANS \u2013 PARTIDO DE LA CIUDADAN\u00cdA (CS)&#8221; use_icon=&#8221;on&#8221; font_icon=&#8221;%%206%%&#8221; icon_color=&#8221;#EDF000&#8243; icon_placement=&#8221;left&#8221; content_max_width=&#8221;1100px&#8221; _builder_version=&#8221;3.22.7&#8243; header_font=&#8221;|700||on|||||&#8221; header_text_color=&#8221;#ecef3e&#8221; body_font=&#8221;||||||||&#8221; body_text_color=&#8221;#d8d8d8&#8243; body_font_size=&#8221;16px&#8221;]Com a grans projectes que s\u00f3n, creiem que s&#8217;han d&#8217;estudiar amb deteniment i profunditat. S\u2019hauria de veure la viabilitat econ\u00f2mica de cadascun d&#8217;ells i les necessitats reals dels ve\u00efns. Som partidaris d&#8217;adequar les instal\u00b7lacions i potenciar-les perqu\u00e8 tinguin molt m\u00e9s usos i els ve\u00efns i ve\u00efnes de Palam\u00f3s puguin gaudir d\u2019una poblaci\u00f3 com es mereixen.<\/p>\n<p>Creiem en l&#8217;aprofitament de les inversions ja realitzades i no donar m\u00e9s pressi\u00f3 al pressupost municipal. En aquest tipus de q\u00fcestions fomentarem la participaci\u00f3 ciutadana, per a tenir el major consens ja no sols amb la resta de partits pol\u00edtics sin\u00f3 tamb\u00e9 de tota la poblaci\u00f3 de Palam\u00f3s.<\/p>\n<p>En quant a l&#8217;Estaci\u00f3 d&#8217;autobusos estem a favor de canviar la seva ubicaci\u00f3, per\u00f2 tamb\u00e9 de augmentar la freq\u00fc\u00e8ncia dels autobusos que no cobreixin les necessitats d&#8217;un municipi com Palam\u00f3s.<br \/>\n[\/et_pb_blurb][et_pb_blurb title=&#8221;ESQUERRA REPUBLICANA DE CATALUNYA \u2013 ACORD MUNICIPAL (ERC-AM)&#8221; use_icon=&#8221;on&#8221; font_icon=&#8221;%%206%%&#8221; icon_color=&#8221;#EDF000&#8243; icon_placement=&#8221;left&#8221; content_max_width=&#8221;1100px&#8221; _builder_version=&#8221;3.22.7&#8243; header_font=&#8221;|700||on|||||&#8221; header_text_color=&#8221;#ecef3e&#8221; body_font=&#8221;||||||||&#8221; body_text_color=&#8221;#d8d8d8&#8243; body_font_size=&#8221;16px&#8221;]L\u2019estaci\u00f3 d\u2019autobusos ser\u00e0 una realitat el proper mandat. La Generalitat ha adquirit aquest comprom\u00eds i el seguirem amb fermesa. Al passeig del mar, estem acabant el tram final que elimina barreres i que incorpora m\u00e9s enjardinament i carril bici. Per seguir avan\u00e7ant caldr\u00e0 debatre sobre el model amb propostes factibles que no es quedin amb un dibuix. Plantegem debatre per on es donar continu\u00eftat al carril bici i solucions per a l\u2019aparcament que puguin mantenir condicions beneficioses pels palamosins.<\/p>\n<p>En el Pla Especial del Port hi havia un enrocament que hem aconseguit trencar. Amb les aportacions de les entitats implicades, i la ciutadania de Palam\u00f3s i sant Joan, ara la redacci\u00f3 d\u2019aquest P.E. va endavant.<\/p>\n<p>Apostem per seguir aglutinant serveis municipals en diferents nuclis com passar\u00e0 a Galeries Carme, i a la nau dels 50mts creiem que hi podem fer treballs per a qu\u00e8 s\u2019adapti millor a les activitats polivalents&#8230;<span style=\"color: #ff0000;\"><strong>(excedeix les 150 paraules)<\/strong><\/span><br \/>\n[\/et_pb_blurb][et_pb_blurb title=&#8221;JUNTS PER CATALUNYA \u2013 PALAM\u00d3S I SANT JOAN (JXCAT-JUNTS)&#8221; use_icon=&#8221;on&#8221; font_icon=&#8221;%%206%%&#8221; icon_color=&#8221;#EDF000&#8243; icon_placement=&#8221;left&#8221; content_max_width=&#8221;1100px&#8221; _builder_version=&#8221;3.22.7&#8243; header_font=&#8221;|700||on|||||&#8221; header_text_color=&#8221;#ecef3e&#8221; body_font=&#8221;||||||||&#8221; body_text_color=&#8221;#d8d8d8&#8243; body_font_size=&#8221;16px&#8221;]Tenim en ment molts projectes, tenim clar que volem un Palam\u00f3s amb projecci\u00f3. Primerament proposem activar el desenvolupament del Pla Especial de Ports, actualment parat a l\u2019espera de les eleccions municipals per una decisi\u00f3 de govern.<\/p>\n<p>Pel que fa a la Planassa, proposem convertir-ho en una pla\u00e7a c\u00edvica per a diferents events, i a sota hi preveiem un aparcament subterrani, per no sacrificar les pla\u00e7es d\u2019aparcament actuals.<\/p>\n<p>El passeig necessita una reforma, s\u2019ha acabat donar l\u2019esquena al mar, veiem el passeig com a eix vertebrador del poble. Per a nosaltres \u00e9s un projecte primordial, i de fet per aix\u00f2 en el programa proposem dues opcions que demostren les ganes de l\u2019equip en treballar-hi, i no quedar-nos en simple paraules.<\/p>\n<p>Hem plantejat ubicar el nou Ajuntament a la Pla\u00e7a Cervantes, ja que l\u2019actual edifici \u00e9s llogat, fet que representa un gran cost fix anual, que d\u2019aquesta manera s\u2019estalviaria a llarg termini.<br \/>\n[\/et_pb_blurb][et_pb_blurb title=&#8221;JUNTS X PALAM\u00d3S I SANT JOAN \u2013 TOTS EMPORD\u00c0 (JXPSJ-TE)&#8221; use_icon=&#8221;on&#8221; font_icon=&#8221;%%206%%&#8221; icon_color=&#8221;#EDF000&#8243; icon_placement=&#8221;left&#8221; content_max_width=&#8221;1100px&#8221; _builder_version=&#8221;3.22.7&#8243; header_font=&#8221;|700||on|||||&#8221; header_text_color=&#8221;#ecef3e&#8221; body_font=&#8221;||||||||&#8221; body_text_color=&#8221;#d8d8d8&#8243; body_font_size=&#8221;16px&#8221;]Crearem un viver d&#8217;empreses i una xarxa de networking que faci m\u00e9s competitiu el teixit empresarial de la vila.<\/p>\n<p>Creaci\u00f3 d\u2019un Tanatori municipal perqu\u00e8 ens poguem acomiadar de la vida a Palam\u00f3s i Sant Joan.<br \/>\n[\/et_pb_blurb][et_pb_blurb title=&#8221;PARTIT DELS SOCIALISTES DE CATALUNYA \u2013 CANDIDATURA DE PROGR\u00c9S (PSC-CP)&#8221; use_icon=&#8221;on&#8221; font_icon=&#8221;%%206%%&#8221; icon_color=&#8221;#EDF000&#8243; icon_placement=&#8221;left&#8221; content_max_width=&#8221;1100px&#8221; _builder_version=&#8221;3.22.7&#8243; header_font=&#8221;|700||on|||||&#8221; header_text_color=&#8221;#ecef3e&#8221; body_font=&#8221;||||||||&#8221; body_text_color=&#8221;#d8d8d8&#8243; body_font_size=&#8221;16px&#8221;]Aquesta candidatura ha declinat respondre a aquesta pregunta.<br \/>\n[\/et_pb_blurb][et_pb_blurb title=&#8221;PARTIDO POPULAR \/ PARTIT POPULAR (PP)&#8221; use_icon=&#8221;on&#8221; font_icon=&#8221;%%206%%&#8221; icon_color=&#8221;#EDF000&#8243; icon_placement=&#8221;left&#8221; content_max_width=&#8221;1100px&#8221; _builder_version=&#8221;3.22.7&#8243; header_font=&#8221;|700||on|||||&#8221; header_text_color=&#8221;#ecef3e&#8221; body_font=&#8221;||||||||&#8221; body_text_color=&#8221;#d8d8d8&#8243; body_font_size=&#8221;16px&#8221;]Aquesta candidatura ha declinat respondre a aquesta pregunta.<br \/>\n[\/et_pb_blurb][et_pb_blurb title=&#8221;SOMARA PALAM\u00d3S I SANT JOAN (SAP)&#8221; use_icon=&#8221;on&#8221; font_icon=&#8221;%%206%%&#8221; icon_color=&#8221;#EDF000&#8243; icon_placement=&#8221;left&#8221; content_max_width=&#8221;1100px&#8221; _builder_version=&#8221;3.22.7&#8243; header_font=&#8221;|700||on|||||&#8221; header_text_color=&#8221;#ecef3e&#8221; body_font=&#8221;||||||||&#8221; body_text_color=&#8221;#d8d8d8&#8243; body_font_size=&#8221;16px&#8221;]El poble requereix de les \u201cpetites coses\u201d que afecten el dia a dia de la gent a l\u2019igual que les grans transformacions. El PEP no s\u2019ha aprovat mai significant un clar greuge per la nostra vila des de molts punts de vista. Tamb\u00e9 hi ha una manca clar\u00edssima d\u2019equipaments com l\u2019estaci\u00f3 de busos, el tanatori, vivers d\u2019empreses i llarg etc\u00e8tera. Cal posar el poble en moviment i hem de fer inversions racionals per dinamitzar la nostra poblaci\u00f3. Aspirem a que el jovent pugui romandre en el nostre poble fent all\u00f2 que l\u2019hagi format professionalment o acad\u00e8micament. La ind\u00fastria ha de jugar de nou un paper en el nostre poble i el seu futur.<br \/>\n[\/et_pb_blurb][\/et_pb_column][\/et_pb_row][\/et_pb_section][et_pb_section fb_built=&#8221;1&#8243; disabled_on=&#8221;off|off|off&#8221; admin_label=&#8221;TEMA 10&#8243; module_id=&#8221;tema10&#8243; _builder_version=&#8221;3.22.7&#8243; background_color=&#8221;#1a1844&#8243; background_image=&#8221;https:\/\/palamosdigital.com\/tvpalamos\/wp-content\/uploads\/2019\/05\/podcast-03.png&#8221; background_size=&#8221;initial&#8221; background_position=&#8221;top_left&#8221; custom_padding=&#8221;|||&#8221; collapsed=&#8221;on&#8221;][et_pb_row custom_padding=&#8221;80px||0px|||&#8221; custom_padding_phone=&#8221;10px|||&#8221; make_equal=&#8221;on&#8221; custom_padding_last_edited=&#8221;on|phone&#8221; padding_top_bottom_link_2=&#8221;true&#8221; _builder_version=&#8221;3.22.7&#8243; min_height=&#8221;215px&#8221; custom_margin_tablet=&#8221;||-30px&#8221; custom_margin_phone=&#8221;||-80px&#8221; custom_margin_last_edited=&#8221;on|phone&#8221;][et_pb_column type=&#8221;4_4&#8243; _builder_version=&#8221;3.14&#8243;][et_pb_text _builder_version=&#8221;3.22.7&#8243; text_font=&#8221;|600||||on|||&#8221; text_text_color=&#8221;#FFFFFF&#8221; text_font_size=&#8221;25px&#8221; header_font=&#8221;||||||||&#8221; header_text_color=&#8221;#7CDA24&#8243; header_2_font=&#8221;Lato|700|||||||&#8221; header_2_font_size=&#8221;52px&#8221; header_2_font_size_phone=&#8221;36px&#8221; header_2_font_size_last_edited=&#8221;on|phone&#8221; header_2_line_height=&#8221;1.2em&#8221; background_layout=&#8221;dark&#8221;]<\/p>\n<h2>TEMA 10 &#8211; EL COMER\u00c7 I TURISME<\/h2>\n<div>Darrerament s&#8217;observa una crisi en el comer\u00e7 per culpa de les vendes per internet. Quines mesures proposeu per revitalitzar el comer\u00e7 de casa nostra? Tant si esteu al govern com si esteu a la oposici\u00f3, quines mesures proposereu per millorar l&#8217;oferta tur\u00edstica de Palam\u00f3s?<\/div>\n<p>[\/et_pb_text][et_pb_divider color=&#8221;#E02B20&#8243; divider_style=&#8221;ridge&#8221; divider_weight=&#8221;5px&#8221; _builder_version=&#8221;3.22.7&#8243; max_width=&#8221;120px&#8221; custom_margin=&#8221;||20px&#8221;][\/et_pb_divider][\/et_pb_column][\/et_pb_row][et_pb_row make_equal=&#8221;on&#8221; padding_top_bottom_link_2=&#8221;true&#8221; admin_label=&#8221;Row&#8221; _builder_version=&#8221;3.22.7&#8243;][et_pb_column type=&#8221;4_4&#8243; _builder_version=&#8221;3.14&#8243;][et_pb_blurb title=&#8221;CANDIDATURA D\u2019UNITAT POPULAR \u2013 ALTERNATIVA MUNICIPALISTA (CUP-AMUNT)&#8221; use_icon=&#8221;on&#8221; font_icon=&#8221;%%206%%&#8221; icon_color=&#8221;#EDF000&#8243; icon_placement=&#8221;left&#8221; content_max_width=&#8221;1100px&#8221; _builder_version=&#8221;3.22.7&#8243; header_font=&#8221;|700||on|||||&#8221; header_text_color=&#8221;#ecef3e&#8221; body_font=&#8221;||||||||&#8221; body_text_color=&#8221;#d8d8d8&#8243; body_font_size=&#8221;16px&#8221;]Comer\u00e7: Creiem que les pol\u00edtiques fetes fins al moment han fomentat que el petit comer\u00e7 i els industrials i oficis no hagin pogut guanyar la partida a les grans superf\u00edcies i als pol\u00edgons industrials. La CUP aposta pel petit comer\u00e7 enfront les grans superf\u00edcies i creiem que calen mesures per capgirar aquesta din\u00e0mica: fomentar el mercat setmanal, potenciar l&#8217;oferta de productes ecol\u00f2gics i de proximitat, fomentar la creaci\u00f3 de cooperatives&#8230;<\/p>\n<p>Turisme: Proposem fer de Palam\u00f3s i Sant Joan la primera Vila Verda de la Costa Brava, plantejant les pol\u00edtiques de dinamitzaci\u00f3 tur\u00edstica des d&#8217;una l\u00f2gica de desenvolupament local i potenciant un turisme desestacionalitzat de: natura, esportiu, cultural, patrimonial i gastron\u00f2mic on es posarien sempre per davant la satisfacci\u00f3 de les necessitats de la poblaci\u00f3 a les necessitats de turistes i visitants que ajudarien a minimitzar la precaritzaci\u00f3 laboral derivada del tipus de turisme actual.<br \/>\n[\/et_pb_blurb][et_pb_blurb title=&#8221;CIUTADANS \u2013 PARTIDO DE LA CIUDADAN\u00cdA (CS)&#8221; use_icon=&#8221;on&#8221; font_icon=&#8221;%%206%%&#8221; icon_color=&#8221;#EDF000&#8243; icon_placement=&#8221;left&#8221; content_max_width=&#8221;1100px&#8221; _builder_version=&#8221;3.22.7&#8243; header_font=&#8221;|700||on|||||&#8221; header_text_color=&#8221;#ecef3e&#8221; body_font=&#8221;||||||||&#8221; body_text_color=&#8221;#d8d8d8&#8243; body_font_size=&#8221;16px&#8221;]Incentivarem l&#8217;obertura de nous negocis mitjan\u00e7ant la bonificaci\u00f3 d&#8217;impostos locals. Impulsarem el ressorgiment del nostre comer\u00e7 local de proximitat mitjan\u00e7ant ajudes a les noves obertures, amb exempcions de taxes de llic\u00e8ncia per grand\u00e0ria o reduccions de taxa per subministrament d&#8217;aigua i manteniment de clavegueram. Eliminarem les traves per a obrir un negoci en el nostre municipi: obrint la teva empresa en 24h des del teu m\u00f2bil. Potenciarem nous espais de treball que facilitin l&#8217;emprenedoria.Fomentarem la creaci\u00f3 de vivers empresarials. Millorarem les inversions en gesti\u00f3 tur\u00edstica.<\/p>\n<p>Creiem que una prioritat es allargar la temporada de turisme. Aix\u00ed que promocionarem Palam\u00f3s organitzant congressos, fires de mostres, campionats esportius i festes. Treballarem especialment, per a organitzar un cap de setmana LGTBI anual. Estudiarem ajudes als empresaris que obrin els seus negocis tot l\u2019any i contractin personal fora de temporada. Eliminarem duplicitats d&#8217;\u00f2rgans de gesti\u00f3 i prioritzarem la promoci\u00f3 tur\u00edstica des del municipi cofinan\u00e7ada&#8230;<span style=\"color: #ff0000;\"><strong>(excedeix les 150 paraules)<\/strong><\/span><br \/>\n[\/et_pb_blurb][et_pb_blurb title=&#8221;ESQUERRA REPUBLICANA DE CATALUNYA \u2013 ACORD MUNICIPAL (ERC-AM)&#8221; use_icon=&#8221;on&#8221; font_icon=&#8221;%%206%%&#8221; icon_color=&#8221;#EDF000&#8243; icon_placement=&#8221;left&#8221; content_max_width=&#8221;1100px&#8221; _builder_version=&#8221;3.22.7&#8243; header_font=&#8221;|700||on|||||&#8221; header_text_color=&#8221;#ecef3e&#8221; body_font=&#8221;||||||||&#8221; body_text_color=&#8221;#d8d8d8&#8243; body_font_size=&#8221;16px&#8221;]Proposem la continu\u00eftat d\u2019eixos comercials amb espais pacificats de tr\u00e0nsit; comer\u00e7 de proximitat en entorn segur i bon servei. Volem oferir opcions amb les noves tecnologies; com desplegament de wifis al carrer i creixement de l\u2019APP Palam\u00f3s amb espais autogestionats per les empreses per actualitzar ofertes, men\u00fas o oferir serveis online.<\/p>\n<p>Tamb\u00e9, seguir impulsant activitats que realcen la identitat local (cultura, esports i producte) i accions com la \u201cCampanya del vermut\u201d que enllacen comer\u00e7, restauraci\u00f3, hosteleria i ofereixen opcions en temporada mitja i baixa. Aix\u00ed mateix, en aquest sentit el treball a l\u2019entorn del patrimoni hist\u00f2ric i natural t\u00e9 una doble vessant per la gent de Palam\u00f3s refor\u00e7ant el sentiment de pertinen\u00e7a i tamb\u00e9 s\u00f3n un atractiu dels visitants. Volem ser referents del l\u2019oci a la natura activa, Palam\u00f3s amb el projecte de cam\u00ed de ronda es posiciona amb una connexi\u00f3 mar-muntanya-nucli com un tret diferenciador i de gran potencial.<br \/>\n[\/et_pb_blurb][et_pb_blurb title=&#8221;JUNTS PER CATALUNYA \u2013 PALAM\u00d3S I SANT JOAN (JXCAT-JUNTS)&#8221; use_icon=&#8221;on&#8221; font_icon=&#8221;%%206%%&#8221; icon_color=&#8221;#EDF000&#8243; icon_placement=&#8221;left&#8221; content_max_width=&#8221;1100px&#8221; _builder_version=&#8221;3.22.7&#8243; header_font=&#8221;|700||on|||||&#8221; header_text_color=&#8221;#ecef3e&#8221; body_font=&#8221;||||||||&#8221; body_text_color=&#8221;#d8d8d8&#8243; body_font_size=&#8221;16px&#8221;]<\/p>\n<p dir=\"ltr\">Cuidarem el comer\u00e7 de proximitat. Coneixem les amenaces a qu\u00e8 s\u2019enfronta i per aix\u00f2 proposem dinamitzar els carrers en activitats puntuals, propiciar la diversitat comercial evitant l\u2019exc\u00e9s d\u2019oferta unidireccional i la incentivaci\u00f3 de nous conceptes comercials emergents. Hem estudiat la viabilitat d\u2019una aplicaci\u00f3 m\u00f2bil i web (MARKET&amp;U) per facilitar i promoure la venda a dist\u00e0ncia dels productes i serveis dels negocis locals. Creiem que \u00a0l\u2019Ajuntament ha d\u2019acompanyar al negoci local en aquesta transformaci\u00f3.<\/p>\n<p dir=\"ltr\">Defensem un turisme de qualitat i desestacionalitzat, un turisme 4.0. Durant la temporada alta hem de fer dels creuers una oportunitat, per\u00f2 no ens podem tancar a d\u2019altres tipologies de turisme. La formaci\u00f3 aposta per un turisme familiar, gastron\u00f2mic i esportiu. Proposem la creaci\u00f3 de nous actes en temporada baixa que coincideixin en actes existents, com per exemple la Palam\u00f3s Christmas Market i les competicions de vela. A m\u00e9s d\u2019altres de reconeixement gastron\u00f2mic i\/o cultural.<\/p>\n<p>[\/et_pb_blurb][et_pb_blurb title=&#8221;JUNTS X PALAM\u00d3S I SANT JOAN \u2013 TOTS EMPORD\u00c0 (JXPSJ-TE)&#8221; use_icon=&#8221;on&#8221; font_icon=&#8221;%%206%%&#8221; icon_color=&#8221;#EDF000&#8243; icon_placement=&#8221;left&#8221; content_max_width=&#8221;1100px&#8221; _builder_version=&#8221;3.22.7&#8243; header_font=&#8221;|700||on|||||&#8221; header_text_color=&#8221;#ecef3e&#8221; body_font=&#8221;||||||||&#8221; body_text_color=&#8221;#d8d8d8&#8243; body_font_size=&#8221;16px&#8221;]Impulsarem una pol\u00edtica tur\u00edstica lligada al medi ambient, al territori i al patrimoni cultural. Establirem sinergies entre el sector tur\u00edstic i els altres sectors productius de la vila per crear un producte tur\u00edstic de qualitat, diferenciador, que doni valor al territori, i que ajudi a la desestacionalitzaci\u00f3 de la temporada tur\u00edstica.<\/p>\n<p>Donarem valor especialment al patrimoni arqueol\u00f2gic, posant en marxa f\u00f3rmules de treball transversal i conjunt entre diferents \u00e0rees de l&#8217;Ajuntament i donant un especial \u00e8mfasi a la nostra fa\u00e7ana mar\u00edtima.<\/p>\n<p>Potenciarem la cooperaci\u00f3 entre el sector p\u00fablic i el privat, promovent la participaci\u00f3 financera del sector privat en la transformaci\u00f3 del sector tur\u00edstic i desenvoluparem un nou model tur\u00edstic des de la defensa dels b\u00e9ns comuns i del patrimoni natural i hist\u00f2ric. Promourem l\u2019enfortiment del comer\u00e7 de proximitat. El petit comer\u00e7 ha de treure profit pel renovat inter\u00e8s dels productes i serveis de proximitat.<br \/>\n[\/et_pb_blurb][et_pb_blurb title=&#8221;PARTIT DELS SOCIALISTES DE CATALUNYA \u2013 CANDIDATURA DE PROGR\u00c9S (PSC-CP)&#8221; use_icon=&#8221;on&#8221; font_icon=&#8221;%%206%%&#8221; icon_color=&#8221;#EDF000&#8243; icon_placement=&#8221;left&#8221; content_max_width=&#8221;1100px&#8221; _builder_version=&#8221;3.22.7&#8243; header_font=&#8221;|700||on|||||&#8221; header_text_color=&#8221;#ecef3e&#8221; body_font=&#8221;||||||||&#8221; body_text_color=&#8221;#d8d8d8&#8243; body_font_size=&#8221;16px&#8221;]Aquesta candidatura ha declinat respondre a aquesta pregunta.<br \/>\n[\/et_pb_blurb][et_pb_blurb title=&#8221;PARTIDO POPULAR \/ PARTIT POPULAR (PP)&#8221; use_icon=&#8221;on&#8221; font_icon=&#8221;%%206%%&#8221; icon_color=&#8221;#EDF000&#8243; icon_placement=&#8221;left&#8221; content_max_width=&#8221;1100px&#8221; _builder_version=&#8221;3.22.7&#8243; header_font=&#8221;|700||on|||||&#8221; header_text_color=&#8221;#ecef3e&#8221; body_font=&#8221;||||||||&#8221; body_text_color=&#8221;#d8d8d8&#8243; body_font_size=&#8221;16px&#8221;]Aquesta candidatura ha declinat respondre a aquesta pregunta.<br \/>\n[\/et_pb_blurb][et_pb_blurb title=&#8221;SOMARA PALAM\u00d3S I SANT JOAN (SAP)&#8221; use_icon=&#8221;on&#8221; font_icon=&#8221;%%206%%&#8221; icon_color=&#8221;#EDF000&#8243; icon_placement=&#8221;left&#8221; content_max_width=&#8221;1100px&#8221; _builder_version=&#8221;3.22.7&#8243; header_font=&#8221;|700||on|||||&#8221; header_text_color=&#8221;#ecef3e&#8221; body_font=&#8221;||||||||&#8221; body_text_color=&#8221;#d8d8d8&#8243; body_font_size=&#8221;16px&#8221;]Proposarem un Pla pel comer\u00e7 i el turisme on volem escoltar a tothom. Internet t\u00e9 un paper per\u00f2 hem de potenciar el talent i la creativitat i reduir costos en la mesura del possible. Cal tamb\u00e9 una major especialitzaci\u00f3. Som a temps de revitalitzar el comer\u00e7 i el turisme. Cal fer una aposta per la desestacionalitzaci\u00f3. Tenim riquesa natural, cultural, patrimonial, hem d\u2019atraure convencions d\u2019empresaris i de clubs esportius. Caldr\u00e0 fer inversions en aquestes \u00e0rees.<br \/>\n[\/et_pb_blurb][\/et_pb_column][\/et_pb_row][\/et_pb_section][et_pb_section fb_built=&#8221;1&#8243; disabled_on=&#8221;off|off|off&#8221; admin_label=&#8221;TEMA 11&#8243; module_id=&#8221;tema11&#8243; _builder_version=&#8221;3.22.7&#8243; background_color=&#8221;#1a1844&#8243; background_image=&#8221;https:\/\/palamosdigital.com\/tvpalamos\/wp-content\/uploads\/2019\/05\/podcast-03.png&#8221; background_size=&#8221;initial&#8221; background_position=&#8221;top_left&#8221; custom_padding=&#8221;|||&#8221; collapsed=&#8221;on&#8221;][et_pb_row custom_padding=&#8221;80px||0px|||&#8221; custom_padding_phone=&#8221;10px|||&#8221; make_equal=&#8221;on&#8221; custom_padding_last_edited=&#8221;on|phone&#8221; padding_top_bottom_link_2=&#8221;true&#8221; _builder_version=&#8221;3.22.7&#8243; min_height=&#8221;215px&#8221; custom_margin_tablet=&#8221;||-30px&#8221; custom_margin_phone=&#8221;||-80px&#8221; custom_margin_last_edited=&#8221;on|phone&#8221;][et_pb_column type=&#8221;4_4&#8243; _builder_version=&#8221;3.14&#8243;][et_pb_text _builder_version=&#8221;3.22.7&#8243; text_font=&#8221;|600||||on|||&#8221; text_text_color=&#8221;#FFFFFF&#8221; text_font_size=&#8221;25px&#8221; header_font=&#8221;||||||||&#8221; header_text_color=&#8221;#7CDA24&#8243; header_2_font=&#8221;Lato|700|||||||&#8221; header_2_font_size=&#8221;52px&#8221; header_2_font_size_phone=&#8221;36px&#8221; header_2_font_size_last_edited=&#8221;on|phone&#8221; header_2_line_height=&#8221;1.2em&#8221; background_layout=&#8221;dark&#8221;]<\/p>\n<h2>TEMA 11 &#8211; LA SEGURETAT CIUTADANA I MOBILITAT<\/h2>\n<div>Considereu necessari ampliar la plantilla de la policia local? Cal una nova ubicaci\u00f3 per les instal\u00b7lacions policials? Cal incrementar les c\u00e0meres de vigil\u00e0ncia per millorar la seguretat? Quines mesures proposeu per millorar la mobilitat a Palam\u00f3s? Cal potenciar les l\u00ednees de bus urb\u00e0? S&#8217;han de crear m\u00e9s \u00e0rees peatonals?<\/div>\n<p>[\/et_pb_text][et_pb_divider color=&#8221;#E02B20&#8243; divider_style=&#8221;ridge&#8221; divider_weight=&#8221;5px&#8221; _builder_version=&#8221;3.22.7&#8243; max_width=&#8221;120px&#8221; custom_margin=&#8221;||20px&#8221;][\/et_pb_divider][\/et_pb_column][\/et_pb_row][et_pb_row make_equal=&#8221;on&#8221; padding_top_bottom_link_2=&#8221;true&#8221; admin_label=&#8221;Row&#8221; _builder_version=&#8221;3.22.7&#8243;][et_pb_column type=&#8221;4_4&#8243; _builder_version=&#8221;3.14&#8243;][et_pb_blurb title=&#8221;CANDIDATURA D\u2019UNITAT POPULAR \u2013 ALTERNATIVA MUNICIPALISTA (CUP-AMUNT)&#8221; use_icon=&#8221;on&#8221; font_icon=&#8221;%%206%%&#8221; icon_color=&#8221;#EDF000&#8243; icon_placement=&#8221;left&#8221; content_max_width=&#8221;1100px&#8221; _builder_version=&#8221;3.22.7&#8243; header_font=&#8221;|700||on|||||&#8221; header_text_color=&#8221;#ecef3e&#8221; body_font=&#8221;||||||||&#8221; body_text_color=&#8221;#d8d8d8&#8243; body_font_size=&#8221;16px&#8221;]No nom\u00e9s no cal ampliar la plantilla de la policia sin\u00f3 que considerem que cal anar disminuint-la a favor de mesures educatives. A tal fi, contractar educadors\/es de carrer, t\u00e8cnics\/es d&#8217;integraci\u00f3 social i agents c\u00edvics i deixar la seguretat ciutadana a mans dels Mossos d&#8217;Esquadra com a cos policial. La CUP no defensa l&#8217;\u00fas de c\u00e0meres de vigil\u00e0ncia per atemptar contra el dret a la intimitat i a la lliure circulaci\u00f3 i per no suposar una mesura efectiva ni per evitar ni per disminuir els delictes.<\/p>\n<p>Mobilitat: Volem crear la Taula de Mobilitat i redactar un Pla Local de Mobilitat. Tamb\u00e9, aplicar\u00edem mesures per dissuadir l&#8217;\u00fas del transport privat i afavorir l&#8217;\u00fas de la bicicleta i\/o el transport p\u00fablic col\u00b7lectiu. Amb la nostra aposta de Palam\u00f3s, vila verda apostem pel vianant i per una vila pensada per les persones, especialment infants, persones grans i col.lectius vulnerables.<br \/>\n[\/et_pb_blurb][et_pb_blurb title=&#8221;CIUTADANS \u2013 PARTIDO DE LA CIUDADAN\u00cdA (CS)&#8221; use_icon=&#8221;on&#8221; font_icon=&#8221;%%206%%&#8221; icon_color=&#8221;#EDF000&#8243; icon_placement=&#8221;left&#8221; content_max_width=&#8221;1100px&#8221; _builder_version=&#8221;3.22.7&#8243; header_font=&#8221;|700||on|||||&#8221; header_text_color=&#8221;#ecef3e&#8221; body_font=&#8221;||||||||&#8221; body_text_color=&#8221;#d8d8d8&#8243; body_font_size=&#8221;16px&#8221;]Garantirem la seguretat en el nostre municipi ampliant progressivament la plantilla actual com a m\u00ednim amb deu agents m\u00e9s i destinarem tots els recursos necessaris a prevenir i millorar la vida dels ciutadans. Un municipi segur \u00e9s la condici\u00f3 b\u00e0sica perqu\u00e8 els ve\u00efns desenvolupin el seu projecte vital en llibertat. Crearem la figura de l&#8217;Agent Tutor en la Policia Local per a respondre a l&#8217;amena\u00e7a de les drogues, la viol\u00e8ncia, els assalts o l&#8217;assetjament escolar en els nostres centres educatius. Ens bolcarem en la prevenci\u00f3 i detecci\u00f3 de la viol\u00e8ncia de g\u00e8nere per a oferir solucions a les dones que la pateixen.<\/p>\n<p>Connectarem la nostra ciutat amb plans de mobilitat adaptats a les noves formes de transport. Impulsarem el transport sostenible, amb mesures per a implementar millores i nous models de transport p\u00fablic i privat. Buscarem i adoptarem els plans de transport amb objectius clars i factibles, afavorint la mobilitat&#8230;<span style=\"color: #ff0000;\"><strong>(excedeix les 150 parules)<\/strong><\/span><br \/>\n[\/et_pb_blurb][et_pb_blurb title=&#8221;ESQUERRA REPUBLICANA DE CATALUNYA \u2013 ACORD MUNICIPAL (ERC-AM)&#8221; use_icon=&#8221;on&#8221; font_icon=&#8221;%%206%%&#8221; icon_color=&#8221;#EDF000&#8243; icon_placement=&#8221;left&#8221; content_max_width=&#8221;1100px&#8221; _builder_version=&#8221;3.22.7&#8243; header_font=&#8221;|700||on|||||&#8221; header_text_color=&#8221;#ecef3e&#8221; body_font=&#8221;||||||||&#8221; body_text_color=&#8221;#d8d8d8&#8243; body_font_size=&#8221;16px&#8221;]Volem impulsar mesures perqu\u00e8 la policia patrulli m\u00e9s a peu i seguir apostant per les noves tecnologies. Proposem seguir amb la instal\u00b7laci\u00f3 de c\u00e0mares com les instal\u00b7lades a la zona de mas pareras. Tamb\u00e9 propsoem seguir treballant el civisme i les tasques de prevenci\u00f3 consolidant la figura de l\u2019agent c\u00edvic, incorporant educador de carrer i servei de mediaci\u00f3 com a treball previ de ve\u00efnatge abans d\u2019arribar al jutjat.<\/p>\n<p>En el transport urb\u00e0 hem treballat millores en les freq\u00fc\u00e8ncies i les zones, aix\u00ed com, afegint descomptes pex adre\u00e7ats als joves. En mobilitat proposem acabar l&#8217;anyella de carrils bici que actualment envolta Palam\u00f3s, ramificar-los dintre la poblaci\u00f3 amb una xarxa urbana. Imaginem un Palam\u00f3s amable i obert, m\u00e9s peatonal, amb menys pressi\u00f3 de tr\u00e0nsit. Per aix\u00f2, tamb\u00e9, volem seguir amb pacificaci\u00f3 del tr\u00e0nsit i plantegem carrers amb sentit \u00fanic per<br \/>\nmillorar el tr\u00e0nsit interior i la seguretat.<br \/>\n[\/et_pb_blurb][et_pb_blurb title=&#8221;JUNTS PER CATALUNYA \u2013 PALAM\u00d3S I SANT JOAN (JXCAT-JUNTS)&#8221; use_icon=&#8221;on&#8221; font_icon=&#8221;%%206%%&#8221; icon_color=&#8221;#EDF000&#8243; icon_placement=&#8221;left&#8221; content_max_width=&#8221;1100px&#8221; _builder_version=&#8221;3.22.7&#8243; header_font=&#8221;|700||on|||||&#8221; header_text_color=&#8221;#ecef3e&#8221; body_font=&#8221;||||||||&#8221; body_text_color=&#8221;#d8d8d8&#8243; body_font_size=&#8221;16px&#8221;]<\/p>\n<p dir=\"ltr\">Considerem necessari augmentar el personal del Cos de Policia Municipal tenint en compte les possibles situacions laborals en la que es troben (baixes, accidents, indisposicions personals, etc.) evitant que el poble es quedi desprotegit per q\u00fcestions de recursos humans.Defensem un empla\u00e7ament permanent del cos de Mossos d\u2019Esquadra al poble. A m\u00e9s de col\u00b7locar c\u00e0meres de seguretat en punts pr\u00e8viament estudiats i declarats espais insegurs. Aix\u00ed com implementar un servei d\u2019assist\u00e8ncia per tal de poder prendre den\u00fancies tot l\u2019any a l\u2019oficina de policia local.<\/p>\n<p>[\/et_pb_blurb][et_pb_blurb title=&#8221;JUNTS X PALAM\u00d3S I SANT JOAN \u2013 TOTS EMPORD\u00c0 (JXPSJ-TE)&#8221; use_icon=&#8221;on&#8221; font_icon=&#8221;%%206%%&#8221; icon_color=&#8221;#EDF000&#8243; icon_placement=&#8221;left&#8221; content_max_width=&#8221;1100px&#8221; _builder_version=&#8221;3.22.7&#8243; header_font=&#8221;|700||on|||||&#8221; header_text_color=&#8221;#ecef3e&#8221; body_font=&#8221;||||||||&#8221; body_text_color=&#8221;#d8d8d8&#8243; body_font_size=&#8221;16px&#8221;]Promourem un canvi cultural en relaci\u00f3 a la mobilitat sostenible i segura mitjan\u00e7ant actuacions de formaci\u00f3 i sensibilitzaci\u00f3.<\/p>\n<p>Incorporarem a la planificaci\u00f3 urban\u00edstica i l\u2019ordenaci\u00f3 territorial l\u2019objectiu de la mobilitat sostenible com a mitj\u00e0 per a reduir la mobilitat obligada. I crearem un nou pla de mobilitat local.<\/p>\n<p>Fomentarem la recuperaci\u00f3 de l\u2019espai urb\u00e0 per a les persones, dinamitzant les places de la vila, promovent la redistribuci\u00f3 de l\u2019espai per tr\u00e0nsit rodat a espais per a vianants, ciclistes i transport p\u00fablic, per tal de reduir la congesti\u00f3, millorar la qualitat de l\u2019aire i incentivar l\u2019\u00fas d\u2019opcions de mobilitat m\u00e9s sostenibles, creant una xarxa de carrils bicis estrat\u00e9gica que connecti tot el municipi.<\/p>\n<p>Promourem una xarxa de transport p\u00fablic eficient, sostenible i coherent que permeti el despla\u00e7ament dels ciutadans i els visitants de manera coordinada i assequible. Canviant o modificant l&#8217;actual tramat i mancomunant serveis comarcals. I desenvoluparem la nova estaci\u00f3&#8230;\u00a0<span style=\"color: #e02b20;\"><strong>(excedeix les 150 paraules)<\/strong><\/span><br \/>\n[\/et_pb_blurb][et_pb_blurb title=&#8221;PARTIT DELS SOCIALISTES DE CATALUNYA \u2013 CANDIDATURA DE PROGR\u00c9S (PSC-CP)&#8221; use_icon=&#8221;on&#8221; font_icon=&#8221;%%206%%&#8221; icon_color=&#8221;#EDF000&#8243; icon_placement=&#8221;left&#8221; content_max_width=&#8221;1100px&#8221; _builder_version=&#8221;3.22.7&#8243; header_font=&#8221;|700||on|||||&#8221; header_text_color=&#8221;#ecef3e&#8221; body_font=&#8221;||||||||&#8221; body_text_color=&#8221;#d8d8d8&#8243; body_font_size=&#8221;16px&#8221;]Aquesta candidatura ha declinat respondre a aquesta pregunta.<br \/>\n[\/et_pb_blurb][et_pb_blurb title=&#8221;PARTIDO POPULAR \/ PARTIT POPULAR (PP)&#8221; use_icon=&#8221;on&#8221; font_icon=&#8221;%%206%%&#8221; icon_color=&#8221;#EDF000&#8243; icon_placement=&#8221;left&#8221; content_max_width=&#8221;1100px&#8221; _builder_version=&#8221;3.22.7&#8243; header_font=&#8221;|700||on|||||&#8221; header_text_color=&#8221;#ecef3e&#8221; body_font=&#8221;||||||||&#8221; body_text_color=&#8221;#d8d8d8&#8243; body_font_size=&#8221;16px&#8221;]Aquesta candidatura ha declinat respondre a aquesta pregunta.<br \/>\n[\/et_pb_blurb][et_pb_blurb title=&#8221;SOMARA PALAM\u00d3S I SANT JOAN (SAP)&#8221; use_icon=&#8221;on&#8221; font_icon=&#8221;%%206%%&#8221; icon_color=&#8221;#EDF000&#8243; icon_placement=&#8221;left&#8221; content_max_width=&#8221;1100px&#8221; _builder_version=&#8221;3.22.7&#8243; header_font=&#8221;|700||on|||||&#8221; header_text_color=&#8221;#ecef3e&#8221; body_font=&#8221;||||||||&#8221; body_text_color=&#8221;#d8d8d8&#8243; body_font_size=&#8221;16px&#8221;]Fa m\u00e9s d\u2019un any i mig que no es convoca la junta de seguretat local. Tenim un problema de manca de seguretat a Palam\u00f3s. Cal ser molt m\u00e9s eficient amb la plantilla que tenim. Cal tenir un regidor que s\u2019ocupi exclusivament de la seguretat. Hem de parlar amb totes les forces policials nen repercuteix la seguretat del poble.<br \/>\n[\/et_pb_blurb][\/et_pb_column][\/et_pb_row][\/et_pb_section][et_pb_section fb_built=&#8221;1&#8243; disabled_on=&#8221;off|off|off&#8221; admin_label=&#8221;TEMA 12&#8243; module_id=&#8221;tema12&#8243; _builder_version=&#8221;3.22.7&#8243; background_color=&#8221;#1a1844&#8243; background_image=&#8221;https:\/\/palamosdigital.com\/tvpalamos\/wp-content\/uploads\/2019\/05\/podcast-03.png&#8221; background_size=&#8221;initial&#8221; background_position=&#8221;top_left&#8221; custom_padding=&#8221;|||&#8221; collapsed=&#8221;on&#8221;][et_pb_row custom_padding=&#8221;80px||0px|||&#8221; custom_padding_phone=&#8221;10px|||&#8221; make_equal=&#8221;on&#8221; custom_padding_last_edited=&#8221;on|phone&#8221; padding_top_bottom_link_2=&#8221;true&#8221; _builder_version=&#8221;3.22.7&#8243; min_height=&#8221;215px&#8221; custom_margin_tablet=&#8221;||-30px&#8221; custom_margin_phone=&#8221;||-80px&#8221; custom_margin_last_edited=&#8221;on|phone&#8221;][et_pb_column type=&#8221;4_4&#8243; _builder_version=&#8221;3.14&#8243;][et_pb_text _builder_version=&#8221;3.22.7&#8243; text_font=&#8221;|600||||on|||&#8221; text_text_color=&#8221;#FFFFFF&#8221; text_font_size=&#8221;25px&#8221; header_font=&#8221;||||||||&#8221; header_text_color=&#8221;#7CDA24&#8243; header_2_font=&#8221;Lato|700|||||||&#8221; header_2_font_size=&#8221;52px&#8221; header_2_font_size_phone=&#8221;36px&#8221; header_2_font_size_last_edited=&#8221;on|phone&#8221; header_2_line_height=&#8221;1.2em&#8221; background_layout=&#8221;dark&#8221;]<\/p>\n<h2>TEMA 12 &#8211; LES ENTITATS ASSOCIATIVES DE PALAM\u00d3S<\/h2>\n<div>A Palam\u00f3s tenim la sort de disposar d&#8217;un ampli teixit associatiu. Gr\u00e0cies a moltes entitats, la majoria sense \u00e0nim de lucre, gaudim al llarg de l&#8217;any de moltes propostes esportives, socials i sobretot culturals. Quines propostes teniu per aquest sector important\u00edssim de la poblaci\u00f3?<\/div>\n<p>[\/et_pb_text][et_pb_divider color=&#8221;#E02B20&#8243; divider_style=&#8221;ridge&#8221; divider_weight=&#8221;5px&#8221; _builder_version=&#8221;3.22.7&#8243; max_width=&#8221;120px&#8221; custom_margin=&#8221;||20px&#8221;][\/et_pb_divider][\/et_pb_column][\/et_pb_row][et_pb_row make_equal=&#8221;on&#8221; padding_top_bottom_link_2=&#8221;true&#8221; admin_label=&#8221;TEMA 01&#8243; _builder_version=&#8221;3.22.7&#8243;][et_pb_column type=&#8221;4_4&#8243; _builder_version=&#8221;3.14&#8243;][et_pb_blurb title=&#8221;CANDIDATURA D\u2019UNITAT POPULAR \u2013 ALTERNATIVA MUNICIPALISTA (CUP-AMUNT)&#8221; use_icon=&#8221;on&#8221; font_icon=&#8221;%%206%%&#8221; icon_color=&#8221;#EDF000&#8243; icon_placement=&#8221;left&#8221; content_max_width=&#8221;1100px&#8221; _builder_version=&#8221;3.22.7&#8243; header_font=&#8221;|700||on|||||&#8221; header_text_color=&#8221;#ecef3e&#8221; body_font=&#8221;||||||||&#8221; body_text_color=&#8221;#d8d8d8&#8243; body_font_size=&#8221;16px&#8221;]Creiem que caldria fomentar la coordinaci\u00f3 entre associacions i entitats de la vila, afavorint el treball en xarxa. Tamb\u00e9 oferim una asseguran\u00e7a de Responsabilitat Civil general a totes les associacions, entitats i plataformes ciutadanes. Proposem adequar i garantir l&#8217;exist\u00e8ncia d&#8217;equipaments, infraestructures i espais culturals municipals que resolguin les necessitats de la ciutadania organitzada. Per la CUP, la cultura popular, el voluntariat, l&#8217;activisme pol\u00edtic i els projectes de la vila \u00e9s un dels puntals per la conviv\u00e8ncia i la cohesi\u00f3 social.<br \/>\n[\/et_pb_blurb][et_pb_blurb title=&#8221;CIUTADANS \u2013 PARTIDO DE LA CIUDADAN\u00cdA (CS)&#8221; use_icon=&#8221;on&#8221; font_icon=&#8221;%%206%%&#8221; icon_color=&#8221;#EDF000&#8243; icon_placement=&#8221;left&#8221; content_max_width=&#8221;1100px&#8221; _builder_version=&#8221;3.22.7&#8243; header_font=&#8221;|700||on|||||&#8221; header_text_color=&#8221;#ecef3e&#8221; body_font=&#8221;||||||||&#8221; body_text_color=&#8221;#d8d8d8&#8243; body_font_size=&#8221;16px&#8221;]Creiem que les associacions s\u00f3n fonamentals, des de Ciutadans potenciarem la seva gran labor, i fomentarem la seva participaci\u00f3 tant en les decisions a prendre com en les activitats del municipi. Posarem espais p\u00fablics de titularitat de l&#8217;Ajuntament a la disposici\u00f3 dels ve\u00efns i la societat civil. Promourem solucions per a garantir un aprofitament dels espais p\u00fablics de propietat de l&#8217;Ajuntament, de manera que es puguin cobrir les demandes d&#8217;associacions i col\u00b7lectius ve\u00efnals de disposar d&#8217;espais tancats i controlats per al desenvolupament de les seves activitats.<\/p>\n<p>Fomentarem una major implicaci\u00f3 ciutadana en les decisions pel municipi mitjan\u00e7ant la convocat\u00f2ries de processos participatius, perqu\u00e8 les diferents associacions de ve\u00efns, plataformes ciutadanes, entitats i altres organitzacions socials de la localitat, puguin realitzar aportacions al mateix abans de la seva aprovaci\u00f3 pel Ple. Treballarem de la ma amb totes les associacions, mantindrem reunions peri\u00f2diques i posarem en valor tot el treball que realitzen.<br \/>\n[\/et_pb_blurb][et_pb_blurb title=&#8221;ESQUERRA REPUBLICANA DE CATALUNYA \u2013 ACORD MUNICIPAL (ERC-AM)&#8221; use_icon=&#8221;on&#8221; font_icon=&#8221;%%206%%&#8221; icon_color=&#8221;#EDF000&#8243; icon_placement=&#8221;left&#8221; content_max_width=&#8221;1100px&#8221; _builder_version=&#8221;3.22.7&#8243; header_font=&#8221;|700||on|||||&#8221; header_text_color=&#8221;#ecef3e&#8221; body_font=&#8221;||||||||&#8221; body_text_color=&#8221;#d8d8d8&#8243; body_font_size=&#8221;16px&#8221;]Estar al seu costat per desenvolupar els seus projectes \u00e9s una tasca important. les entitats s\u00f3n (sou) un gran capital. Estem conven\u00e7uts tamb\u00e9, que dins els circuits administratius i de transpar\u00e8ncia podem millorar els mitjans, les formes de comunicaci\u00f3, la coordinaci\u00f3 per fer m\u00e9s f\u00e0cil la relaci\u00f3 entre teixit associatiu i administraci\u00f3.<\/p>\n<p>D\u2019altra banda, al nostre programa per exemple parlem d\u2019espais de participaci\u00f3 i comunicaci\u00f3 necessaris, i que creiem que s\u00f3n \u00fatils per a compartir recursos, inquietuds o generar interrelacions com la taula d\u2019entitats o altres espais m\u00e9s sectorials com el consell a l\u2019entorn de joventut o un espai de participaci\u00f3 per a les entitats esportives, o altres que puguin sorgir de la necessitat de les mateixes associacions.<br \/>\n[\/et_pb_blurb][et_pb_blurb title=&#8221;JUNTS PER CATALUNYA \u2013 PALAM\u00d3S I SANT JOAN (JXCAT-JUNTS)&#8221; use_icon=&#8221;on&#8221; font_icon=&#8221;%%206%%&#8221; icon_color=&#8221;#EDF000&#8243; icon_placement=&#8221;left&#8221; content_max_width=&#8221;1100px&#8221; _builder_version=&#8221;3.22.7&#8243; header_font=&#8221;|700||on|||||&#8221; header_text_color=&#8221;#ecef3e&#8221; body_font=&#8221;||||||||&#8221; body_text_color=&#8221;#d8d8d8&#8243; body_font_size=&#8221;16px&#8221;]Som conscients de la gran feina que fan les associacions del nostre poble, \u00e9s per aix\u00f2 que creiem que cal garantir que en tot moment comptin amb el recolzament necessari per a poder realitzar les seves activitats.<\/p>\n<p>Les associacions s\u00f3n agents primordials pel poble, unes grans eines de participaci\u00f3 i cohesi\u00f3 ciutadana. I per aix\u00f2 mateix tamb\u00e9 els hi volem donar veu, mitjan\u00e7ant accions de participaci\u00f3 ciutadana, especialment en els anomenats Consells de Barri. Volem ciutadans amb capacitat de decisi\u00f3 i participatius.<br \/>\n[\/et_pb_blurb][et_pb_blurb title=&#8221;JUNTS X PALAM\u00d3S I SANT JOAN \u2013 TOTS EMPORD\u00c0 (JXPSJ-TE)&#8221; use_icon=&#8221;on&#8221; font_icon=&#8221;%%206%%&#8221; icon_color=&#8221;#EDF000&#8243; icon_placement=&#8221;left&#8221; content_max_width=&#8221;1100px&#8221; _builder_version=&#8221;3.22.7&#8243; header_font=&#8221;|700||on|||||&#8221; header_text_color=&#8221;#ecef3e&#8221; body_font=&#8221;||||||||&#8221; body_text_color=&#8221;#d8d8d8&#8243; body_font_size=&#8221;16px&#8221;]El di\u00e0leg entre les administracions i les entitats i associacions ciutadanes ha de ser constant i fluid perqu\u00e8 l\u2019objectiu \u00e9s avan\u00e7ar cap a unes institucions transparents i una ciutadania ben informada que se senti, tamb\u00e9, escoltada. Elaborarem un Pla per al foment de l\u2019associacionisme i el voluntariat que, entre altres coses, haur\u00e0 d\u2019establir els mecanismes de participaci\u00f3 i control de les entitats en els afers d\u2019inter\u00e8s general de tots els palamosins.<\/p>\n<p>Les administracions p\u00fabliques han de fomentar les iniciatives que benefici\u00efn la cohesi\u00f3 social sense manipulaci\u00f3 ni interfer\u00e8ncies i sense fer clientelisme. Garantirem un finan\u00e7ament estable i segur, i realitzarem campanyes de sensibilitzaci\u00f3 perqu\u00e8 la ciutadania conegui la seva feina i es promogui l\u2019associacionisme i el voluntariat.<\/p>\n<p>Col\u00b7laborarem amb les entitats i associacions dedicades a la investigaci\u00f3, la promoci\u00f3 i la difusi\u00f3 de la cultura i la investigaci\u00f3 human\u00edstica i cient\u00edfica, especialment la que actua en xarxa per tot el&#8230;\u00a0<span style=\"color: #e02b20;\"><strong>(excedeix les 150 paraules)<\/strong><\/span><br \/>\n[\/et_pb_blurb][et_pb_blurb title=&#8221;PARTIT DELS SOCIALISTES DE CATALUNYA \u2013 CANDIDATURA DE PROGR\u00c9S (PSC-CP)&#8221; use_icon=&#8221;on&#8221; font_icon=&#8221;%%206%%&#8221; icon_color=&#8221;#EDF000&#8243; icon_placement=&#8221;left&#8221; content_max_width=&#8221;1100px&#8221; _builder_version=&#8221;3.22.7&#8243; header_font=&#8221;|700||on|||||&#8221; header_text_color=&#8221;#ecef3e&#8221; body_font=&#8221;||||||||&#8221; body_text_color=&#8221;#d8d8d8&#8243; body_font_size=&#8221;16px&#8221;]Aquesta candidatura ha declinat respondre a aquesta pregunta.<br \/>\n[\/et_pb_blurb][et_pb_blurb title=&#8221;PARTIDO POPULAR \/ PARTIT POPULAR (PP)&#8221; use_icon=&#8221;on&#8221; font_icon=&#8221;%%206%%&#8221; icon_color=&#8221;#EDF000&#8243; icon_placement=&#8221;left&#8221; content_max_width=&#8221;1100px&#8221; _builder_version=&#8221;3.22.7&#8243; header_font=&#8221;|700||on|||||&#8221; header_text_color=&#8221;#ecef3e&#8221; body_font=&#8221;||||||||&#8221; body_text_color=&#8221;#d8d8d8&#8243; body_font_size=&#8221;16px&#8221;]Aquesta candidatura ha declinat respondre a aquesta pregunta.<br \/>\n[\/et_pb_blurb][et_pb_blurb title=&#8221;SOMARA PALAM\u00d3S I SANT JOAN (SAP)&#8221; use_icon=&#8221;on&#8221; font_icon=&#8221;%%206%%&#8221; icon_color=&#8221;#EDF000&#8243; icon_placement=&#8221;left&#8221; content_max_width=&#8221;1100px&#8221; _builder_version=&#8221;3.22.7&#8243; header_font=&#8221;|700||on|||||&#8221; header_text_color=&#8221;#ecef3e&#8221; body_font=&#8221;||||||||&#8221; body_text_color=&#8221;#d8d8d8&#8243; body_font_size=&#8221;16px&#8221;]Potenciar l\u2019associacionisme i reivindicar la seva bona feina d\u2019aquest teixit associatiu que veu com cada any neixen noves entitats o associacions. Com a SomAra Palam\u00f3s i Sant Joan volem crear una llar d\u2019entitats a una nova pla\u00e7a major de l poble a l\u2019antic camp de futbol. Tamb\u00e9 hi encabir\u00edem la llar de la Gent Gran i un espai Jove.<br \/>\n[\/et_pb_blurb][\/et_pb_column][\/et_pb_row][\/et_pb_section]<\/p>\n","protected":false},"excerpt":{"rendered":"<p>CANAL ELECCIONS PREGUNTES TEM\u00c0TIQUES &nbsp; El dimecres 15 de maig v\u00e0rem preguntar als candidats sobre dotze temes d&#8217;inter\u00e8s, de caire local. Les &#8220;regles del joc&#8221; eren dues: un m\u00e0xim de 150 paraules per cada tema (per tal que tots els textes publicats gaudeixin de les mateixes condicions d&#8217;igualtat). I que la tramesa per mail es [&hellip;]<\/p>\n","protected":false},"author":1,"featured_media":0,"parent":0,"menu_order":0,"comment_status":"closed","ping_status":"closed","template":"page-template-fullwidth.php","meta":{"_et_pb_use_builder":"on","_et_pb_old_content":"","_et_gb_content_width":"","footnotes":""},"class_list":["post-574","page","type-page","status-publish","hentry"],"_links":{"self":[{"href":"https:\/\/palamosdigital.com\/tvpalamos\/wp-json\/wp\/v2\/pages\/574","targetHints":{"allow":["GET"]}}],"collection":[{"href":"https:\/\/palamosdigital.com\/tvpalamos\/wp-json\/wp\/v2\/pages"}],"about":[{"href":"https:\/\/palamosdigital.com\/tvpalamos\/wp-json\/wp\/v2\/types\/page"}],"author":[{"embeddable":true,"href":"https:\/\/palamosdigital.com\/tvpalamos\/wp-json\/wp\/v2\/users\/1"}],"replies":[{"embeddable":true,"href":"https:\/\/palamosdigital.com\/tvpalamos\/wp-json\/wp\/v2\/comments?post=574"}],"version-history":[{"count":99,"href":"https:\/\/palamosdigital.com\/tvpalamos\/wp-json\/wp\/v2\/pages\/574\/revisions"}],"predecessor-version":[{"id":3406,"href":"https:\/\/palamosdigital.com\/tvpalamos\/wp-json\/wp\/v2\/pages\/574\/revisions\/3406"}],"wp:attachment":[{"href":"https:\/\/palamosdigital.com\/tvpalamos\/wp-json\/wp\/v2\/media?parent=574"}],"curies":[{"name":"wp","href":"https:\/\/api.w.org\/{rel}","templated":true}]}}